{"id":6822,"date":"2026-04-18T20:54:35","date_gmt":"2026-04-18T18:54:35","guid":{"rendered":"https:\/\/www.vitalibera.org\/community\/?page_id=6822"},"modified":"2026-04-28T18:46:43","modified_gmt":"2026-04-28T16:46:43","slug":"alltagsnavigation","status":"publish","type":"page","link":"http:\/\/www.vitalibera.org\/community\/alltagsnavigation\/","title":{"rendered":"Alltagsnavigation"},"content":{"rendered":"\n<p><\/p>\n\n\n\n<p><\/p>\n\n\n\n<p><\/p>\n\n\n\n<figure><img decoding=\"async\" src=\"https:\/\/www.vitalibera.org\/community\/wp-content\/uploads\/2026\/04\/alltagnavi.png\" alt=\"\"><\/figure>\n\n<p>Strategien zur Alltagsnavigation helfen dabei, den eigenen Tag bewusst zu gestalten, statt sich von Anforderungen treiben zu lassen. Sie bieten Orientierung, wenn vieles gleichzeitig passiert, und schaffen kleine Ankerpunkte, die Klarheit und Stabilit&auml;t geben.<\/p>\n\n\n<p>Diese Strategien unterst&uuml;tzen dabei, Priorit&auml;ten zu setzen, Energie einzuteilen und &Uuml;berforderung fr&uuml;h zu erkennen.<\/p>\n\n\n<p>Alltagsnavigation bedeutet nicht, alles zu schaffen, sondern den eigenen Kurs zu bestimmen &ndash; Schritt f&uuml;r Schritt, im eigenen Tempo, mit Raum f&uuml;r Pausen und Anpassungen.<\/p>\n<p>Nutze unsere <a href=\"https:\/\/www.vitalibera.org\/community\/suche\/\">Suchmaschine<\/a> um nach gew&uuml;nschten Artikeln zu suchen.<\/p>\n\n\n\n<p><!-- Slider main container --><br>\n\t\t<!-- Additional required wrapper --><br>\n\t\t\t<!-- Slides --><br>\n\t\t\t\tAlltagsnavigation<br>\n\t\t\t\t\t<img decoding=\"async\" loading=\"lazy\" alt=\"Unterforderung wird oft &uuml;bersehen\" src=\"http:\/\/www.vitalibera.org\/community\/wp-content\/uploads\/2026\/04\/e988c022a576e367148cddb6b64542ba-199x300.jpg\"><br>\n\t\t<a href=\"https:\/\/www.vitalibera.org\/community\/2026\/04\/19\/unterforderung-wird-oft-uebersehen\/\" aria-hidden=\"true\"><\/a><br>\n\t\t\t<a href=\"https:\/\/www.vitalibera.org\/community\/2026\/04\/19\/unterforderung-wird-oft-uebersehen\/\" aria-hidden=\"true\"><br>\n\t\t\t\tUnterforderung wird oft &uuml;bersehen\t\t\t<\/a><br>\n\t\t\t\t\t<svg><br>\n\t\t\t\t\t\t<use xlink:href=\"#icon-anwp-pg-calendar\"><\/use><br>\n\t\t\t\t\t<\/svg><br>\n\t\t\t\t\tPosted on<time datetime=\"2026-04-19T09:37:52+02:00\">19 April, 2026<\/time><time datetime=\"2026-04-19T09:39:11+02:00\">19 April, 2026<\/time><br>\n\t\t\t\t\t\t<svg><br>\n\t\t\t\t\t\t\t<use xlink:href=\"#icon-anwp-pg-comment-discussion\"><\/use><br>\n\t\t\t\t\t\t<\/svg><br>\n\t\t\t\t\t\t0<br>\n\t\t\t\tUnterforderung wird oft &uuml;bersehen &ndash; dabei bremst sie genauso wie &Uuml;berforderung. Wenn Aufgaben zu leicht sind oder zu wenig Raum f&uuml;r eigene Entscheidungen lassen, verliert man Energie, Fokus und Selbstvertrauen. &hellip;<br>\n\t\t\t\tAlltagsnavigation<br>\n\t\t\t\t\t<img decoding=\"async\" loading=\"lazy\" alt=\"Alle reden auf mich ein &ndash; aber meine Entscheidungen treffe ich selbst\" src=\"http:\/\/www.vitalibera.org\/community\/wp-content\/uploads\/2026\/04\/toomuch-276x300.jpg\"><br>\n\t\t<a href=\"https:\/\/www.vitalibera.org\/community\/2026\/04\/18\/alle-reden-auf-mich-ein-aber-meine-entscheidungen-treffe-ich-selbst\/\" aria-hidden=\"true\"><\/a><br>\n\t\t\t<a href=\"https:\/\/www.vitalibera.org\/community\/2026\/04\/18\/alle-reden-auf-mich-ein-aber-meine-entscheidungen-treffe-ich-selbst\/\" aria-hidden=\"true\"><br>\n\t\t\t\tAlle reden auf mich ein &ndash; aber meine Entscheidungen treffe ich selbst\t\t\t<\/a><br>\n\t\t\t\t\t<svg><br>\n\t\t\t\t\t\t<use xlink:href=\"#icon-anwp-pg-calendar\"><\/use><br>\n\t\t\t\t\t<\/svg><br>\n\t\t\t\t\tPosted on<time datetime=\"2026-04-18T21:53:39+02:00\">18 April, 2026<\/time><time datetime=\"2026-04-18T21:54:53+02:00\">18 April, 2026<\/time><br>\n\t\t\t\t\t\t<svg><br>\n\t\t\t\t\t\t\t<use xlink:href=\"#icon-anwp-pg-comment-discussion\"><\/use><br>\n\t\t\t\t\t\t<\/svg><br>\n\t\t\t\t\t\t0<br>\n\t\t\t\tAlle reden auf mich ein &ndash; aber meine Entscheidungen treffe ich selbst. Ich lasse mich nicht &uuml;berrollen. Ich h&ouml;re zu, wenn ich will. Ich stoppe, wenn es zu viel wird. &hellip;<br>\n\t\t\t\tAlltagsnavigation<br>\n\t\t\t\t\t<img decoding=\"async\" loading=\"lazy\" alt=\"Neurologische Grenzen, die niemand sieht\" src=\"http:\/\/www.vitalibera.org\/community\/wp-content\/uploads\/2026\/04\/barr22441.png\"><br>\n\t\t<a href=\"https:\/\/www.vitalibera.org\/community\/2026\/04\/18\/neurologische-grenzen-die-niemand-sieht\/\" aria-hidden=\"true\"><\/a><br>\n\t\t\t<a href=\"https:\/\/www.vitalibera.org\/community\/2026\/04\/18\/neurologische-grenzen-die-niemand-sieht\/\" aria-hidden=\"true\"><br>\n\t\t\t\tNeurologische Grenzen, die niemand sieht\t\t\t<\/a><br>\n\t\t\t\t\t<svg><br>\n\t\t\t\t\t\t<use xlink:href=\"#icon-anwp-pg-calendar\"><\/use><br>\n\t\t\t\t\t<\/svg><br>\n\t\t\t\t\tPosted on<time datetime=\"2026-04-18T12:24:51+02:00\">18 April, 2026<\/time><time datetime=\"2026-04-18T20:45:20+02:00\">18 April, 2026<\/time><br>\n\t\t\t\t\t\t<svg><br>\n\t\t\t\t\t\t\t<use xlink:href=\"#icon-anwp-pg-comment-discussion\"><\/use><br>\n\t\t\t\t\t\t<\/svg><br>\n\t\t\t\t\t\t0<br>\n\t\t\t\tManchmal liegt die gr&ouml;&szlig;te H&uuml;rde nicht in unserem K&ouml;rper oder unserem Gehirn, sondern in der Welt um uns herum. In Formularen, Erwartungen, Abl&auml;ufen und Blicken, die uns klein machen. Nicht &hellip;<br>\n\t\t\t\tAlltagsnavigation<br>\n\t\t\t\t\t<img decoding=\"async\" loading=\"lazy\" alt=\"Das Ereignis war gross. Aber mein Ich ist gr&ouml;sser!\" src=\"http:\/\/www.vitalibera.org\/community\/wp-content\/uploads\/2026\/04\/Copilot_20260418_114210-300x300.png\"><br>\n\t\t<a href=\"https:\/\/www.vitalibera.org\/community\/2026\/04\/18\/das-ereignis-war-gross-aber-mein-ich-ist-groesser\/\" aria-hidden=\"true\"><\/a><br>\n\t\t\t<a href=\"https:\/\/www.vitalibera.org\/community\/2026\/04\/18\/das-ereignis-war-gross-aber-mein-ich-ist-groesser\/\" aria-hidden=\"true\"><br>\n\t\t\t\tDas Ereignis war gross. Aber mein Ich ist gr&ouml;sser!\t\t\t<\/a><br>\n\t\t\t\t\t<svg><br>\n\t\t\t\t\t\t<use xlink:href=\"#icon-anwp-pg-calendar\"><\/use><br>\n\t\t\t\t\t<\/svg><br>\n\t\t\t\t\tPosted on<time datetime=\"2026-04-18T11:46:52+02:00\">18 April, 2026<\/time><time datetime=\"2026-04-18T21:08:08+02:00\">18 April, 2026<\/time><br>\n\t\t\t\t\t\t<svg><br>\n\t\t\t\t\t\t\t<use xlink:href=\"#icon-anwp-pg-comment-discussion\"><\/use><br>\n\t\t\t\t\t\t<\/svg><br>\n\t\t\t\t\t\t0<br>\n\t\t\t\t&ldquo;Mein Ich bleibt &ndash; auch wenn mein Gehirn sich ver&auml;ndert.&ldquo; Ein neurologisches Schicksal ver&auml;ndert nicht dein Ich, sondern deine Bedingungen &ndash; dein Tempo, deine Energie, deine Ausdrucksweise, deine Routinen. Das &hellip;<br>\n\t\t\t\tAlltagsnavigation<br>\n\t\t\t\t\t<img decoding=\"async\" loading=\"lazy\" alt=\"Warum Austausch mit anderen Betroffenen so wichtig ist\" src=\"http:\/\/www.vitalibera.org\/community\/wp-content\/uploads\/2026\/04\/3.png\"><br>\n\t\t<a href=\"https:\/\/www.vitalibera.org\/community\/2026\/04\/17\/warum-austausch-mit-anderen-betroffenen-so-wichtig-ist\/\" aria-hidden=\"true\"><\/a><br>\n\t\t\t<a href=\"https:\/\/www.vitalibera.org\/community\/2026\/04\/17\/warum-austausch-mit-anderen-betroffenen-so-wichtig-ist\/\" aria-hidden=\"true\"><br>\n\t\t\t\tWarum Austausch mit anderen Betroffenen so wichtig ist\t\t\t<\/a><br>\n\t\t\t\t\t<svg><br>\n\t\t\t\t\t\t<use xlink:href=\"#icon-anwp-pg-calendar\"><\/use><br>\n\t\t\t\t\t<\/svg><br>\n\t\t\t\t\tPosted on<time datetime=\"2026-04-17T21:40:06+02:00\">17 April, 2026<\/time><time datetime=\"2026-04-18T21:08:24+02:00\">18 April, 2026<\/time><br>\n\t\t\t\t\t\t<svg><br>\n\t\t\t\t\t\t\t<use xlink:href=\"#icon-anwp-pg-comment-discussion\"><\/use><br>\n\t\t\t\t\t\t<\/svg><br>\n\t\t\t\t\t\t0<br>\n\t\t\t\tDer Austausch mit anderen Betroffenen ist kein &bdquo;Nice to have&ldquo;, sondern ein zentraler Teil der neurologischen Rehabilitation. Er wirkt auf Bereiche, die kein Arzt, keine Therapie und kein Angeh&ouml;riger in &hellip;<br>\n\t\t\t\tAlltagsnavigation<br>\n\t\t\t\t\t<img decoding=\"async\" loading=\"lazy\" alt=\"Trotz Einschr&auml;nkung &ndash; bei Bedrohungen richtig handeln\" src=\"http:\/\/www.vitalibera.org\/community\/wp-content\/uploads\/2026\/04\/bedroh7.png\"><br>\n\t\t<a href=\"https:\/\/www.vitalibera.org\/community\/2026\/04\/17\/trotz-einschraenkung-bei-bedrohungen-richtig-handeln\/\" aria-hidden=\"true\"><\/a><br>\n\t\t\t<a href=\"https:\/\/www.vitalibera.org\/community\/2026\/04\/17\/trotz-einschraenkung-bei-bedrohungen-richtig-handeln\/\" aria-hidden=\"true\"><br>\n\t\t\t\tTrotz Einschr&auml;nkung &ndash; bei Bedrohungen richtig handeln\t\t\t<\/a><br>\n\t\t\t\t\t<svg><br>\n\t\t\t\t\t\t<use xlink:href=\"#icon-anwp-pg-calendar\"><\/use><br>\n\t\t\t\t\t<\/svg><br>\n\t\t\t\t\tPosted on<time datetime=\"2026-04-17T12:03:53+02:00\">17 April, 2026<\/time><time datetime=\"2026-04-18T21:08:55+02:00\">18 April, 2026<\/time><br>\n\t\t\t\t\t\t<svg><br>\n\t\t\t\t\t\t\t<use xlink:href=\"#icon-anwp-pg-comment-discussion\"><\/use><br>\n\t\t\t\t\t\t<\/svg><br>\n\t\t\t\t\t\t0<br>\n\t\t\t\tWenn du eine k&ouml;rperliche, neurologische oder sensorische Einschr&auml;nkung hast, brauchst du keine heroischen Notfallpl&auml;ne, sondern realistische, machbare Schritte, die dein Nervensystem sch&uuml;tzen und trotzdem Sicherheit geben. &bdquo;Ich handle nicht perfekt &hellip;<br>\n\t\t\t\tAlltagsnavigation<br>\n\t\t\t\t\t<img decoding=\"async\" loading=\"lazy\" alt=\"Richtig reagieren bei Brandausbruch trotz Einschr&auml;nkung\" src=\"http:\/\/www.vitalibera.org\/community\/wp-content\/uploads\/2026\/04\/feuer6.png\"><br>\n\t\t<a href=\"https:\/\/www.vitalibera.org\/community\/2026\/04\/16\/richtig-reagieren-bei-brandausbruch-trotz-einschraenkung\/\" aria-hidden=\"true\"><\/a><br>\n\t\t\t<a href=\"https:\/\/www.vitalibera.org\/community\/2026\/04\/16\/richtig-reagieren-bei-brandausbruch-trotz-einschraenkung\/\" aria-hidden=\"true\"><br>\n\t\t\t\tRichtig reagieren bei Brandausbruch trotz Einschr&auml;nkung\t\t\t<\/a><br>\n\t\t\t\t\t<svg><br>\n\t\t\t\t\t\t<use xlink:href=\"#icon-anwp-pg-calendar\"><\/use><br>\n\t\t\t\t\t<\/svg><br>\n\t\t\t\t\tPosted on<time datetime=\"2026-04-16T22:39:34+02:00\">16 April, 2026<\/time><time datetime=\"2026-04-18T21:12:51+02:00\">18 April, 2026<\/time><br>\n\t\t\t\tEin Brand ist f&uuml;r jeden eine Ausnahmesituation &ndash; und f&uuml;r Menschen mit eingeschr&auml;nkter Mobilit&auml;t erst recht. Doch Sicherheit entsteht nicht aus Schnelligkeit, sondern aus Klarheit. Wenn Bewegungen langsamer sind, Hilfsmittel &hellip;<br>\n\t\t\t\tAlltagsnavigation<br>\n\t\t\t\t\t<img decoding=\"async\" loading=\"lazy\" alt=\"Neurohelden &ndash; Unsichtbar stark!\" src=\"http:\/\/www.vitalibera.org\/community\/wp-content\/uploads\/2026\/04\/neurohelden.png\"><br>\n\t\t<a href=\"https:\/\/www.vitalibera.org\/community\/2026\/04\/16\/neurohelden-unsichtbar-stark\/\" aria-hidden=\"true\"><\/a><br>\n\t\t\t<a href=\"https:\/\/www.vitalibera.org\/community\/2026\/04\/16\/neurohelden-unsichtbar-stark\/\" aria-hidden=\"true\"><br>\n\t\t\t\tNeurohelden &ndash; Unsichtbar stark!\t\t\t<\/a><br>\n\t\t\t\t\t<svg><br>\n\t\t\t\t\t\t<use xlink:href=\"#icon-anwp-pg-calendar\"><\/use><br>\n\t\t\t\t\t<\/svg><br>\n\t\t\t\t\tPosted on<time datetime=\"2026-04-16T20:16:05+02:00\">16 April, 2026<\/time><time datetime=\"2026-04-18T21:23:46+02:00\">18 April, 2026<\/time><br>\n\t\t\t\tNeurologische Schicksale geh&ouml;ren ins Licht &ndash; nicht in die Schublade Neurohelden sind Menschen, deren Leben durch ein neurologisches Ereignis ersch&uuml;ttert wurde &ndash; und die trotzdem weitermachen. Nicht, weil sie &bdquo;stark&ldquo; &hellip;<br>\n\t\t\t\tAlltagsnavigation<br>\n\t\t\t\t\t<img decoding=\"async\" loading=\"lazy\" alt=\"Mein Alltag. Mein Schutz &ndash; Selbstschutz beginnt im Alltag\" src=\"http:\/\/www.vitalibera.org\/community\/wp-content\/uploads\/2026\/04\/selbstschutz.png\"><br>\n\t\t<a href=\"https:\/\/www.vitalibera.org\/community\/2026\/04\/16\/mein-alltag-mein-schutz-selbstschutz-beginnt-im-alltag\/\" aria-hidden=\"true\"><\/a><br>\n\t\t\t<a href=\"https:\/\/www.vitalibera.org\/community\/2026\/04\/16\/mein-alltag-mein-schutz-selbstschutz-beginnt-im-alltag\/\" aria-hidden=\"true\"><br>\n\t\t\t\tMein Alltag. Mein Schutz &ndash; Selbstschutz beginnt im Alltag\t\t\t<\/a><br>\n\t\t\t\t\t<svg><br>\n\t\t\t\t\t\t<use xlink:href=\"#icon-anwp-pg-calendar\"><\/use><br>\n\t\t\t\t\t<\/svg><br>\n\t\t\t\t\tPosted on<time datetime=\"2026-04-16T19:29:58+02:00\">16 April, 2026<\/time><time datetime=\"2026-04-18T21:24:18+02:00\">18 April, 2026<\/time><br>\n\t\t\t\t\t\t<svg><br>\n\t\t\t\t\t\t\t<use xlink:href=\"#icon-anwp-pg-comment-discussion\"><\/use><br>\n\t\t\t\t\t\t<\/svg><br>\n\t\t\t\t\t\t0<br>\n\t\t\t\tNach einem neurologischen Ereignis braucht dein Nervensystem Schutz, Struktur und Entlastung. Die Forschung zeigt, dass <a href=\"http:\/\/www.vitalibera.org\/community\/2026\/04\/19\/wenn-reize-laut-werden-und-menschen-leise\/\">Betroffene<\/a> in der fr&uuml;hen und mittleren Reha&#8209;Phase besonders von klaren Routinen, Reizreduktion und angepasster Belastung &hellip;<br>\n\t\t\t\tAlltagsnavigation<br>\n\t\t\t\t\t<img decoding=\"async\" loading=\"lazy\" alt=\"Mein Nein sch&uuml;tzt mein Nervensystem\" src=\"http:\/\/www.vitalibera.org\/community\/wp-content\/uploads\/2026\/04\/2ef25648bc7af1cc678f979e7c45a853-235x300.jpg\"><br>\n\t\t<a href=\"https:\/\/www.vitalibera.org\/community\/2026\/04\/16\/mein-nein-schuetzt-mein-nervensystem\/\" aria-hidden=\"true\"><\/a><br>\n\t\t\t<a href=\"https:\/\/www.vitalibera.org\/community\/2026\/04\/16\/mein-nein-schuetzt-mein-nervensystem\/\" aria-hidden=\"true\"><br>\n\t\t\t\tMein Nein sch&uuml;tzt mein Nervensystem\t\t\t<\/a><br>\n\t\t\t\t\t<svg><br>\n\t\t\t\t\t\t<use xlink:href=\"#icon-anwp-pg-calendar\"><\/use><br>\n\t\t\t\t\t<\/svg><br>\n\t\t\t\t\tPosted on<time datetime=\"2026-04-16T17:49:33+02:00\">16 April, 2026<\/time><time datetime=\"2026-04-18T21:24:38+02:00\">18 April, 2026<\/time><br>\n\t\t\t\t\t\t<svg><br>\n\t\t\t\t\t\t\t<use xlink:href=\"#icon-anwp-pg-comment-discussion\"><\/use><br>\n\t\t\t\t\t\t<\/svg><br>\n\t\t\t\t\t\t0<br>\n\t\t\t\tNach einer neurologischen Erkrankung ver&auml;ndert sich nicht nur der K&ouml;rper &ndash; auch die Art, wie man Grenzen setzt, wird neu. Viele Betroffene sagen &bdquo;Ja&ldquo;, obwohl sie innerlich l&auml;ngst am Limit &hellip;<br>\n\t\t\t\tAlltagsnavigation<br>\n\t\t\t\t\t<img decoding=\"async\" loading=\"lazy\" alt=\"Nervensystem im Alarm: Was jetzt wirklich hilft\" src=\"http:\/\/www.vitalibera.org\/community\/wp-content\/uploads\/2026\/04\/38.png\"><br>\n\t\t<a href=\"https:\/\/www.vitalibera.org\/community\/2026\/04\/16\/nervensystem-im-alarm-was-jetzt-wirklich-hilft\/\" aria-hidden=\"true\"><\/a><br>\n\t\t\t<a href=\"https:\/\/www.vitalibera.org\/community\/2026\/04\/16\/nervensystem-im-alarm-was-jetzt-wirklich-hilft\/\" aria-hidden=\"true\"><br>\n\t\t\t\tNervensystem im Alarm: Was jetzt wirklich hilft\t\t\t<\/a><br>\n\t\t\t\t\t<svg><br>\n\t\t\t\t\t\t<use xlink:href=\"#icon-anwp-pg-calendar\"><\/use><br>\n\t\t\t\t\t<\/svg><br>\n\t\t\t\t\tPosted on<time datetime=\"2026-04-16T16:57:04+02:00\">16 April, 2026<\/time><time datetime=\"2026-04-18T21:25:27+02:00\">18 April, 2026<\/time><br>\n\t\t\t\t\t\t<svg><br>\n\t\t\t\t\t\t\t<use xlink:href=\"#icon-anwp-pg-comment-discussion\"><\/use><br>\n\t\t\t\t\t\t<\/svg><br>\n\t\t\t\t\t\t0<br>\n\t\t\t\tManchmal wird alles zu viel: die Anforderungen, die Briefe, die Erwartungen anderer. Das Nervensystem zieht sich zusammen, der Kopf wird eng, der K&ouml;rper m&uuml;de. In solchen Momenten braucht es keine &hellip;<\/p>\n\n\n<p><\/p>\n","protected":false},"excerpt":{"rendered":"<p>Strategien zur Alltagsnavigation helfen dabei, den eigenen Tag bewusst zu gestalten, statt sich von Anforderungen treiben zu lassen. Sie bieten Orientierung, wenn vieles gleichzeitig passiert, und schaffen kleine Ankerpunkte, die Klarheit und Stabilit\u00e4t geben. Diese Strategien unterst\u00fctzen dabei, Priorit\u00e4ten zu setzen, Energie einzuteilen und \u00dcberforderung fr\u00fch zu erkennen. Alltagsnavigation bedeutet nicht, alles zu schaffen, sondern &#8230; <a title=\"Alltagsnavigation\" class=\"read-more\" href=\"http:\/\/www.vitalibera.org\/community\/alltagsnavigation\/\" aria-label=\"Mehr Informationen \u00fcber Alltagsnavigation\">Weiterlesen<\/a><\/p>\n","protected":false},"author":1,"featured_media":0,"parent":0,"menu_order":0,"comment_status":"closed","ping_status":"closed","template":"","meta":{"cybocfi_hide_featured_image":"","footnotes":""},"categories":[],"tags":[],"class_list":["post-6822","page","type-page","status-publish"],"yoast_head":"<!-- This site is optimized with the Yoast SEO plugin v27.4 - https:\/\/yoast.com\/product\/yoast-seo-wordpress\/ -->\r\n<title>Alltagsnavigation - vitalibera.org<\/title>\r\n<meta name=\"robots\" content=\"index, follow, max-snippet:-1, max-image-preview:large, max-video-preview:-1\" \/>\r\n<link rel=\"canonical\" href=\"https:\/\/www.vitalibera.org\/community\/alltagsnavigation\/\" \/>\r\n<meta property=\"og:locale\" content=\"de_DE\" \/>\r\n<meta property=\"og:type\" content=\"article\" \/>\r\n<meta property=\"og:title\" content=\"Alltagsnavigation - vitalibera.org\" \/>\r\n<meta property=\"og:description\" content=\"Strategien zur Alltagsnavigation helfen dabei, den eigenen Tag bewusst zu gestalten, statt sich von Anforderungen treiben zu lassen. Sie bieten Orientierung, wenn vieles gleichzeitig passiert, und schaffen kleine Ankerpunkte, die Klarheit und Stabilit\u00e4t geben. Diese Strategien unterst\u00fctzen dabei, Priorit\u00e4ten zu setzen, Energie einzuteilen und \u00dcberforderung fr\u00fch zu erkennen. Alltagsnavigation bedeutet nicht, alles zu schaffen, sondern ... Weiterlesen\" \/>\r\n<meta property=\"og:url\" content=\"https:\/\/www.vitalibera.org\/community\/alltagsnavigation\/\" \/>\r\n<meta property=\"og:site_name\" content=\"vitalibera.org\" \/>\r\n<meta property=\"article:publisher\" content=\"https:\/\/www.facebook.com\/groups\/2997085857140235\" \/>\r\n<meta property=\"article:modified_time\" content=\"2026-04-28T16:46:43+00:00\" \/>\r\n<meta property=\"og:image\" content=\"https:\/\/www.vitalibera.org\/community\/wp-content\/uploads\/2026\/04\/alltagnavi.png\" \/>\r\n<meta name=\"twitter:card\" content=\"summary_large_image\" \/>\r\n<meta name=\"twitter:label1\" content=\"Gesch\u00e4tzte Lesezeit\" \/>\n\t<meta name=\"twitter:data1\" content=\"6\u00a0Minuten\" \/>\r\n<script type=\"application\/ld+json\" class=\"yoast-schema-graph\">{\"@context\":\"https:\\\/\\\/schema.org\",\"@graph\":[{\"@type\":\"WebPage\",\"@id\":\"https:\\\/\\\/www.vitalibera.org\\\/community\\\/alltagsnavigation\\\/\",\"url\":\"https:\\\/\\\/www.vitalibera.org\\\/community\\\/alltagsnavigation\\\/\",\"name\":\"Alltagsnavigation - vitalibera.org\",\"isPartOf\":{\"@id\":\"https:\\\/\\\/www.vitalibera.org\\\/community\\\/#website\"},\"primaryImageOfPage\":{\"@id\":\"https:\\\/\\\/www.vitalibera.org\\\/community\\\/alltagsnavigation\\\/#primaryimage\"},\"image\":{\"@id\":\"https:\\\/\\\/www.vitalibera.org\\\/community\\\/alltagsnavigation\\\/#primaryimage\"},\"thumbnailUrl\":\"https:\\\/\\\/www.vitalibera.org\\\/community\\\/wp-content\\\/uploads\\\/2026\\\/04\\\/alltagnavi.png\",\"datePublished\":\"2026-04-18T18:54:35+00:00\",\"dateModified\":\"2026-04-28T16:46:43+00:00\",\"breadcrumb\":{\"@id\":\"https:\\\/\\\/www.vitalibera.org\\\/community\\\/alltagsnavigation\\\/#breadcrumb\"},\"inLanguage\":\"de\",\"potentialAction\":[{\"@type\":\"ReadAction\",\"target\":[\"https:\\\/\\\/www.vitalibera.org\\\/community\\\/alltagsnavigation\\\/\"]}]},{\"@type\":\"ImageObject\",\"inLanguage\":\"de\",\"@id\":\"https:\\\/\\\/www.vitalibera.org\\\/community\\\/alltagsnavigation\\\/#primaryimage\",\"url\":\"http:\\\/\\\/www.vitalibera.org\\\/community\\\/wp-content\\\/uploads\\\/2026\\\/04\\\/alltagnavi.png\",\"contentUrl\":\"http:\\\/\\\/www.vitalibera.org\\\/community\\\/wp-content\\\/uploads\\\/2026\\\/04\\\/alltagnavi.png\",\"width\":300,\"height\":300},{\"@type\":\"BreadcrumbList\",\"@id\":\"https:\\\/\\\/www.vitalibera.org\\\/community\\\/alltagsnavigation\\\/#breadcrumb\",\"itemListElement\":[{\"@type\":\"ListItem\",\"position\":1,\"name\":\"Startseite\",\"item\":\"https:\\\/\\\/www.vitalibera.org\\\/community\\\/\"},{\"@type\":\"ListItem\",\"position\":2,\"name\":\"Alltagsnavigation\"}]},{\"@type\":\"WebSite\",\"@id\":\"https:\\\/\\\/www.vitalibera.org\\\/community\\\/#website\",\"url\":\"https:\\\/\\\/www.vitalibera.org\\\/community\\\/\",\"name\":\"vitalibera.org\",\"description\":\"Mit einer Einschr&auml;nkung gestaltet sich das Leben im Alltag oft schwieriger - hier berichten wir &uuml;ber unsere Erfahrungen und Hilfsmittel um den Alltag so unbeschwert und unkompliziert wie nur m&ouml;glich geniessen zu k&ouml;nnen. Dabei richten wir unseren Fokus gezielt auf Selbst&auml;ndigkeit, Eigenst&auml;ndigkeit und Selbstbestimmung.\",\"publisher\":{\"@id\":\"https:\\\/\\\/www.vitalibera.org\\\/community\\\/#organization\"},\"potentialAction\":[{\"@type\":\"SearchAction\",\"target\":{\"@type\":\"EntryPoint\",\"urlTemplate\":\"https:\\\/\\\/www.vitalibera.org\\\/community\\\/?s={search_term_string}\"},\"query-input\":{\"@type\":\"PropertyValueSpecification\",\"valueRequired\":true,\"valueName\":\"search_term_string\"}}],\"inLanguage\":\"de\"},{\"@type\":\"Organization\",\"@id\":\"https:\\\/\\\/www.vitalibera.org\\\/community\\\/#organization\",\"name\":\"vitalibera.org\",\"url\":\"https:\\\/\\\/www.vitalibera.org\\\/community\\\/\",\"logo\":{\"@type\":\"ImageObject\",\"inLanguage\":\"de\",\"@id\":\"https:\\\/\\\/www.vitalibera.org\\\/community\\\/#\\\/schema\\\/logo\\\/image\\\/\",\"url\":\"http:\\\/\\\/www.vitalibera.org\\\/community\\\/wp-content\\\/uploads\\\/2025\\\/09\\\/cropped-banner.png\",\"contentUrl\":\"http:\\\/\\\/www.vitalibera.org\\\/community\\\/wp-content\\\/uploads\\\/2025\\\/09\\\/cropped-banner.png\",\"width\":991,\"height\":150,\"caption\":\"vitalibera.org\"},\"image\":{\"@id\":\"https:\\\/\\\/www.vitalibera.org\\\/community\\\/#\\\/schema\\\/logo\\\/image\\\/\"},\"sameAs\":[\"https:\\\/\\\/www.facebook.com\\\/groups\\\/2997085857140235\"]}]}<\/script>\r\n<!-- \/ Yoast SEO plugin. -->","yoast_head_json":{"title":"Alltagsnavigation - vitalibera.org","robots":{"index":"index","follow":"follow","max-snippet":"max-snippet:-1","max-image-preview":"max-image-preview:large","max-video-preview":"max-video-preview:-1"},"canonical":"https:\/\/www.vitalibera.org\/community\/alltagsnavigation\/","og_locale":"de_DE","og_type":"article","og_title":"Alltagsnavigation - vitalibera.org","og_description":"Strategien zur Alltagsnavigation helfen dabei, den eigenen Tag bewusst zu gestalten, statt sich von Anforderungen treiben zu lassen. Sie bieten Orientierung, wenn vieles gleichzeitig passiert, und schaffen kleine Ankerpunkte, die Klarheit und Stabilit\u00e4t geben. Diese Strategien unterst\u00fctzen dabei, Priorit\u00e4ten zu setzen, Energie einzuteilen und \u00dcberforderung fr\u00fch zu erkennen. Alltagsnavigation bedeutet nicht, alles zu schaffen, sondern ... Weiterlesen","og_url":"https:\/\/www.vitalibera.org\/community\/alltagsnavigation\/","og_site_name":"vitalibera.org","article_publisher":"https:\/\/www.facebook.com\/groups\/2997085857140235","article_modified_time":"2026-04-28T16:46:43+00:00","og_image":[{"url":"https:\/\/www.vitalibera.org\/community\/wp-content\/uploads\/2026\/04\/alltagnavi.png","type":"","width":"","height":""}],"twitter_card":"summary_large_image","twitter_misc":{"Gesch\u00e4tzte Lesezeit":"6\u00a0Minuten"},"schema":{"@context":"https:\/\/schema.org","@graph":[{"@type":"WebPage","@id":"https:\/\/www.vitalibera.org\/community\/alltagsnavigation\/","url":"https:\/\/www.vitalibera.org\/community\/alltagsnavigation\/","name":"Alltagsnavigation - vitalibera.org","isPartOf":{"@id":"https:\/\/www.vitalibera.org\/community\/#website"},"primaryImageOfPage":{"@id":"https:\/\/www.vitalibera.org\/community\/alltagsnavigation\/#primaryimage"},"image":{"@id":"https:\/\/www.vitalibera.org\/community\/alltagsnavigation\/#primaryimage"},"thumbnailUrl":"https:\/\/www.vitalibera.org\/community\/wp-content\/uploads\/2026\/04\/alltagnavi.png","datePublished":"2026-04-18T18:54:35+00:00","dateModified":"2026-04-28T16:46:43+00:00","breadcrumb":{"@id":"https:\/\/www.vitalibera.org\/community\/alltagsnavigation\/#breadcrumb"},"inLanguage":"de","potentialAction":[{"@type":"ReadAction","target":["https:\/\/www.vitalibera.org\/community\/alltagsnavigation\/"]}]},{"@type":"ImageObject","inLanguage":"de","@id":"https:\/\/www.vitalibera.org\/community\/alltagsnavigation\/#primaryimage","url":"http:\/\/www.vitalibera.org\/community\/wp-content\/uploads\/2026\/04\/alltagnavi.png","contentUrl":"http:\/\/www.vitalibera.org\/community\/wp-content\/uploads\/2026\/04\/alltagnavi.png","width":300,"height":300},{"@type":"BreadcrumbList","@id":"https:\/\/www.vitalibera.org\/community\/alltagsnavigation\/#breadcrumb","itemListElement":[{"@type":"ListItem","position":1,"name":"Startseite","item":"https:\/\/www.vitalibera.org\/community\/"},{"@type":"ListItem","position":2,"name":"Alltagsnavigation"}]},{"@type":"WebSite","@id":"https:\/\/www.vitalibera.org\/community\/#website","url":"https:\/\/www.vitalibera.org\/community\/","name":"vitalibera.org","description":"Mit einer Einschr&auml;nkung gestaltet sich das Leben im Alltag oft schwieriger - hier berichten wir &uuml;ber unsere Erfahrungen und Hilfsmittel um den Alltag so unbeschwert und unkompliziert wie nur m&ouml;glich geniessen zu k&ouml;nnen. Dabei richten wir unseren Fokus gezielt auf Selbst&auml;ndigkeit, Eigenst&auml;ndigkeit und Selbstbestimmung.","publisher":{"@id":"https:\/\/www.vitalibera.org\/community\/#organization"},"potentialAction":[{"@type":"SearchAction","target":{"@type":"EntryPoint","urlTemplate":"https:\/\/www.vitalibera.org\/community\/?s={search_term_string}"},"query-input":{"@type":"PropertyValueSpecification","valueRequired":true,"valueName":"search_term_string"}}],"inLanguage":"de"},{"@type":"Organization","@id":"https:\/\/www.vitalibera.org\/community\/#organization","name":"vitalibera.org","url":"https:\/\/www.vitalibera.org\/community\/","logo":{"@type":"ImageObject","inLanguage":"de","@id":"https:\/\/www.vitalibera.org\/community\/#\/schema\/logo\/image\/","url":"http:\/\/www.vitalibera.org\/community\/wp-content\/uploads\/2025\/09\/cropped-banner.png","contentUrl":"http:\/\/www.vitalibera.org\/community\/wp-content\/uploads\/2025\/09\/cropped-banner.png","width":991,"height":150,"caption":"vitalibera.org"},"image":{"@id":"https:\/\/www.vitalibera.org\/community\/#\/schema\/logo\/image\/"},"sameAs":["https:\/\/www.facebook.com\/groups\/2997085857140235"]}]}},"jetpack_sharing_enabled":true,"jetpack-related-posts":[],"_links":{"self":[{"href":"http:\/\/www.vitalibera.org\/community\/wp-json\/wp\/v2\/pages\/6822","targetHints":{"allow":["GET"]}}],"collection":[{"href":"http:\/\/www.vitalibera.org\/community\/wp-json\/wp\/v2\/pages"}],"about":[{"href":"http:\/\/www.vitalibera.org\/community\/wp-json\/wp\/v2\/types\/page"}],"author":[{"embeddable":true,"href":"http:\/\/www.vitalibera.org\/community\/wp-json\/wp\/v2\/users\/1"}],"replies":[{"embeddable":true,"href":"http:\/\/www.vitalibera.org\/community\/wp-json\/wp\/v2\/comments?post=6822"}],"version-history":[{"count":14,"href":"http:\/\/www.vitalibera.org\/community\/wp-json\/wp\/v2\/pages\/6822\/revisions"}],"predecessor-version":[{"id":7025,"href":"http:\/\/www.vitalibera.org\/community\/wp-json\/wp\/v2\/pages\/6822\/revisions\/7025"}],"wp:attachment":[{"href":"http:\/\/www.vitalibera.org\/community\/wp-json\/wp\/v2\/media?parent=6822"}],"wp:term":[{"taxonomy":"category","embeddable":true,"href":"http:\/\/www.vitalibera.org\/community\/wp-json\/wp\/v2\/categories?post=6822"},{"taxonomy":"post_tag","embeddable":true,"href":"http:\/\/www.vitalibera.org\/community\/wp-json\/wp\/v2\/tags?post=6822"}],"curies":[{"name":"wp","href":"https:\/\/api.w.org\/{rel}","templated":true}]}}