{"id":3729,"date":"2025-10-26T13:00:53","date_gmt":"2025-10-26T12:00:53","guid":{"rendered":"https:\/\/www.vitalibera.org\/community\/?post_type=encyclopedia&#038;p=3729"},"modified":"2025-10-26T13:00:53","modified_gmt":"2025-10-26T12:00:53","slug":"amyotrophe-lateralsklerose-als","status":"publish","type":"encyclopedia","link":"https:\/\/www.vitalibera.org\/community\/enzyklopaedie\/amyotrophe-lateralsklerose-als\/","title":{"rendered":"Amyotrophe Lateralsklerose (ALS)"},"content":{"rendered":"<div id=\"1102\" class=\"mb40 container__narrow\">\n<p>&nbsp;<\/p>\n<p>Pro Jahr erkranken etwa ein bis zwei von 100.000 Personen an ALS. Die Krankheit beginnt meistens zwischen dem 50. und 70. Lebensjahr, nur selten sind j&uuml;ngere Erwachsene betroffen. M&auml;nner erkranken etwas &ouml;fter als Frauen (1,6:1). Die H&auml;ufigkeit der ALS scheint weltweit etwas zuzunehmen. Das Krankheitstempo ist bei den einzelnen Patienten sehr unterschiedlich, die Lebenserwartung ist verk&uuml;rzt.<\/p>\n<p>Die ALS betrifft nahezu ausschlie&szlig;lich das motorische Nervensystem. Die Empfindung f&uuml;r Ber&uuml;hrung, Schmerz und Temperatur, das Sehen, H&ouml;ren, Riechen und Schmecken, die Funktionen von Blase und Darm bleiben in den meisten F&auml;llen normal. Leichtgradige, meist nur in speziellen Tests feststellbare Einschr&auml;nkungen der geistigen Leistungsf&auml;higkeit k&ouml;nnen auftreten, etwa 5 % der Patienten entwickeln das Bild einer frontotemporalen <a href=\"https:\/\/www.vitalibera.org\/community\/enzyklopaedie\/demenz\/\" target=\"_self\" title=\"Als Demenz bezeichnet man ein&nbsp;neurologisches Krankheitsbild, das durch den progredienten Verlust kognitiver F&auml;higkeiten gekennzeichnet ist. In sp&auml;teren Krankheitsstadien kommt es in der Folge zu einem Verlust der Alltagskompetenz und zu einem Pers&ouml;nlichkeitszerfall.\" class=\"encyclopedia\">Demenz<\/a> mit Auff&auml;lligkeiten im Bereich der Kognition und des Verhaltens.<\/p>\n<\/div>\n<div id=\"6431\" class=\"mb40\">\n<div class=\"row\">\n<div class=\"col-sm-6\">\n<h2 class=\"h2\"><\/h2>\n<\/div>\n<\/div>\n<\/div>\n","protected":false},"excerpt":{"rendered":"<p>&nbsp; Pro Jahr erkranken etwa ein bis zwei von 100.000 Personen an ALS. Die Krankheit beginnt meistens zwischen dem 50. und 70. Lebensjahr, nur selten sind j\u00fcngere Erwachsene betroffen. M\u00e4nner erkranken etwas \u00f6fter als Frauen (1,6:1). Die H\u00e4ufigkeit der ALS scheint weltweit etwas zuzunehmen. Das Krankheitstempo ist bei den einzelnen Patienten sehr unterschiedlich, die Lebenserwartung &#8230; <a title=\"Amyotrophe Lateralsklerose (ALS)\" class=\"read-more\" href=\"https:\/\/www.vitalibera.org\/community\/enzyklopaedie\/amyotrophe-lateralsklerose-als\/\" aria-label=\"Mehr Informationen \u00fcber Amyotrophe Lateralsklerose (ALS)\">Weiterlesen<\/a><\/p>\n","protected":false},"author":1,"template":"","encyclopedia-tag":[],"class_list":["post-3729","encyclopedia","type-encyclopedia","status-publish","hentry"],"yoast_head":"<!-- This site is optimized with the Yoast SEO plugin v27.4 - https:\/\/yoast.com\/product\/yoast-seo-wordpress\/ -->\r\n<title>Amyotrophe Lateralsklerose (ALS) - vitalibera.org<\/title>\r\n<meta name=\"description\" content=\"Die Amyotrophe Lateralsklerose ist eine sehr ernste Erkrankung des zentralen und peripheren Nervensystems. Sie ist seit mehr als 100 Jahren bekannt und kommt weltweit vor. Ihre Ursache ist mit Ausnahme der seltenen erblichen Formen bisher unbekannt. Die Abk\u00fcrzung f\u00fcr Amyotrophe Lateralsklerose ist ALS. Die Krankheit ALS hat nichts mit MS (Multiple Sklerose) zu tun, es handelt sich um zwei v\u00f6llig unterschiedliche Erkrankungen.\" \/>\r\n<meta name=\"robots\" content=\"index, follow, max-snippet:-1, max-image-preview:large, max-video-preview:-1\" \/>\r\n<link rel=\"canonical\" href=\"http:\/\/www.vitalibera.org\/community\/enzyklopaedie\/amyotrophe-lateralsklerose-als\/\" \/>\r\n<meta property=\"og:locale\" content=\"de_DE\" \/>\r\n<meta property=\"og:type\" content=\"article\" \/>\r\n<meta property=\"og:title\" content=\"Amyotrophe Lateralsklerose (ALS) - vitalibera.org\" \/>\r\n<meta property=\"og:description\" content=\"Die Amyotrophe Lateralsklerose ist eine sehr ernste Erkrankung des zentralen und peripheren Nervensystems. Sie ist seit mehr als 100 Jahren bekannt und kommt weltweit vor. Ihre Ursache ist mit Ausnahme der seltenen erblichen Formen bisher unbekannt. Die Abk\u00fcrzung f\u00fcr Amyotrophe Lateralsklerose ist ALS. Die Krankheit ALS hat nichts mit MS (Multiple Sklerose) zu tun, es handelt sich um zwei v\u00f6llig unterschiedliche Erkrankungen.\" \/>\r\n<meta property=\"og:url\" content=\"http:\/\/www.vitalibera.org\/community\/enzyklopaedie\/amyotrophe-lateralsklerose-als\/\" \/>\r\n<meta property=\"og:site_name\" content=\"vitalibera.org\" \/>\r\n<meta property=\"article:publisher\" content=\"https:\/\/www.facebook.com\/groups\/2997085857140235\" \/>\r\n<meta name=\"twitter:card\" content=\"summary_large_image\" \/>\r\n<meta name=\"twitter:label1\" content=\"Gesch\u00e4tzte Lesezeit\" \/>\n\t<meta name=\"twitter:data1\" content=\"1\u00a0Minute\" \/>\r\n<script type=\"application\/ld+json\" class=\"yoast-schema-graph\">{\"@context\":\"https:\\\/\\\/schema.org\",\"@graph\":[{\"@type\":\"WebPage\",\"@id\":\"http:\\\/\\\/www.vitalibera.org\\\/community\\\/enzyklopaedie\\\/amyotrophe-lateralsklerose-als\\\/\",\"url\":\"http:\\\/\\\/www.vitalibera.org\\\/community\\\/enzyklopaedie\\\/amyotrophe-lateralsklerose-als\\\/\",\"name\":\"Amyotrophe Lateralsklerose (ALS) - vitalibera.org\",\"isPartOf\":{\"@id\":\"https:\\\/\\\/www.vitalibera.org\\\/community\\\/#website\"},\"datePublished\":\"2025-10-26T12:00:53+00:00\",\"description\":\"Die Amyotrophe Lateralsklerose ist eine sehr ernste Erkrankung des zentralen und peripheren Nervensystems. Sie ist seit mehr als 100 Jahren bekannt und kommt weltweit vor. Ihre Ursache ist mit Ausnahme der seltenen erblichen Formen bisher unbekannt. Die Abk\u00fcrzung f\u00fcr Amyotrophe Lateralsklerose ist ALS. Die Krankheit ALS hat nichts mit MS (Multiple Sklerose) zu tun, es handelt sich um zwei v\u00f6llig unterschiedliche Erkrankungen.\",\"breadcrumb\":{\"@id\":\"http:\\\/\\\/www.vitalibera.org\\\/community\\\/enzyklopaedie\\\/amyotrophe-lateralsklerose-als\\\/#breadcrumb\"},\"inLanguage\":\"de\",\"potentialAction\":[{\"@type\":\"ReadAction\",\"target\":[\"http:\\\/\\\/www.vitalibera.org\\\/community\\\/enzyklopaedie\\\/amyotrophe-lateralsklerose-als\\\/\"]}]},{\"@type\":\"BreadcrumbList\",\"@id\":\"http:\\\/\\\/www.vitalibera.org\\\/community\\\/enzyklopaedie\\\/amyotrophe-lateralsklerose-als\\\/#breadcrumb\",\"itemListElement\":[{\"@type\":\"ListItem\",\"position\":1,\"name\":\"Startseite\",\"item\":\"https:\\\/\\\/www.vitalibera.org\\\/community\\\/\"},{\"@type\":\"ListItem\",\"position\":2,\"name\":\"Glossar\",\"item\":\"https:\\\/\\\/www.vitalibera.org\\\/community\\\/enzyklopaedie\\\/\"},{\"@type\":\"ListItem\",\"position\":3,\"name\":\"Amyotrophe Lateralsklerose (ALS)\"}]},{\"@type\":\"WebSite\",\"@id\":\"https:\\\/\\\/www.vitalibera.org\\\/community\\\/#website\",\"url\":\"https:\\\/\\\/www.vitalibera.org\\\/community\\\/\",\"name\":\"vitalibera.org\",\"description\":\"Mit einer Einschr&auml;nkung gestaltet sich das Leben im Alltag oft schwieriger - hier berichten wir &uuml;ber unsere Erfahrungen und Hilfsmittel um den Alltag so unbeschwert und unkompliziert wie nur m&ouml;glich geniessen zu k&ouml;nnen. Dabei richten wir unseren Fokus gezielt auf Selbst&auml;ndigkeit, Eigenst&auml;ndigkeit und Selbstbestimmung.\",\"publisher\":{\"@id\":\"https:\\\/\\\/www.vitalibera.org\\\/community\\\/#organization\"},\"potentialAction\":[{\"@type\":\"SearchAction\",\"target\":{\"@type\":\"EntryPoint\",\"urlTemplate\":\"https:\\\/\\\/www.vitalibera.org\\\/community\\\/?s={search_term_string}\"},\"query-input\":{\"@type\":\"PropertyValueSpecification\",\"valueRequired\":true,\"valueName\":\"search_term_string\"}}],\"inLanguage\":\"de\"},{\"@type\":\"Organization\",\"@id\":\"https:\\\/\\\/www.vitalibera.org\\\/community\\\/#organization\",\"name\":\"vitalibera.org\",\"url\":\"https:\\\/\\\/www.vitalibera.org\\\/community\\\/\",\"logo\":{\"@type\":\"ImageObject\",\"inLanguage\":\"de\",\"@id\":\"https:\\\/\\\/www.vitalibera.org\\\/community\\\/#\\\/schema\\\/logo\\\/image\\\/\",\"url\":\"https:\\\/\\\/www.vitalibera.org\\\/community\\\/wp-content\\\/uploads\\\/2025\\\/09\\\/cropped-banner.png\",\"contentUrl\":\"https:\\\/\\\/www.vitalibera.org\\\/community\\\/wp-content\\\/uploads\\\/2025\\\/09\\\/cropped-banner.png\",\"width\":991,\"height\":150,\"caption\":\"vitalibera.org\"},\"image\":{\"@id\":\"https:\\\/\\\/www.vitalibera.org\\\/community\\\/#\\\/schema\\\/logo\\\/image\\\/\"},\"sameAs\":[\"https:\\\/\\\/www.facebook.com\\\/groups\\\/2997085857140235\"]}]}<\/script>\r\n<!-- \/ Yoast SEO plugin. -->","yoast_head_json":{"title":"Amyotrophe Lateralsklerose (ALS) - vitalibera.org","description":"Die Amyotrophe Lateralsklerose ist eine sehr ernste Erkrankung des zentralen und peripheren Nervensystems. Sie ist seit mehr als 100 Jahren bekannt und kommt weltweit vor. Ihre Ursache ist mit Ausnahme der seltenen erblichen Formen bisher unbekannt. Die Abk\u00fcrzung f\u00fcr Amyotrophe Lateralsklerose ist ALS. Die Krankheit ALS hat nichts mit MS (Multiple Sklerose) zu tun, es handelt sich um zwei v\u00f6llig unterschiedliche Erkrankungen.","robots":{"index":"index","follow":"follow","max-snippet":"max-snippet:-1","max-image-preview":"max-image-preview:large","max-video-preview":"max-video-preview:-1"},"canonical":"http:\/\/www.vitalibera.org\/community\/enzyklopaedie\/amyotrophe-lateralsklerose-als\/","og_locale":"de_DE","og_type":"article","og_title":"Amyotrophe Lateralsklerose (ALS) - vitalibera.org","og_description":"Die Amyotrophe Lateralsklerose ist eine sehr ernste Erkrankung des zentralen und peripheren Nervensystems. Sie ist seit mehr als 100 Jahren bekannt und kommt weltweit vor. Ihre Ursache ist mit Ausnahme der seltenen erblichen Formen bisher unbekannt. Die Abk\u00fcrzung f\u00fcr Amyotrophe Lateralsklerose ist ALS. Die Krankheit ALS hat nichts mit MS (Multiple Sklerose) zu tun, es handelt sich um zwei v\u00f6llig unterschiedliche Erkrankungen.","og_url":"http:\/\/www.vitalibera.org\/community\/enzyklopaedie\/amyotrophe-lateralsklerose-als\/","og_site_name":"vitalibera.org","article_publisher":"https:\/\/www.facebook.com\/groups\/2997085857140235","twitter_card":"summary_large_image","twitter_misc":{"Gesch\u00e4tzte Lesezeit":"1\u00a0Minute"},"schema":{"@context":"https:\/\/schema.org","@graph":[{"@type":"WebPage","@id":"http:\/\/www.vitalibera.org\/community\/enzyklopaedie\/amyotrophe-lateralsklerose-als\/","url":"http:\/\/www.vitalibera.org\/community\/enzyklopaedie\/amyotrophe-lateralsklerose-als\/","name":"Amyotrophe Lateralsklerose (ALS) - vitalibera.org","isPartOf":{"@id":"https:\/\/www.vitalibera.org\/community\/#website"},"datePublished":"2025-10-26T12:00:53+00:00","description":"Die Amyotrophe Lateralsklerose ist eine sehr ernste Erkrankung des zentralen und peripheren Nervensystems. Sie ist seit mehr als 100 Jahren bekannt und kommt weltweit vor. Ihre Ursache ist mit Ausnahme der seltenen erblichen Formen bisher unbekannt. Die Abk\u00fcrzung f\u00fcr Amyotrophe Lateralsklerose ist ALS. Die Krankheit ALS hat nichts mit MS (Multiple Sklerose) zu tun, es handelt sich um zwei v\u00f6llig unterschiedliche Erkrankungen.","breadcrumb":{"@id":"http:\/\/www.vitalibera.org\/community\/enzyklopaedie\/amyotrophe-lateralsklerose-als\/#breadcrumb"},"inLanguage":"de","potentialAction":[{"@type":"ReadAction","target":["http:\/\/www.vitalibera.org\/community\/enzyklopaedie\/amyotrophe-lateralsklerose-als\/"]}]},{"@type":"BreadcrumbList","@id":"http:\/\/www.vitalibera.org\/community\/enzyklopaedie\/amyotrophe-lateralsklerose-als\/#breadcrumb","itemListElement":[{"@type":"ListItem","position":1,"name":"Startseite","item":"https:\/\/www.vitalibera.org\/community\/"},{"@type":"ListItem","position":2,"name":"Glossar","item":"https:\/\/www.vitalibera.org\/community\/enzyklopaedie\/"},{"@type":"ListItem","position":3,"name":"Amyotrophe Lateralsklerose (ALS)"}]},{"@type":"WebSite","@id":"https:\/\/www.vitalibera.org\/community\/#website","url":"https:\/\/www.vitalibera.org\/community\/","name":"vitalibera.org","description":"Mit einer Einschr&auml;nkung gestaltet sich das Leben im Alltag oft schwieriger - hier berichten wir &uuml;ber unsere Erfahrungen und Hilfsmittel um den Alltag so unbeschwert und unkompliziert wie nur m&ouml;glich geniessen zu k&ouml;nnen. Dabei richten wir unseren Fokus gezielt auf Selbst&auml;ndigkeit, Eigenst&auml;ndigkeit und Selbstbestimmung.","publisher":{"@id":"https:\/\/www.vitalibera.org\/community\/#organization"},"potentialAction":[{"@type":"SearchAction","target":{"@type":"EntryPoint","urlTemplate":"https:\/\/www.vitalibera.org\/community\/?s={search_term_string}"},"query-input":{"@type":"PropertyValueSpecification","valueRequired":true,"valueName":"search_term_string"}}],"inLanguage":"de"},{"@type":"Organization","@id":"https:\/\/www.vitalibera.org\/community\/#organization","name":"vitalibera.org","url":"https:\/\/www.vitalibera.org\/community\/","logo":{"@type":"ImageObject","inLanguage":"de","@id":"https:\/\/www.vitalibera.org\/community\/#\/schema\/logo\/image\/","url":"https:\/\/www.vitalibera.org\/community\/wp-content\/uploads\/2025\/09\/cropped-banner.png","contentUrl":"https:\/\/www.vitalibera.org\/community\/wp-content\/uploads\/2025\/09\/cropped-banner.png","width":991,"height":150,"caption":"vitalibera.org"},"image":{"@id":"https:\/\/www.vitalibera.org\/community\/#\/schema\/logo\/image\/"},"sameAs":["https:\/\/www.facebook.com\/groups\/2997085857140235"]}]}},"jetpack_sharing_enabled":true,"_links":{"self":[{"href":"https:\/\/www.vitalibera.org\/community\/wp-json\/wp\/v2\/encyclopedia\/3729","targetHints":{"allow":["GET"]}}],"collection":[{"href":"https:\/\/www.vitalibera.org\/community\/wp-json\/wp\/v2\/encyclopedia"}],"about":[{"href":"https:\/\/www.vitalibera.org\/community\/wp-json\/wp\/v2\/types\/encyclopedia"}],"author":[{"embeddable":true,"href":"https:\/\/www.vitalibera.org\/community\/wp-json\/wp\/v2\/users\/1"}],"wp:attachment":[{"href":"https:\/\/www.vitalibera.org\/community\/wp-json\/wp\/v2\/media?parent=3729"}],"wp:term":[{"taxonomy":"encyclopedia-tag","embeddable":true,"href":"https:\/\/www.vitalibera.org\/community\/wp-json\/wp\/v2\/encyclopedia-tag?post=3729"}],"curies":[{"name":"wp","href":"https:\/\/api.w.org\/{rel}","templated":true}]}}