{"id":4237,"date":"2025-11-14T17:39:25","date_gmt":"2025-11-14T16:39:25","guid":{"rendered":"https:\/\/www.vitalibera.org\/community\/?post_type=encyclopedia&#038;p=4237"},"modified":"2025-11-14T17:39:25","modified_gmt":"2025-11-14T16:39:25","slug":"praefrontale-cortex","status":"publish","type":"encyclopedia","link":"https:\/\/www.vitalibera.org\/community\/enzyklopaedie\/praefrontale-cortex\/","title":{"rendered":"pr\u00e4frontale Cortex"},"content":{"rendered":"<div class=\"WaaZC\">\n<div class=\"rPeykc\" data-hveid=\"CCoQAQ\" data-ved=\"2ahUKEwiC_9iWifKQAxWX9QIHHfNBN7UQo_EKegQIKhAB\"><span data-huuid=\"4528624726364978120\">Der pr&auml;frontale <a href=\"https:\/\/www.vitalibera.org\/community\/enzyklopaedie\/cortex\/\" target=\"_self\" title=\"Cortex bedeutet&nbsp;Rinde&nbsp;und bezeichnet die &auml;u&szlig;ere Schicht eines Organs oder einer Struktur, wie der Gro&szlig;hirnrinde (Cortex cerebri) oder der Nebennierenrinde.&nbsp;Im medizinischen Kontext bezieht sich der Begriff oft auf die Gro&szlig;hirnrinde, die f&uuml;r h&ouml;here kognitive Funktionen wie Denken, Erinnerung und Sprachverarbeitung zust&auml;ndig ist.&nbsp;Auch in der Botanik und Zoologie wird Cortex f&uuml;r die &auml;u&szlig;ere Gewebeschicht verwendet.&nbsp;&nbsp; Medizinische Beispiele&hellip;\" class=\"encyclopedia\">Cortex<\/a> (PFC) ist der vordere Teil des <a href=\"https:\/\/www.vitalibera.org\/community\/enzyklopaedie\/frontallappen\/\" target=\"_self\" title=\"Der Frontallappen, auch Stirnlappen oder&nbsp;Lobus frontalis, ist der gr&ouml;&szlig;te Hirnlappen, der sich im vorderen Teil des Gehirns befindet, direkt hinter der Stirn. Er steuert wichtige Funktionen wie die Planung und Ausf&uuml;hrung von Handlungen, die Kontrolle erlernter Bewegungen (Motorik) sowie komplexe kognitive Prozesse wie Sprache, Denken, Probleml&ouml;sen und Konzentration. Hauptfunktionen Motorik:&nbsp;Steuert Willk&uuml;rbewegungen und erlernte motorische F&auml;higkeiten&hellip;\" class=\"encyclopedia\">Frontallappen<\/a>s im Gehirn und f&uuml;r h&ouml;here kognitive Funktionen wie Planung, Entscheidungsfindung, Arbeitsged&auml;chtnis und die Steuerung des eigenen Verhaltens verantwortlich.&nbsp;<\/span><span data-huuid=\"4528624726364978401\">Er ist entscheidend f&uuml;r exekutive Funktionen, die F&auml;higkeit zur Handlungsplanung, Konzentration und die soziale sowie emotionale Regulation.&nbsp;<\/span><span data-huuid=\"4528624726364978682\">Da er erst sp&auml;t reift, sind die meisten dieser F&auml;higkeiten bis ins fr&uuml;he Erwachsenenalter noch nicht voll ausgebildet.&nbsp;<\/span><span data-huuid=\"4528624726364975148\"><span class=\"pjBG2e\" data-cid=\"b90b7991-7c3a-436a-9b5b-4b4ee0b37b3c\"><span class=\"UV3uM\">&nbsp;<\/span><\/span><\/span>\n<div class=\"NPrrbc\" data-cid=\"b90b7991-7c3a-436a-9b5b-4b4ee0b37b3c\" data-uuids=\"4528624726364978120,4528624726364978401,4528624726364978682,4528624726364975148\">\n<div class=\"BMebGe btku5b LwdV0e FR7ZSc OJeuxf\" tabindex=\"0\" role=\"button\" aria-label=\"Weitere Informationen anzeigen\" data-hveid=\"CCEQAQ\" data-ved=\"2ahUKEwiC_9iWifKQAxWX9QIHHfNBN7UQ3fYKegQIIRAB\">\n<div class=\"niO4u\"><\/div>\n<\/div>\n<\/div>\n<\/div>\n<\/div>\n<div class=\"WaaZC\">\n<div class=\"rPeykc uP58nb rWIipd\" role=\"heading\" aria-level=\"3\" data-hveid=\"CBYQAQ\" data-ved=\"2ahUKEwiC_9iWifKQAxWX9QIHHfNBN7UQo_EKegQIFhAB\"><span data-huuid=\"4528624726364975710\">Anatomie und Lage<\/span><\/div>\n<\/div>\n<div class=\"WaaZC\">\n<ul data-hveid=\"CC8QAQ\" data-ved=\"2ahUKEwiC_9iWifKQAxWX9QIHHfNBN7UQm_YKegQILxAB\">\n<li><span data-huuid=\"4528624726364976553\">Der PFC liegt an der Stirnseite des Gehirns und ist der vorderste Teil des <a href=\"https:\/\/www.vitalibera.org\/community\/enzyklopaedie\/frontallappen\/\" target=\"_self\" title=\"Der Frontallappen, auch Stirnlappen oder&nbsp;Lobus frontalis, ist der gr&ouml;&szlig;te Hirnlappen, der sich im vorderen Teil des Gehirns befindet, direkt hinter der Stirn. Er steuert wichtige Funktionen wie die Planung und Ausf&uuml;hrung von Handlungen, die Kontrolle erlernter Bewegungen (Motorik) sowie komplexe kognitive Prozesse wie Sprache, Denken, Probleml&ouml;sen und Konzentration. Hauptfunktionen Motorik:&nbsp;Steuert Willk&uuml;rbewegungen und erlernte motorische F&auml;higkeiten&hellip;\" class=\"encyclopedia\">Frontallappen<\/a>s.<span class=\"pjBG2e\" data-cid=\"4eaf57f9-6013-4f79-8407-ef3556e57ce6\"><span class=\"UV3uM\">&nbsp;<\/span><\/span><\/span><\/li>\n<li><span data-huuid=\"4528624726364977115\">Er ist ein Integrationszentrum, das Informationen aus verschiedenen Gehirnregionen zusammenf&uuml;hrt, um Handlungen zu planen und Emotionen zu regulieren.<\/span><\/li>\n<\/ul>\n<\/div>\n<div class=\"WaaZC\">\n<div class=\"rPeykc uP58nb rWIipd\" role=\"heading\" aria-level=\"3\" data-hveid=\"CBQQAQ\" data-ved=\"2ahUKEwiC_9iWifKQAxWX9QIHHfNBN7UQo_EKegQIFBAB\"><span data-huuid=\"4528624726364977677\">Funktionen<\/span><\/div>\n<\/div>\n<div class=\"WaaZC\">\n<ul>\n<li><span data-huuid=\"4528624726364978520\"><strong>Exekutive Funktionen:<\/strong>&nbsp;<\/span><span data-huuid=\"4528624726364978801\">Steuerung des eigenen Verhaltens, Planung, Priorisierung und komplexe Denkprozesse.<span class=\"pjBG2e\" data-cid=\"159ec9ca-fa9e-4a6c-b014-bbe4dfc9b106\"><span class=\"UV3uM\">&nbsp;<\/span><\/span><\/span><\/li>\n<li><span data-huuid=\"4528624726364975267\"><strong>Arbeitsged&auml;chtnis:<\/strong>&nbsp;<\/span><span data-huuid=\"4528624726364975548\">Beinhaltet das Kurzzeitged&auml;chtnis und die F&auml;higkeit, Informationen f&uuml;r eine bestimmte Zeit zu behalten und zu verarbeiten.<span class=\"pjBG2e\" data-cid=\"7b3f0d97-7650-4a1a-ba7e-48e362f1a28d\"><span class=\"UV3uM\">&nbsp;<\/span><\/span><\/span><\/li>\n<li><span data-huuid=\"4528624726364976110\"><strong>Impulskontrolle:<\/strong>&nbsp;<\/span><span data-huuid=\"4528624726364976391\">Dient der Kontrolle von Trieben und impulsiven Reaktionen.<\/span><\/li>\n<li><span data-huuid=\"4528624726364976953\"><strong>Emotionsregulation:<\/strong>&nbsp;<\/span><span data-huuid=\"4528624726364977234\">Hilft, emotionale Reaktionen zu bewerten und zu steuern.<\/span><\/li>\n<li><span data-huuid=\"4528624726364977796\"><strong>Soziales und ethisches Verhalten:<\/strong>&nbsp;<\/span><span data-huuid=\"4528624726364978077\">Erm&ouml;glicht angemessenes Verhalten in sozialen Situationen und ist wichtig f&uuml;r moralische Entscheidungen.<\/span><\/li>\n<li><span data-huuid=\"4528624726364978639\"><strong>Aufmerksamkeit:<\/strong>&nbsp;<\/span><span data-huuid=\"4528624726364978920\">Steuert die Aufmerksamkeitslenkung und Konzentration.<\/span><\/li>\n<\/ul>\n<div id=\"HloXaYL4B5fri-gP84PdqQs__24\" class=\"bsmXxe\" role=\"none\"><\/div>\n<div id=\"HloXaYL4B5fri-gP84PdqQs__28\" class=\"bsmXxe\" role=\"none\"><\/div>\n<div id=\"HloXaYL4B5fri-gP84PdqQs__31\" class=\"bsmXxe\" role=\"none\"><\/div>\n<div id=\"HloXaYL4B5fri-gP84PdqQs__35\" class=\"bsmXxe\" role=\"none\"><\/div>\n<div id=\"HloXaYL4B5fri-gP84PdqQs__39\" class=\"bsmXxe\" role=\"none\"><\/div>\n<\/div>\n<div class=\"WaaZC\">\n<div id=\"HloXaYL4B5fri-gP84PdqQs__59\" class=\"bsmXxe\" role=\"none\">\n<div class=\"rPeykc uP58nb rWIipd\" role=\"heading\" aria-level=\"3\" data-hveid=\"CJ0BEAE\" data-ved=\"2ahUKEwiC_9iWifKQAxWX9QIHHfNBN7UQo_EKegUInQEQAQ\"><span data-huuid=\"4528624726364975386\">Reifung<\/span><\/div>\n<\/div>\n<\/div>\n<div class=\"WaaZC\">\n<div id=\"HloXaYL4B5fri-gP84PdqQs__53\" class=\"bsmXxe\" role=\"none\">\n<div id=\"HloXaYL4B5fri-gP84PdqQs__54\" class=\"bsmXxe\" role=\"none\">\n<ul>\n<li><span data-huuid=\"4528624726364976229\">Der PFC geh&ouml;rt zu den Bereichen des Gehirns, die sich am sp&auml;testen entwickeln.<\/span><\/li>\n<li><span data-huuid=\"4528624726364976791\">Die volle Reife wird oft erst Ende 20 erreicht, was erkl&auml;rt, warum viele jugendliche Verhaltensw<a href=\"https:\/\/www.vitalibera.org\/community\/enzyklopaedie\/eisen\/\" target=\"_self\" title=\"Eisen&nbsp;ist das im K&ouml;rper am meisten vorkommende Spurenelement. Es ist ein wesentlicher Bestandteil des roten Blutfarbstoffs (H&auml;moglobin) und f&uuml;r den Sauerstofftransport wichtig. Weitere Aufgaben erf&uuml;llt Eisen in der Muskulatur, wo es in Form des Eiwei&szlig;stoffes Myoglobin der Sauerstoffspeicherung dient. Dar&uuml;ber hinaus ist Eisen generell f&uuml;r alle rasch wachsenden Gewebe des K&ouml;rpers erforderlich. Im Labor ist&hellip;\" class=\"encyclopedia\">eisen<\/a> wie Impulsivit&auml;t mit dieser Gehirnregion zusammenh&auml;ngen.<span class=\"pjBG2e\" data-cid=\"de4ce1b4-df26-4c9d-b814-8c7ef57be826\"><span class=\"UV3uM\">&nbsp;<\/span><\/span><\/span><\/li>\n<\/ul>\n<\/div>\n<div id=\"HloXaYL4B5fri-gP84PdqQs__56\" class=\"bsmXxe\" role=\"none\"><\/div>\n<\/div>\n<\/div>\n<div class=\"WaaZC\">\n<div id=\"HloXaYL4B5fri-gP84PdqQs__81\" class=\"bsmXxe\" role=\"none\">\n<div class=\"rPeykc uP58nb rWIipd\" role=\"heading\" aria-level=\"3\" data-hveid=\"CL4BEAE\" data-ved=\"2ahUKEwiC_9iWifKQAxWX9QIHHfNBN7UQo_EKegUIvgEQAQ\"><span data-huuid=\"4528624726364977353\">Bedeutung<\/span><\/div>\n<\/div>\n<\/div>\n<div class=\"WaaZC\">\n<div id=\"HloXaYL4B5fri-gP84PdqQs__36\" class=\"bsmXxe\" role=\"none\">\n<div id=\"HloXaYL4B5fri-gP84PdqQs__40\" class=\"bsmXxe\" role=\"none\">\n<ul>\n<li><span data-huuid=\"4528624726364978196\">Sch&auml;den oder Beeintr&auml;chtigungen des PFC k&ouml;nnen zu erheblichen Ver&auml;nderungen der Pers&ouml;nlichkeit und kognitiven Leistungsf&auml;higkeit f&uuml;hren.<\/span><\/li>\n<li><span data-huuid=\"4528624726364978758\">Beispiele f&uuml;r beeintr&auml;chtigte Funktionen sind Aufmerksamkeitsdefizit-Hyperaktivit&auml;tsst&ouml;rung (<a href=\"https:\/\/www.vitalibera.org\/community\/enzyklopaedie\/adhs\/\" target=\"_self\" title=\"ADHS (Aufmerksamkeitsdefizit-\/Hyperaktivit&auml;tsst&ouml;rung) ist eine&nbsp;neurologische Entwicklungsst&ouml;rung, die durch Unaufmerksamkeit, Impulsivit&auml;t und Hyperaktivit&auml;t gekennzeichnet ist. Sie betrifft Kinder und Erwachsene (oft als innere Unruhe). Die Behandlung erfolgt meist multimodal durch Psychoedukation, Verhaltenstherapie und Medikamente. Behandlungen f&uuml;r ADHS Multimodaler Ansatz:&nbsp;Die effektivste Therapie kombiniert meist mehrere S&auml;ulen. Verhaltenstherapie:&nbsp;Speziell zugeschnitten auf Kinder oder Erwachsene, um Alltagsstrukturen zu verbessern. Medikament&ouml;se Therapie:&nbsp;Einsatz&hellip;\" class=\"encyclopedia\">ADHS<\/a>), bei der das Arbeitsged&auml;chtnis und die Weiterleitung von Informationen beeintr&auml;chtigt sein k&ouml;nnen.<span class=\"pjBG2e\" data-cid=\"1b205a16-5592-40cc-aa68-0075dddb8b0a\"><span class=\"UV3uM\">&nbsp;<\/span><\/span><\/span><\/li>\n<\/ul>\n<\/div>\n<div id=\"HloXaYL4B5fri-gP84PdqQs__44\" class=\"bsmXxe\" role=\"none\"><\/div>\n<\/div>\n<\/div>\n","protected":false},"excerpt":{"rendered":"<p>Der pr\u00e4frontale Cortex (PFC) ist der vordere Teil des Frontallappens im Gehirn und f\u00fcr h\u00f6here kognitive Funktionen wie Planung, Entscheidungsfindung, Arbeitsged\u00e4chtnis und die Steuerung des eigenen Verhaltens verantwortlich.\u00a0Er ist entscheidend f\u00fcr exekutive Funktionen, die F\u00e4higkeit zur Handlungsplanung, Konzentration und die soziale sowie emotionale Regulation.\u00a0Da er erst sp\u00e4t reift, sind die meisten dieser F\u00e4higkeiten bis ins &#8230; <a title=\"pr\u00e4frontale Cortex\" class=\"read-more\" href=\"https:\/\/www.vitalibera.org\/community\/enzyklopaedie\/praefrontale-cortex\/\" aria-label=\"Mehr Informationen \u00fcber pr\u00e4frontale Cortex\">Weiterlesen<\/a><\/p>\n","protected":false},"author":1,"template":"","encyclopedia-tag":[267],"class_list":["post-4237","encyclopedia","type-encyclopedia","status-publish","hentry","encyclopedia-tag-pfc"],"yoast_head":"<!-- This site is optimized with the Yoast SEO plugin v27.4 - https:\/\/yoast.com\/product\/yoast-seo-wordpress\/ -->\r\n<title>pr\u00e4frontale Cortex - vitalibera.org<\/title>\r\n<meta name=\"description\" content=\"Der pr\u00e4frontale Cortex (PFC) ist der vordere Teil des Frontallappens im Gehirn und f\u00fcr h\u00f6here kognitive Funktionen wie Planung, Entscheidungsfindung, Arbeitsged\u00e4chtnis und die Steuerung des eigenen Verhaltens verantwortlich.\u00a0Er ist entscheidend f\u00fcr exekutive Funktionen, die F\u00e4higkeit zur Handlungsplanung, Konzentration und die soziale sowie emotionale Regulation.\u00a0Da er erst sp\u00e4t reift, sind die meisten dieser F\u00e4higkeiten bis ins fr\u00fche Erwachsenenalter noch nicht voll ausgebildet.\u00a0\u00a0\" \/>\r\n<meta name=\"robots\" content=\"index, follow, max-snippet:-1, max-image-preview:large, max-video-preview:-1\" \/>\r\n<link rel=\"canonical\" href=\"https:\/\/www.vitalibera.org\/community\/enzyklopaedie\/praefrontale-cortex\/\" \/>\r\n<meta property=\"og:locale\" content=\"de_DE\" \/>\r\n<meta property=\"og:type\" content=\"article\" \/>\r\n<meta property=\"og:title\" content=\"pr\u00e4frontale Cortex - vitalibera.org\" \/>\r\n<meta property=\"og:description\" content=\"Der pr\u00e4frontale Cortex (PFC) ist der vordere Teil des Frontallappens im Gehirn und f\u00fcr h\u00f6here kognitive Funktionen wie Planung, Entscheidungsfindung, Arbeitsged\u00e4chtnis und die Steuerung des eigenen Verhaltens verantwortlich.\u00a0Er ist entscheidend f\u00fcr exekutive Funktionen, die F\u00e4higkeit zur Handlungsplanung, Konzentration und die soziale sowie emotionale Regulation.\u00a0Da er erst sp\u00e4t reift, sind die meisten dieser F\u00e4higkeiten bis ins fr\u00fche Erwachsenenalter noch nicht voll ausgebildet.\u00a0\u00a0\" \/>\r\n<meta property=\"og:url\" content=\"https:\/\/www.vitalibera.org\/community\/enzyklopaedie\/praefrontale-cortex\/\" \/>\r\n<meta property=\"og:site_name\" content=\"vitalibera.org\" \/>\r\n<meta property=\"article:publisher\" content=\"https:\/\/www.facebook.com\/groups\/2997085857140235\" \/>\r\n<meta name=\"twitter:card\" content=\"summary_large_image\" \/>\r\n<meta name=\"twitter:label1\" content=\"Gesch\u00e4tzte Lesezeit\" \/>\n\t<meta name=\"twitter:data1\" content=\"2\u00a0Minuten\" \/>\r\n<script type=\"application\/ld+json\" class=\"yoast-schema-graph\">{\"@context\":\"https:\\\/\\\/schema.org\",\"@graph\":[{\"@type\":\"WebPage\",\"@id\":\"https:\\\/\\\/www.vitalibera.org\\\/community\\\/enzyklopaedie\\\/praefrontale-cortex\\\/\",\"url\":\"https:\\\/\\\/www.vitalibera.org\\\/community\\\/enzyklopaedie\\\/praefrontale-cortex\\\/\",\"name\":\"pr\u00e4frontale Cortex - vitalibera.org\",\"isPartOf\":{\"@id\":\"https:\\\/\\\/www.vitalibera.org\\\/community\\\/#website\"},\"datePublished\":\"2025-11-14T16:39:25+00:00\",\"description\":\"Der pr\u00e4frontale Cortex (PFC) ist der vordere Teil des Frontallappens im Gehirn und f\u00fcr h\u00f6here kognitive Funktionen wie Planung, Entscheidungsfindung, Arbeitsged\u00e4chtnis und die Steuerung des eigenen Verhaltens verantwortlich.\u00a0Er ist entscheidend f\u00fcr exekutive Funktionen, die F\u00e4higkeit zur Handlungsplanung, Konzentration und die soziale sowie emotionale Regulation.\u00a0Da er erst sp\u00e4t reift, sind die meisten dieser F\u00e4higkeiten bis ins fr\u00fche Erwachsenenalter noch nicht voll ausgebildet.\u00a0\u00a0\",\"breadcrumb\":{\"@id\":\"https:\\\/\\\/www.vitalibera.org\\\/community\\\/enzyklopaedie\\\/praefrontale-cortex\\\/#breadcrumb\"},\"inLanguage\":\"de\",\"potentialAction\":[{\"@type\":\"ReadAction\",\"target\":[\"https:\\\/\\\/www.vitalibera.org\\\/community\\\/enzyklopaedie\\\/praefrontale-cortex\\\/\"]}]},{\"@type\":\"BreadcrumbList\",\"@id\":\"https:\\\/\\\/www.vitalibera.org\\\/community\\\/enzyklopaedie\\\/praefrontale-cortex\\\/#breadcrumb\",\"itemListElement\":[{\"@type\":\"ListItem\",\"position\":1,\"name\":\"Startseite\",\"item\":\"https:\\\/\\\/www.vitalibera.org\\\/community\\\/\"},{\"@type\":\"ListItem\",\"position\":2,\"name\":\"Glossar\",\"item\":\"https:\\\/\\\/www.vitalibera.org\\\/community\\\/enzyklopaedie\\\/\"},{\"@type\":\"ListItem\",\"position\":3,\"name\":\"pr\u00e4frontale Cortex\"}]},{\"@type\":\"WebSite\",\"@id\":\"https:\\\/\\\/www.vitalibera.org\\\/community\\\/#website\",\"url\":\"https:\\\/\\\/www.vitalibera.org\\\/community\\\/\",\"name\":\"vitalibera.org\",\"description\":\"Mit einer Einschr&auml;nkung gestaltet sich das Leben im Alltag oft schwieriger - hier berichten wir &uuml;ber unsere Erfahrungen und Hilfsmittel um den Alltag so unbeschwert und unkompliziert wie nur m&ouml;glich geniessen zu k&ouml;nnen. Dabei richten wir unseren Fokus gezielt auf Selbst&auml;ndigkeit, Eigenst&auml;ndigkeit und Selbstbestimmung.\",\"publisher\":{\"@id\":\"https:\\\/\\\/www.vitalibera.org\\\/community\\\/#organization\"},\"potentialAction\":[{\"@type\":\"SearchAction\",\"target\":{\"@type\":\"EntryPoint\",\"urlTemplate\":\"https:\\\/\\\/www.vitalibera.org\\\/community\\\/?s={search_term_string}\"},\"query-input\":{\"@type\":\"PropertyValueSpecification\",\"valueRequired\":true,\"valueName\":\"search_term_string\"}}],\"inLanguage\":\"de\"},{\"@type\":\"Organization\",\"@id\":\"https:\\\/\\\/www.vitalibera.org\\\/community\\\/#organization\",\"name\":\"vitalibera.org\",\"url\":\"https:\\\/\\\/www.vitalibera.org\\\/community\\\/\",\"logo\":{\"@type\":\"ImageObject\",\"inLanguage\":\"de\",\"@id\":\"https:\\\/\\\/www.vitalibera.org\\\/community\\\/#\\\/schema\\\/logo\\\/image\\\/\",\"url\":\"https:\\\/\\\/www.vitalibera.org\\\/community\\\/wp-content\\\/uploads\\\/2025\\\/09\\\/cropped-banner.png\",\"contentUrl\":\"https:\\\/\\\/www.vitalibera.org\\\/community\\\/wp-content\\\/uploads\\\/2025\\\/09\\\/cropped-banner.png\",\"width\":991,\"height\":150,\"caption\":\"vitalibera.org\"},\"image\":{\"@id\":\"https:\\\/\\\/www.vitalibera.org\\\/community\\\/#\\\/schema\\\/logo\\\/image\\\/\"},\"sameAs\":[\"https:\\\/\\\/www.facebook.com\\\/groups\\\/2997085857140235\"]}]}<\/script>\r\n<!-- \/ Yoast SEO plugin. -->","yoast_head_json":{"title":"pr\u00e4frontale Cortex - vitalibera.org","description":"Der pr\u00e4frontale Cortex (PFC) ist der vordere Teil des Frontallappens im Gehirn und f\u00fcr h\u00f6here kognitive Funktionen wie Planung, Entscheidungsfindung, Arbeitsged\u00e4chtnis und die Steuerung des eigenen Verhaltens verantwortlich.\u00a0Er ist entscheidend f\u00fcr exekutive Funktionen, die F\u00e4higkeit zur Handlungsplanung, Konzentration und die soziale sowie emotionale Regulation.\u00a0Da er erst sp\u00e4t reift, sind die meisten dieser F\u00e4higkeiten bis ins fr\u00fche Erwachsenenalter noch nicht voll ausgebildet.\u00a0\u00a0","robots":{"index":"index","follow":"follow","max-snippet":"max-snippet:-1","max-image-preview":"max-image-preview:large","max-video-preview":"max-video-preview:-1"},"canonical":"https:\/\/www.vitalibera.org\/community\/enzyklopaedie\/praefrontale-cortex\/","og_locale":"de_DE","og_type":"article","og_title":"pr\u00e4frontale Cortex - vitalibera.org","og_description":"Der pr\u00e4frontale Cortex (PFC) ist der vordere Teil des Frontallappens im Gehirn und f\u00fcr h\u00f6here kognitive Funktionen wie Planung, Entscheidungsfindung, Arbeitsged\u00e4chtnis und die Steuerung des eigenen Verhaltens verantwortlich.\u00a0Er ist entscheidend f\u00fcr exekutive Funktionen, die F\u00e4higkeit zur Handlungsplanung, Konzentration und die soziale sowie emotionale Regulation.\u00a0Da er erst sp\u00e4t reift, sind die meisten dieser F\u00e4higkeiten bis ins fr\u00fche Erwachsenenalter noch nicht voll ausgebildet.\u00a0\u00a0","og_url":"https:\/\/www.vitalibera.org\/community\/enzyklopaedie\/praefrontale-cortex\/","og_site_name":"vitalibera.org","article_publisher":"https:\/\/www.facebook.com\/groups\/2997085857140235","twitter_card":"summary_large_image","twitter_misc":{"Gesch\u00e4tzte Lesezeit":"2\u00a0Minuten"},"schema":{"@context":"https:\/\/schema.org","@graph":[{"@type":"WebPage","@id":"https:\/\/www.vitalibera.org\/community\/enzyklopaedie\/praefrontale-cortex\/","url":"https:\/\/www.vitalibera.org\/community\/enzyklopaedie\/praefrontale-cortex\/","name":"pr\u00e4frontale Cortex - vitalibera.org","isPartOf":{"@id":"https:\/\/www.vitalibera.org\/community\/#website"},"datePublished":"2025-11-14T16:39:25+00:00","description":"Der pr\u00e4frontale Cortex (PFC) ist der vordere Teil des Frontallappens im Gehirn und f\u00fcr h\u00f6here kognitive Funktionen wie Planung, Entscheidungsfindung, Arbeitsged\u00e4chtnis und die Steuerung des eigenen Verhaltens verantwortlich.\u00a0Er ist entscheidend f\u00fcr exekutive Funktionen, die F\u00e4higkeit zur Handlungsplanung, Konzentration und die soziale sowie emotionale Regulation.\u00a0Da er erst sp\u00e4t reift, sind die meisten dieser F\u00e4higkeiten bis ins fr\u00fche Erwachsenenalter noch nicht voll ausgebildet.\u00a0\u00a0","breadcrumb":{"@id":"https:\/\/www.vitalibera.org\/community\/enzyklopaedie\/praefrontale-cortex\/#breadcrumb"},"inLanguage":"de","potentialAction":[{"@type":"ReadAction","target":["https:\/\/www.vitalibera.org\/community\/enzyklopaedie\/praefrontale-cortex\/"]}]},{"@type":"BreadcrumbList","@id":"https:\/\/www.vitalibera.org\/community\/enzyklopaedie\/praefrontale-cortex\/#breadcrumb","itemListElement":[{"@type":"ListItem","position":1,"name":"Startseite","item":"https:\/\/www.vitalibera.org\/community\/"},{"@type":"ListItem","position":2,"name":"Glossar","item":"https:\/\/www.vitalibera.org\/community\/enzyklopaedie\/"},{"@type":"ListItem","position":3,"name":"pr\u00e4frontale Cortex"}]},{"@type":"WebSite","@id":"https:\/\/www.vitalibera.org\/community\/#website","url":"https:\/\/www.vitalibera.org\/community\/","name":"vitalibera.org","description":"Mit einer Einschr&auml;nkung gestaltet sich das Leben im Alltag oft schwieriger - hier berichten wir &uuml;ber unsere Erfahrungen und Hilfsmittel um den Alltag so unbeschwert und unkompliziert wie nur m&ouml;glich geniessen zu k&ouml;nnen. Dabei richten wir unseren Fokus gezielt auf Selbst&auml;ndigkeit, Eigenst&auml;ndigkeit und Selbstbestimmung.","publisher":{"@id":"https:\/\/www.vitalibera.org\/community\/#organization"},"potentialAction":[{"@type":"SearchAction","target":{"@type":"EntryPoint","urlTemplate":"https:\/\/www.vitalibera.org\/community\/?s={search_term_string}"},"query-input":{"@type":"PropertyValueSpecification","valueRequired":true,"valueName":"search_term_string"}}],"inLanguage":"de"},{"@type":"Organization","@id":"https:\/\/www.vitalibera.org\/community\/#organization","name":"vitalibera.org","url":"https:\/\/www.vitalibera.org\/community\/","logo":{"@type":"ImageObject","inLanguage":"de","@id":"https:\/\/www.vitalibera.org\/community\/#\/schema\/logo\/image\/","url":"https:\/\/www.vitalibera.org\/community\/wp-content\/uploads\/2025\/09\/cropped-banner.png","contentUrl":"https:\/\/www.vitalibera.org\/community\/wp-content\/uploads\/2025\/09\/cropped-banner.png","width":991,"height":150,"caption":"vitalibera.org"},"image":{"@id":"https:\/\/www.vitalibera.org\/community\/#\/schema\/logo\/image\/"},"sameAs":["https:\/\/www.facebook.com\/groups\/2997085857140235"]}]}},"jetpack_sharing_enabled":true,"_links":{"self":[{"href":"https:\/\/www.vitalibera.org\/community\/wp-json\/wp\/v2\/encyclopedia\/4237","targetHints":{"allow":["GET"]}}],"collection":[{"href":"https:\/\/www.vitalibera.org\/community\/wp-json\/wp\/v2\/encyclopedia"}],"about":[{"href":"https:\/\/www.vitalibera.org\/community\/wp-json\/wp\/v2\/types\/encyclopedia"}],"author":[{"embeddable":true,"href":"https:\/\/www.vitalibera.org\/community\/wp-json\/wp\/v2\/users\/1"}],"wp:attachment":[{"href":"https:\/\/www.vitalibera.org\/community\/wp-json\/wp\/v2\/media?parent=4237"}],"wp:term":[{"taxonomy":"encyclopedia-tag","embeddable":true,"href":"https:\/\/www.vitalibera.org\/community\/wp-json\/wp\/v2\/encyclopedia-tag?post=4237"}],"curies":[{"name":"wp","href":"https:\/\/api.w.org\/{rel}","templated":true}]}}