{"id":5379,"date":"2026-02-02T13:21:03","date_gmt":"2026-02-02T12:21:03","guid":{"rendered":"https:\/\/www.vitalibera.org\/community\/?post_type=encyclopedia&#038;p=5379"},"modified":"2026-02-02T13:21:03","modified_gmt":"2026-02-02T12:21:03","slug":"grundpflege","status":"publish","type":"encyclopedia","link":"https:\/\/www.vitalibera.org\/community\/enzyklopaedie\/grundpflege\/","title":{"rendered":"Grundpflege"},"content":{"rendered":"<div class=\"Y3BBE\" data-sfc-cp=\"\" data-hveid=\"CAEQAA\">Die Grundpflege&nbsp;<mark class=\"HxTRcb\">umfasst essenzielle, t&auml;glich wiederkehrende Pflegeleistungen f&uuml;r Menschen, die ihren Alltag nicht selbstst&auml;ndig bew&auml;ltigen k&ouml;nnen<\/mark>. Sie beinhaltet Ma&szlig;nahmen der K&ouml;rperpflege (Waschen, Duschen), Ern&auml;hrung (Nahrungsaufnahme) und Mobilit&auml;t (Aufstehen, Gehen) sowie Ausscheidung. Ziel ist die Unterst&uuml;tzung im Alltag, die F&ouml;rderung der Selbstst&auml;ndigkeit (aktivierende Pflege) und die Vermeidung von Folgeerkrankungen.<span class=\"uJ19be notranslate\" data-wiz-uids=\"naZmId_c,naZmId_d\"><span class=\"vKEkVd\" data-animation-atomic=\"\" data-wiz-attrbind=\"class=naZmId_b\/TKHnVd\">\n<p><\/p><\/span><\/span><strong class=\"Yjhzub\">Kerninhalte der Grundpflege:<\/strong><\/div>\n<ul class=\"KsbFXc U6u95\">\n<li data-hveid=\"CAMQAA\"><span class=\"T286Pc\" data-sfc-cp=\"\"><strong class=\"Yjhzub\">K&ouml;rperpflege:<\/strong>&nbsp;Waschen, Duschen, Baden, Zahnpflege, Rasieren, K&auml;mmen.<\/span><\/li>\n<li data-hveid=\"CAMQAg\"><span class=\"T286Pc\" data-sfc-cp=\"\"><strong class=\"Yjhzub\">Ern&auml;hrung:<\/strong>&nbsp;Mundgerechte Zubereitung von Sp<a href=\"https:\/\/www.vitalibera.org\/community\/enzyklopaedie\/eisen\/\" target=\"_self\" title=\"Eisen&nbsp;ist das im K&ouml;rper am meisten vorkommende Spurenelement. Es ist ein wesentlicher Bestandteil des roten Blutfarbstoffs (H&auml;moglobin) und f&uuml;r den Sauerstofftransport wichtig. Weitere Aufgaben erf&uuml;llt Eisen in der Muskulatur, wo es in Form des Eiwei&szlig;stoffes Myoglobin der Sauerstoffspeicherung dient. Dar&uuml;ber hinaus ist Eisen generell f&uuml;r alle rasch wachsenden Gewebe des K&ouml;rpers erforderlich. Im Labor ist&hellip;\" class=\"encyclopedia\">eisen<\/a>, Hilfe bei der Nahrungs- und Fl&uuml;ssigkeitsaufnahme.<\/span><\/li>\n<li data-hveid=\"CAMQBA\"><span class=\"T286Pc\" data-sfc-cp=\"\"><strong class=\"Yjhzub\">Mobilit&auml;t:<\/strong>&nbsp;Hilfe beim Aufstehen, Zubettgehen, Umbetten, Lagern und Bewegen.<\/span><\/li>\n<li data-hveid=\"CAMQBg\"><span class=\"T286Pc\" data-sfc-cp=\"\"><strong class=\"Yjhzub\">Ausscheidung:<\/strong>&nbsp;Unterst&uuml;tzung beim Toilettengang, Wechsel von Inkontinenzmaterial.<\/span><\/li>\n<li data-hveid=\"CAMQCA\"><span class=\"T286Pc\" data-sfc-cp=\"\"><strong class=\"Yjhzub\">Kleidung:<\/strong>&nbsp;Unterst&uuml;tzung beim An- und Auskleiden.<\/span><span class=\"uJ19be notranslate\" data-wiz-uids=\"naZmId_18,naZmId_19\"><span class=\"vKEkVd\" data-animation-atomic=\"\" data-wiz-attrbind=\"class=naZmId_17\/TKHnVd\">&nbsp;<\/span><\/span><\/li>\n<\/ul>\n<div class=\"Y3BBE\" data-sfc-cp=\"\" data-hveid=\"CAQQAA\">Die Grundpflege ist in Deutschland eine Leistung der Pflegeversicherung (SGB XI), kann bei kurzzeitigem Bedarf nach Krankenhausaufenthalt aber auch eine Leistung der Krankenkasse (SGB V) sein. Sie wird oft im Rahmen der aktivierenden Pflege durchgef&uuml;hrt, um F&auml;higkeiten der Betroffenen zu erhalten. Abzugrenzen ist die Grundpflege von der&nbsp;<strong class=\"Yjhzub\"><a href=\"https:\/\/www.vitalibera.org\/community\/enzyklopaedie\/behandlungspflege\/\" target=\"_self\" title=\"Behandlungspflege&nbsp;umfasst &auml;rztlich verordnete, medizinische Ma&szlig;nahmen, die von examiniertem Fachpersonal (wie Kranken- oder Altenpflegern) durchgef&uuml;hrt werden, um Krankheiten zu heilen, zu lindern oder Krankenhausaufenthalte zu vermeiden. Sie wird prim&auml;r von Krankenkassen bezahlt und beinhaltet Wundversorgung, Medikamentengabe, Injektionen, Blutdruck-\/Blutzuckermessungen sowie Stomaversorgung. Wichtige Aspekte der Behandlungspflege: Leistungsumfang:&nbsp;Umfasst T&auml;tigkeiten nach SGB V, darunter Verbandswechsel, An- und Ausziehen von Kompressionsstr&uuml;mpfen,&hellip;\" class=\"encyclopedia\">Behandlungspflege<\/a><\/strong>&nbsp;(&auml;rztlich verordnete T&auml;tigkeiten wie Verbandswechsel) und der&nbsp;<strong class=\"Yjhzub\">hauswirtschaftlichen Versorgung<\/strong>&nbsp;(Einkaufen, Putzen).<span class=\"uJ19be notranslate\" data-wiz-uids=\"naZmId_1k,naZmId_1l\"><span class=\"vKEkVd\" data-animation-atomic=\"\" data-wiz-attrbind=\"class=naZmId_1j\/TKHnVd\">&nbsp;<\/span><\/span><\/div>\n","protected":false},"excerpt":{"rendered":"<p>Die Grundpflege\u00a0umfasst essenzielle, t\u00e4glich wiederkehrende Pflegeleistungen f\u00fcr Menschen, die ihren Alltag nicht selbstst\u00e4ndig bew\u00e4ltigen k\u00f6nnen. Sie beinhaltet Ma\u00dfnahmen der K\u00f6rperpflege (Waschen, Duschen), Ern\u00e4hrung (Nahrungsaufnahme) und Mobilit\u00e4t (Aufstehen, Gehen) sowie Ausscheidung. Ziel ist die Unterst\u00fctzung im Alltag, die F\u00f6rderung der Selbstst\u00e4ndigkeit (aktivierende Pflege) und die Vermeidung von Folgeerkrankungen. Kerninhalte der Grundpflege: K\u00f6rperpflege:\u00a0Waschen, Duschen, Baden, Zahnpflege, Rasieren, &#8230; <a title=\"Grundpflege\" class=\"read-more\" href=\"https:\/\/www.vitalibera.org\/community\/enzyklopaedie\/grundpflege\/\" aria-label=\"Mehr Informationen \u00fcber Grundpflege\">Weiterlesen<\/a><\/p>\n","protected":false},"author":1,"template":"","encyclopedia-tag":[],"class_list":["post-5379","encyclopedia","type-encyclopedia","status-publish","hentry"],"yoast_head":"<!-- This site is optimized with the Yoast SEO plugin v27.4 - https:\/\/yoast.com\/product\/yoast-seo-wordpress\/ -->\r\n<title>Grundpflege - vitalibera.org<\/title>\r\n<meta name=\"description\" content=\"Die Grundpflege\u00a0umfasst essenzielle, t\u00e4glich wiederkehrende Pflegeleistungen f\u00fcr Menschen, die ihren Alltag nicht selbstst\u00e4ndig bew\u00e4ltigen k\u00f6nnen. Sie beinhaltet Ma\u00dfnahmen der K\u00f6rperpflege (Waschen, Duschen), Ern\u00e4hrung (Nahrungsaufnahme) und Mobilit\u00e4t (Aufstehen, Gehen) sowie Ausscheidung. Ziel ist die Unterst\u00fctzung im Alltag, die F\u00f6rderung der Selbstst\u00e4ndigkeit (aktivierende Pflege) und die Vermeidung von Folgeerkrankungen.\" \/>\r\n<meta name=\"robots\" content=\"index, follow, max-snippet:-1, max-image-preview:large, max-video-preview:-1\" \/>\r\n<link rel=\"canonical\" href=\"https:\/\/www.vitalibera.org\/community\/enzyklopaedie\/grundpflege\/\" \/>\r\n<meta property=\"og:locale\" content=\"de_DE\" \/>\r\n<meta property=\"og:type\" content=\"article\" \/>\r\n<meta property=\"og:title\" content=\"Grundpflege - vitalibera.org\" \/>\r\n<meta property=\"og:description\" content=\"Die Grundpflege\u00a0umfasst essenzielle, t\u00e4glich wiederkehrende Pflegeleistungen f\u00fcr Menschen, die ihren Alltag nicht selbstst\u00e4ndig bew\u00e4ltigen k\u00f6nnen. Sie beinhaltet Ma\u00dfnahmen der K\u00f6rperpflege (Waschen, Duschen), Ern\u00e4hrung (Nahrungsaufnahme) und Mobilit\u00e4t (Aufstehen, Gehen) sowie Ausscheidung. Ziel ist die Unterst\u00fctzung im Alltag, die F\u00f6rderung der Selbstst\u00e4ndigkeit (aktivierende Pflege) und die Vermeidung von Folgeerkrankungen.\" \/>\r\n<meta property=\"og:url\" content=\"https:\/\/www.vitalibera.org\/community\/enzyklopaedie\/grundpflege\/\" \/>\r\n<meta property=\"og:site_name\" content=\"vitalibera.org\" \/>\r\n<meta property=\"article:publisher\" content=\"https:\/\/www.facebook.com\/groups\/2997085857140235\" \/>\r\n<meta name=\"twitter:card\" content=\"summary_large_image\" \/>\r\n<meta name=\"twitter:label1\" content=\"Gesch\u00e4tzte Lesezeit\" \/>\n\t<meta name=\"twitter:data1\" content=\"1\u00a0Minute\" \/>\r\n<script type=\"application\/ld+json\" class=\"yoast-schema-graph\">{\"@context\":\"https:\\\/\\\/schema.org\",\"@graph\":[{\"@type\":\"WebPage\",\"@id\":\"https:\\\/\\\/www.vitalibera.org\\\/community\\\/enzyklopaedie\\\/grundpflege\\\/\",\"url\":\"https:\\\/\\\/www.vitalibera.org\\\/community\\\/enzyklopaedie\\\/grundpflege\\\/\",\"name\":\"Grundpflege - vitalibera.org\",\"isPartOf\":{\"@id\":\"https:\\\/\\\/www.vitalibera.org\\\/community\\\/#website\"},\"datePublished\":\"2026-02-02T12:21:03+00:00\",\"description\":\"Die Grundpflege\u00a0umfasst essenzielle, t\u00e4glich wiederkehrende Pflegeleistungen f\u00fcr Menschen, die ihren Alltag nicht selbstst\u00e4ndig bew\u00e4ltigen k\u00f6nnen. Sie beinhaltet Ma\u00dfnahmen der K\u00f6rperpflege (Waschen, Duschen), Ern\u00e4hrung (Nahrungsaufnahme) und Mobilit\u00e4t (Aufstehen, Gehen) sowie Ausscheidung. Ziel ist die Unterst\u00fctzung im Alltag, die F\u00f6rderung der Selbstst\u00e4ndigkeit (aktivierende Pflege) und die Vermeidung von Folgeerkrankungen.\",\"breadcrumb\":{\"@id\":\"https:\\\/\\\/www.vitalibera.org\\\/community\\\/enzyklopaedie\\\/grundpflege\\\/#breadcrumb\"},\"inLanguage\":\"de\",\"potentialAction\":[{\"@type\":\"ReadAction\",\"target\":[\"https:\\\/\\\/www.vitalibera.org\\\/community\\\/enzyklopaedie\\\/grundpflege\\\/\"]}]},{\"@type\":\"BreadcrumbList\",\"@id\":\"https:\\\/\\\/www.vitalibera.org\\\/community\\\/enzyklopaedie\\\/grundpflege\\\/#breadcrumb\",\"itemListElement\":[{\"@type\":\"ListItem\",\"position\":1,\"name\":\"Startseite\",\"item\":\"https:\\\/\\\/www.vitalibera.org\\\/community\\\/\"},{\"@type\":\"ListItem\",\"position\":2,\"name\":\"Glossar\",\"item\":\"https:\\\/\\\/www.vitalibera.org\\\/community\\\/enzyklopaedie\\\/\"},{\"@type\":\"ListItem\",\"position\":3,\"name\":\"Grundpflege\"}]},{\"@type\":\"WebSite\",\"@id\":\"https:\\\/\\\/www.vitalibera.org\\\/community\\\/#website\",\"url\":\"https:\\\/\\\/www.vitalibera.org\\\/community\\\/\",\"name\":\"vitalibera.org\",\"description\":\"Mit einer Einschr&auml;nkung gestaltet sich das Leben im Alltag oft schwieriger - hier berichten wir &uuml;ber unsere Erfahrungen und Hilfsmittel um den Alltag so unbeschwert und unkompliziert wie nur m&ouml;glich geniessen zu k&ouml;nnen. Dabei richten wir unseren Fokus gezielt auf Selbst&auml;ndigkeit, Eigenst&auml;ndigkeit und Selbstbestimmung.\",\"publisher\":{\"@id\":\"https:\\\/\\\/www.vitalibera.org\\\/community\\\/#organization\"},\"potentialAction\":[{\"@type\":\"SearchAction\",\"target\":{\"@type\":\"EntryPoint\",\"urlTemplate\":\"https:\\\/\\\/www.vitalibera.org\\\/community\\\/?s={search_term_string}\"},\"query-input\":{\"@type\":\"PropertyValueSpecification\",\"valueRequired\":true,\"valueName\":\"search_term_string\"}}],\"inLanguage\":\"de\"},{\"@type\":\"Organization\",\"@id\":\"https:\\\/\\\/www.vitalibera.org\\\/community\\\/#organization\",\"name\":\"vitalibera.org\",\"url\":\"https:\\\/\\\/www.vitalibera.org\\\/community\\\/\",\"logo\":{\"@type\":\"ImageObject\",\"inLanguage\":\"de\",\"@id\":\"https:\\\/\\\/www.vitalibera.org\\\/community\\\/#\\\/schema\\\/logo\\\/image\\\/\",\"url\":\"https:\\\/\\\/www.vitalibera.org\\\/community\\\/wp-content\\\/uploads\\\/2025\\\/09\\\/cropped-banner.png\",\"contentUrl\":\"https:\\\/\\\/www.vitalibera.org\\\/community\\\/wp-content\\\/uploads\\\/2025\\\/09\\\/cropped-banner.png\",\"width\":991,\"height\":150,\"caption\":\"vitalibera.org\"},\"image\":{\"@id\":\"https:\\\/\\\/www.vitalibera.org\\\/community\\\/#\\\/schema\\\/logo\\\/image\\\/\"},\"sameAs\":[\"https:\\\/\\\/www.facebook.com\\\/groups\\\/2997085857140235\"]}]}<\/script>\r\n<!-- \/ Yoast SEO plugin. -->","yoast_head_json":{"title":"Grundpflege - vitalibera.org","description":"Die Grundpflege\u00a0umfasst essenzielle, t\u00e4glich wiederkehrende Pflegeleistungen f\u00fcr Menschen, die ihren Alltag nicht selbstst\u00e4ndig bew\u00e4ltigen k\u00f6nnen. Sie beinhaltet Ma\u00dfnahmen der K\u00f6rperpflege (Waschen, Duschen), Ern\u00e4hrung (Nahrungsaufnahme) und Mobilit\u00e4t (Aufstehen, Gehen) sowie Ausscheidung. Ziel ist die Unterst\u00fctzung im Alltag, die F\u00f6rderung der Selbstst\u00e4ndigkeit (aktivierende Pflege) und die Vermeidung von Folgeerkrankungen.","robots":{"index":"index","follow":"follow","max-snippet":"max-snippet:-1","max-image-preview":"max-image-preview:large","max-video-preview":"max-video-preview:-1"},"canonical":"https:\/\/www.vitalibera.org\/community\/enzyklopaedie\/grundpflege\/","og_locale":"de_DE","og_type":"article","og_title":"Grundpflege - vitalibera.org","og_description":"Die Grundpflege\u00a0umfasst essenzielle, t\u00e4glich wiederkehrende Pflegeleistungen f\u00fcr Menschen, die ihren Alltag nicht selbstst\u00e4ndig bew\u00e4ltigen k\u00f6nnen. Sie beinhaltet Ma\u00dfnahmen der K\u00f6rperpflege (Waschen, Duschen), Ern\u00e4hrung (Nahrungsaufnahme) und Mobilit\u00e4t (Aufstehen, Gehen) sowie Ausscheidung. Ziel ist die Unterst\u00fctzung im Alltag, die F\u00f6rderung der Selbstst\u00e4ndigkeit (aktivierende Pflege) und die Vermeidung von Folgeerkrankungen.","og_url":"https:\/\/www.vitalibera.org\/community\/enzyklopaedie\/grundpflege\/","og_site_name":"vitalibera.org","article_publisher":"https:\/\/www.facebook.com\/groups\/2997085857140235","twitter_card":"summary_large_image","twitter_misc":{"Gesch\u00e4tzte Lesezeit":"1\u00a0Minute"},"schema":{"@context":"https:\/\/schema.org","@graph":[{"@type":"WebPage","@id":"https:\/\/www.vitalibera.org\/community\/enzyklopaedie\/grundpflege\/","url":"https:\/\/www.vitalibera.org\/community\/enzyklopaedie\/grundpflege\/","name":"Grundpflege - vitalibera.org","isPartOf":{"@id":"https:\/\/www.vitalibera.org\/community\/#website"},"datePublished":"2026-02-02T12:21:03+00:00","description":"Die Grundpflege\u00a0umfasst essenzielle, t\u00e4glich wiederkehrende Pflegeleistungen f\u00fcr Menschen, die ihren Alltag nicht selbstst\u00e4ndig bew\u00e4ltigen k\u00f6nnen. Sie beinhaltet Ma\u00dfnahmen der K\u00f6rperpflege (Waschen, Duschen), Ern\u00e4hrung (Nahrungsaufnahme) und Mobilit\u00e4t (Aufstehen, Gehen) sowie Ausscheidung. Ziel ist die Unterst\u00fctzung im Alltag, die F\u00f6rderung der Selbstst\u00e4ndigkeit (aktivierende Pflege) und die Vermeidung von Folgeerkrankungen.","breadcrumb":{"@id":"https:\/\/www.vitalibera.org\/community\/enzyklopaedie\/grundpflege\/#breadcrumb"},"inLanguage":"de","potentialAction":[{"@type":"ReadAction","target":["https:\/\/www.vitalibera.org\/community\/enzyklopaedie\/grundpflege\/"]}]},{"@type":"BreadcrumbList","@id":"https:\/\/www.vitalibera.org\/community\/enzyklopaedie\/grundpflege\/#breadcrumb","itemListElement":[{"@type":"ListItem","position":1,"name":"Startseite","item":"https:\/\/www.vitalibera.org\/community\/"},{"@type":"ListItem","position":2,"name":"Glossar","item":"https:\/\/www.vitalibera.org\/community\/enzyklopaedie\/"},{"@type":"ListItem","position":3,"name":"Grundpflege"}]},{"@type":"WebSite","@id":"https:\/\/www.vitalibera.org\/community\/#website","url":"https:\/\/www.vitalibera.org\/community\/","name":"vitalibera.org","description":"Mit einer Einschr&auml;nkung gestaltet sich das Leben im Alltag oft schwieriger - hier berichten wir &uuml;ber unsere Erfahrungen und Hilfsmittel um den Alltag so unbeschwert und unkompliziert wie nur m&ouml;glich geniessen zu k&ouml;nnen. Dabei richten wir unseren Fokus gezielt auf Selbst&auml;ndigkeit, Eigenst&auml;ndigkeit und Selbstbestimmung.","publisher":{"@id":"https:\/\/www.vitalibera.org\/community\/#organization"},"potentialAction":[{"@type":"SearchAction","target":{"@type":"EntryPoint","urlTemplate":"https:\/\/www.vitalibera.org\/community\/?s={search_term_string}"},"query-input":{"@type":"PropertyValueSpecification","valueRequired":true,"valueName":"search_term_string"}}],"inLanguage":"de"},{"@type":"Organization","@id":"https:\/\/www.vitalibera.org\/community\/#organization","name":"vitalibera.org","url":"https:\/\/www.vitalibera.org\/community\/","logo":{"@type":"ImageObject","inLanguage":"de","@id":"https:\/\/www.vitalibera.org\/community\/#\/schema\/logo\/image\/","url":"https:\/\/www.vitalibera.org\/community\/wp-content\/uploads\/2025\/09\/cropped-banner.png","contentUrl":"https:\/\/www.vitalibera.org\/community\/wp-content\/uploads\/2025\/09\/cropped-banner.png","width":991,"height":150,"caption":"vitalibera.org"},"image":{"@id":"https:\/\/www.vitalibera.org\/community\/#\/schema\/logo\/image\/"},"sameAs":["https:\/\/www.facebook.com\/groups\/2997085857140235"]}]}},"jetpack_sharing_enabled":true,"_links":{"self":[{"href":"https:\/\/www.vitalibera.org\/community\/wp-json\/wp\/v2\/encyclopedia\/5379","targetHints":{"allow":["GET"]}}],"collection":[{"href":"https:\/\/www.vitalibera.org\/community\/wp-json\/wp\/v2\/encyclopedia"}],"about":[{"href":"https:\/\/www.vitalibera.org\/community\/wp-json\/wp\/v2\/types\/encyclopedia"}],"author":[{"embeddable":true,"href":"https:\/\/www.vitalibera.org\/community\/wp-json\/wp\/v2\/users\/1"}],"wp:attachment":[{"href":"https:\/\/www.vitalibera.org\/community\/wp-json\/wp\/v2\/media?parent=5379"}],"wp:term":[{"taxonomy":"encyclopedia-tag","embeddable":true,"href":"https:\/\/www.vitalibera.org\/community\/wp-json\/wp\/v2\/encyclopedia-tag?post=5379"}],"curies":[{"name":"wp","href":"https:\/\/api.w.org\/{rel}","templated":true}]}}