{"id":5697,"date":"2026-02-24T01:37:33","date_gmt":"2026-02-24T00:37:33","guid":{"rendered":"https:\/\/www.vitalibera.org\/community\/?post_type=encyclopedia&#038;p=5697"},"modified":"2026-02-24T01:37:33","modified_gmt":"2026-02-24T00:37:33","slug":"temporallappen","status":"publish","type":"encyclopedia","link":"https:\/\/www.vitalibera.org\/community\/enzyklopaedie\/temporallappen\/","title":{"rendered":"Temporallappen"},"content":{"rendered":"<div class=\"Y3BBE\" data-sfc-cp=\"\" data-hveid=\"CAEIABAC\">Der Temporallappen (Schl&auml;fenlappen) ist ein&nbsp;<mark class=\"HxTRcb\">zentraler Bereich des <a href=\"https:\/\/www.vitalibera.org\/community\/enzyklopaedie\/grosshirn\/\" target=\"_self\" title=\"Das Gro&szlig;hirn (Cerebrum) ist&nbsp;der gr&ouml;&szlig;te Teil des menschlichen Gehirns und f&uuml;r h&ouml;here Funktionen wie Denken, Bewusstsein, Erinnerung und willk&uuml;rliche Bewegungen zust&auml;ndig. Es besteht aus zwei H&auml;lften, die durch den Balken verbunden sind und von denen jede in vier Hauptlappen unterteilt ist: Frontal-, Scheitel-, Schl&auml;fen- und Hinterhauptslappen. Die Rinde des Gro&szlig;hirns ist f&uuml;r viele dieser Funktionen&hellip;\" class=\"encyclopedia\">Gro&szlig;hirn<\/a>s, gelegen seitlich unterhalb des Frontal- und <a href=\"https:\/\/www.vitalibera.org\/community\/enzyklopaedie\/parietallappen\/\" target=\"_self\" title=\"Der Parietallappen (Scheitellappen) ist ein&nbsp;zentraler Abschnitt des Gro&szlig;hirns, gelegen hinter dem Frontallappen, der essenziell f&uuml;r die Verarbeitung sensorischer Informationen, r&auml;umliche Orientierung und Aufmerksamkeit ist. Er integriert Ber&uuml;hrungs-, Schmerz- und Temperaturreize sowie visuelle Eindr&uuml;cke, um Bewegungen zu koordinieren, Objekte zu erkennen und Rechnen\/Lesen zu erm&ouml;glichen.&nbsp; Hauptfunktionen und Anatomie: Lage:&nbsp;Hinter dem Frontallappen (getrennt durch die Zentralfurche) und&hellip;\" class=\"encyclopedia\">Parietallappen<\/a>s<\/mark>. Er ist essenziell f&uuml;r die auditive Wahrnehmung (H&ouml;ren), das Sprachverst&auml;ndnis (<span data-wiz-uids=\"OfWy8b_a\">Wernicke-Zentrum<\/span>), das Langzeitged&auml;chtnis sowie die emotionale Verarbeitung und das Erkennen von Gesichtern oder Objekten.\n<div class=\"Fwa2Od\" data-animation-skip=\"\" data-signal-inputs=\"scS1X=OfWy8b_b\/scS1X\" data-ved=\"2ahUKEwjR2anc8PCSAxUW1QIHHRmcNdEQ3s0SegYIAQgAEAY\"><\/div>\n<\/div>\n<div class=\"Y3BBE\" data-sfc-cp=\"\" data-hveid=\"CAEIABAH\"><strong class=\"Yjhzub\">Hauptfunktionen des Temporallappens:<\/strong><\/div>\n<ul>\n<li><span class=\"T286Pc\" data-sfc-cp=\"\"><strong class=\"Yjhzub\">Auditorische Verarbeitung:<\/strong>&nbsp;Beinhaltet das prim&auml;re H&ouml;rzentrum zur Verarbeitung von Kl&auml;ngen.<\/span><\/li>\n<li><span class=\"T286Pc\" data-sfc-cp=\"\"><strong class=\"Yjhzub\">Sprachverst&auml;ndnis:<\/strong>&nbsp;Das Wernicke-Sprachzentrum (meist links) ist entscheidend f&uuml;r das Verst&auml;ndnis von Sprache.<\/span><\/li>\n<li><span class=\"T286Pc\" data-sfc-cp=\"\"><strong class=\"Yjhzub\">Ged&auml;chtnisbildung:<\/strong><\/span> Strukturen wie der <a href=\"https:\/\/www.vitalibera.org\/community\/enzyklopaedie\/hippocampus\/\" target=\"_self\" title=\"Die Hauptfunktionen des Hippocampus sind die Ged&auml;chtnisbildung und das Lernen.&nbsp;Er fungiert als &bdquo;Schaltstelle&ldquo;, die Informationen vom Kurzzeit- in das Langzeitged&auml;chtnis &uuml;berf&uuml;hrt, und ist au&szlig;erdem f&uuml;r das r&auml;umliche Ged&auml;chtnis, das Lernen von Fakten und Erfahrungen (deklaratives Ged&auml;chtnis) sowie die Verarbeitung von Emotionen wichtig.&nbsp;&nbsp; Ged&auml;chtnis und Lernen Transferfunktion:&nbsp; Der Hippocampus ist entscheidend f&uuml;r die &Uuml;bertragung von Informationen&hellip;\" class=\"encyclopedia\">Hippocampus<\/a> (im medialen Temporallappen) sind f&uuml;r das deklarative Ged&auml;chtnis zust&auml;ndig<\/li>\n<li><span class=\"T286Pc\" data-sfc-cp=\"\"><strong class=\"Yjhzub\">Emotionale Bewertung:<\/strong>&nbsp;Die <a href=\"https:\/\/www.vitalibera.org\/community\/enzyklopaedie\/amygdala\/\" target=\"_self\" title='Die Amygdala (Mandelkern) ist ein paariges Kerngebiet im Temporallappen des Gehirns und Teil des&nbsp;limbischen Systems. Sie fungiert als zentrales emotionales Bewertungszentrum, insbesondere f&uuml;r Angst, Furcht, Wut sowie die \"Kampf-oder-Flucht\"-Reaktion. Zudem ist sie entscheidend f&uuml;r das emotionale Ged&auml;chtnis und die Verarbeitung sensorischer Reize.' class=\"encyclopedia\">Amygdala<\/a> verarbeitet Emotionen und Ged&auml;chtnisinhalte.<\/span><\/li>\n<li><span class=\"T286Pc\" data-sfc-cp=\"\"><strong class=\"Yjhzub\">Visuelles Erkennen:<\/strong>&nbsp;Beteiligt an der Identifikation von Gesichtern und Objekten.<\/span><span class=\"uJ19be notranslate\" data-wiz-uids=\"OfWy8b_4t,OfWy8b_4u\"><span class=\"vKEkVd\" data-animation-atomic=\"\" data-wiz-attrbind=\"class=OfWy8b_4s\/TKHnVd\"><span aria-hidden=\"true\">&nbsp;<\/span><\/span><\/span><\/li>\n<\/ul>\n<div id=\"sdh__vGcaYCaK4a3i-gP-_jeoAk_12\">\n<div class=\"Y3BBE\" data-sfc-cp=\"\" data-hveid=\"CAEIAxAA\"><strong class=\"Yjhzub\">Folgen von Sch&auml;digungen:<\/strong><br data-serialized-params=\"[]\"><a href=\"https:\/\/www.vitalibera.org\/community\/enzyklopaedie\/laesion\/\" target=\"_self\" title=\"Eine L&auml;sion ist eine&nbsp;Sch&auml;digung oder Ver&auml;nderung des Gewebes in oder an einem K&ouml;rperteil, die durch Verletzungen, Infektionen, Krankheiten oder andere Prozesse verursacht wird.&nbsp;Es handelt sich um einen allgemeinen medizinischen Begriff f&uuml;r eine Verletzung, St&ouml;rung oder pathologische Ver&auml;nderung, die von einfachen Hautabsch&uuml;rfungen bis hin zu komplexen L&auml;sionen in Organen oder im Gehirn reichen kann.&nbsp;Beispiele sind Wunden,&hellip;\" class=\"encyclopedia\">L&auml;sion<\/a>en, oft bedingt durch Schlaganf&auml;lle oder Temporallappen<a href=\"https:\/\/www.vitalibera.org\/community\/enzyklopaedie\/epilepsie\/\" target=\"_self\" title='Die Epilepsie (\"Fallsucht\") ist eine relativ h&auml;ufige neurologische Erkrankung. Sie geh&ouml;rt zu den vor&uuml;bergehenden Funktionsst&ouml;rungen des Gehirns und ist durch&nbsp;epileptische Anf&auml;lle&nbsp;gekennzeichnet: Dabei feuern Nervenzellen (Neuronen) im&nbsp;Gehirn&nbsp;pl&ouml;tzlich f&uuml;r kurze Zeit synchron und unkontrolliert Impulse ab. Epileptische Anf&auml;lle verlaufen unterschiedlich stark ausgepr&auml;gt. Dementsprechend variabel sind auch die Auswirkungen. Manche Betroffenen versp&uuml;ren zum Beispiel nur ein leichtes Zucken&hellip;' class=\"encyclopedia\">epilepsie<\/a> (h&auml;ufigste <a href=\"https:\/\/www.vitalibera.org\/community\/enzyklopaedie\/fokal\/\" target=\"_self\" title=\"Fokal (von lat.&nbsp;focus&nbsp;= Herd, Brennpunkt) bedeutet in der Medizin&nbsp;herdf&ouml;rmig, &ouml;rtlich begrenzt oder von einem bestimmten Krankheitsherd ausgehend. Es beschreibt Erkrankungen oder Symptome, die auf einen umschriebenen Bereich beschr&auml;nkt sind und nicht den gesamten K&ouml;rper oder das gesamte Organ betreffen\" class=\"encyclopedia\">fokal<\/a>e <a href=\"https:\/\/www.vitalibera.org\/community\/enzyklopaedie\/epilepsie\/\" target=\"_self\" title='Die Epilepsie (\"Fallsucht\") ist eine relativ h&auml;ufige neurologische Erkrankung. Sie geh&ouml;rt zu den vor&uuml;bergehenden Funktionsst&ouml;rungen des Gehirns und ist durch&nbsp;epileptische Anf&auml;lle&nbsp;gekennzeichnet: Dabei feuern Nervenzellen (Neuronen) im&nbsp;Gehirn&nbsp;pl&ouml;tzlich f&uuml;r kurze Zeit synchron und unkontrolliert Impulse ab. Epileptische Anf&auml;lle verlaufen unterschiedlich stark ausgepr&auml;gt. Dementsprechend variabel sind auch die Auswirkungen. Manche Betroffenen versp&uuml;ren zum Beispiel nur ein leichtes Zucken&hellip;' class=\"encyclopedia\">Epilepsie<\/a>), k&ouml;nnen zu Ged&auml;chtnisst&ouml;rungen, Sprachverst&auml;ndnisproblemen (<a href=\"https:\/\/www.vitalibera.org\/community\/enzyklopaedie\/aphasie\/\" target=\"_self\" title=\"Eine Aphasie ist eine&nbsp;Sprachst&ouml;rung, die die Beeintr&auml;chtigung von Wortverst&auml;ndnis oder Wortproduktion oder nichtverbalen Entsprechungen von W&ouml;rtern umfasst. Sie resultiert aus einer Funktionsst&ouml;rung der Sprachzentren in der Gro&szlig;hirnrinde und in den Basalganglien oder den verbindenden Bahnen in der wei&szlig;en Substanz. &nbsp;\" class=\"encyclopedia\">Aphasie<\/a>), ver&auml;ndertem Sozialverhalten oder dem Unverm&ouml;gen, Gesichter zu erkennen (Prosopagnosie), f&uuml;hren<\/div>\n<\/div>\n","protected":false},"excerpt":{"rendered":"<p>Der Temporallappen (Schl\u00e4fenlappen) ist ein\u00a0zentraler Bereich des Gro\u00dfhirns, gelegen seitlich unterhalb des Frontal- und Parietallappens. Er ist essenziell f\u00fcr die auditive Wahrnehmung (H\u00f6ren), das Sprachverst\u00e4ndnis (Wernicke-Zentrum), das Langzeitged\u00e4chtnis sowie die emotionale Verarbeitung und das Erkennen von Gesichtern oder Objekten. Hauptfunktionen des Temporallappens: Auditorische Verarbeitung:\u00a0Beinhaltet das prim\u00e4re H\u00f6rzentrum zur Verarbeitung von Kl\u00e4ngen. Sprachverst\u00e4ndnis:\u00a0Das Wernicke-Sprachzentrum (meist links) &#8230; <a title=\"Temporallappen\" class=\"read-more\" href=\"https:\/\/www.vitalibera.org\/community\/enzyklopaedie\/temporallappen\/\" aria-label=\"Mehr Informationen \u00fcber Temporallappen\">Weiterlesen<\/a><\/p>\n","protected":false},"author":1,"template":"","encyclopedia-tag":[464],"class_list":["post-5697","encyclopedia","type-encyclopedia","status-publish","hentry","encyclopedia-tag-schlaefenlappen"],"yoast_head":"<!-- This site is optimized with the Yoast SEO plugin v27.4 - https:\/\/yoast.com\/product\/yoast-seo-wordpress\/ -->\r\n<title>Temporallappen - vitalibera.org<\/title>\r\n<meta name=\"description\" content=\"Der Temporallappen (Schl\u00e4fenlappen) ist ein\u00a0zentraler Bereich des Gro\u00dfhirns, gelegen seitlich unterhalb des Frontal- und Parietallappens. Er ist essenziell f\u00fcr die auditive Wahrnehmung (H\u00f6ren), das Sprachverst\u00e4ndnis (Wernicke-Zentrum), das Langzeitged\u00e4chtnis sowie die emotionale Verarbeitung und das Erkennen von Gesichtern oder Objekten.\" \/>\r\n<meta name=\"robots\" content=\"index, follow, max-snippet:-1, max-image-preview:large, max-video-preview:-1\" \/>\r\n<link rel=\"canonical\" href=\"https:\/\/www.vitalibera.org\/community\/enzyklopaedie\/temporallappen\/\" \/>\r\n<meta property=\"og:locale\" content=\"de_DE\" \/>\r\n<meta property=\"og:type\" content=\"article\" \/>\r\n<meta property=\"og:title\" content=\"Temporallappen - vitalibera.org\" \/>\r\n<meta property=\"og:description\" content=\"Der Temporallappen (Schl\u00e4fenlappen) ist ein\u00a0zentraler Bereich des Gro\u00dfhirns, gelegen seitlich unterhalb des Frontal- und Parietallappens. Er ist essenziell f\u00fcr die auditive Wahrnehmung (H\u00f6ren), das Sprachverst\u00e4ndnis (Wernicke-Zentrum), das Langzeitged\u00e4chtnis sowie die emotionale Verarbeitung und das Erkennen von Gesichtern oder Objekten.\" \/>\r\n<meta property=\"og:url\" content=\"https:\/\/www.vitalibera.org\/community\/enzyklopaedie\/temporallappen\/\" \/>\r\n<meta property=\"og:site_name\" content=\"vitalibera.org\" \/>\r\n<meta property=\"article:publisher\" content=\"https:\/\/www.facebook.com\/groups\/2997085857140235\" \/>\r\n<meta name=\"twitter:card\" content=\"summary_large_image\" \/>\r\n<meta name=\"twitter:label1\" content=\"Gesch\u00e4tzte Lesezeit\" \/>\n\t<meta name=\"twitter:data1\" content=\"1\u00a0Minute\" \/>\r\n<script type=\"application\/ld+json\" class=\"yoast-schema-graph\">{\"@context\":\"https:\\\/\\\/schema.org\",\"@graph\":[{\"@type\":\"WebPage\",\"@id\":\"https:\\\/\\\/www.vitalibera.org\\\/community\\\/enzyklopaedie\\\/temporallappen\\\/\",\"url\":\"https:\\\/\\\/www.vitalibera.org\\\/community\\\/enzyklopaedie\\\/temporallappen\\\/\",\"name\":\"Temporallappen - vitalibera.org\",\"isPartOf\":{\"@id\":\"https:\\\/\\\/www.vitalibera.org\\\/community\\\/#website\"},\"datePublished\":\"2026-02-24T00:37:33+00:00\",\"description\":\"Der Temporallappen (Schl\u00e4fenlappen) ist ein\u00a0zentraler Bereich des Gro\u00dfhirns, gelegen seitlich unterhalb des Frontal- und Parietallappens. Er ist essenziell f\u00fcr die auditive Wahrnehmung (H\u00f6ren), das Sprachverst\u00e4ndnis (Wernicke-Zentrum), das Langzeitged\u00e4chtnis sowie die emotionale Verarbeitung und das Erkennen von Gesichtern oder Objekten.\",\"breadcrumb\":{\"@id\":\"https:\\\/\\\/www.vitalibera.org\\\/community\\\/enzyklopaedie\\\/temporallappen\\\/#breadcrumb\"},\"inLanguage\":\"de\",\"potentialAction\":[{\"@type\":\"ReadAction\",\"target\":[\"https:\\\/\\\/www.vitalibera.org\\\/community\\\/enzyklopaedie\\\/temporallappen\\\/\"]}]},{\"@type\":\"BreadcrumbList\",\"@id\":\"https:\\\/\\\/www.vitalibera.org\\\/community\\\/enzyklopaedie\\\/temporallappen\\\/#breadcrumb\",\"itemListElement\":[{\"@type\":\"ListItem\",\"position\":1,\"name\":\"Startseite\",\"item\":\"https:\\\/\\\/www.vitalibera.org\\\/community\\\/\"},{\"@type\":\"ListItem\",\"position\":2,\"name\":\"Glossar\",\"item\":\"https:\\\/\\\/www.vitalibera.org\\\/community\\\/enzyklopaedie\\\/\"},{\"@type\":\"ListItem\",\"position\":3,\"name\":\"Temporallappen\"}]},{\"@type\":\"WebSite\",\"@id\":\"https:\\\/\\\/www.vitalibera.org\\\/community\\\/#website\",\"url\":\"https:\\\/\\\/www.vitalibera.org\\\/community\\\/\",\"name\":\"vitalibera.org\",\"description\":\"Mit einer Einschr&auml;nkung gestaltet sich das Leben im Alltag oft schwieriger - hier berichten wir &uuml;ber unsere Erfahrungen und Hilfsmittel um den Alltag so unbeschwert und unkompliziert wie nur m&ouml;glich geniessen zu k&ouml;nnen. Dabei richten wir unseren Fokus gezielt auf Selbst&auml;ndigkeit, Eigenst&auml;ndigkeit und Selbstbestimmung.\",\"publisher\":{\"@id\":\"https:\\\/\\\/www.vitalibera.org\\\/community\\\/#organization\"},\"potentialAction\":[{\"@type\":\"SearchAction\",\"target\":{\"@type\":\"EntryPoint\",\"urlTemplate\":\"https:\\\/\\\/www.vitalibera.org\\\/community\\\/?s={search_term_string}\"},\"query-input\":{\"@type\":\"PropertyValueSpecification\",\"valueRequired\":true,\"valueName\":\"search_term_string\"}}],\"inLanguage\":\"de\"},{\"@type\":\"Organization\",\"@id\":\"https:\\\/\\\/www.vitalibera.org\\\/community\\\/#organization\",\"name\":\"vitalibera.org\",\"url\":\"https:\\\/\\\/www.vitalibera.org\\\/community\\\/\",\"logo\":{\"@type\":\"ImageObject\",\"inLanguage\":\"de\",\"@id\":\"https:\\\/\\\/www.vitalibera.org\\\/community\\\/#\\\/schema\\\/logo\\\/image\\\/\",\"url\":\"https:\\\/\\\/www.vitalibera.org\\\/community\\\/wp-content\\\/uploads\\\/2025\\\/09\\\/cropped-banner.png\",\"contentUrl\":\"https:\\\/\\\/www.vitalibera.org\\\/community\\\/wp-content\\\/uploads\\\/2025\\\/09\\\/cropped-banner.png\",\"width\":991,\"height\":150,\"caption\":\"vitalibera.org\"},\"image\":{\"@id\":\"https:\\\/\\\/www.vitalibera.org\\\/community\\\/#\\\/schema\\\/logo\\\/image\\\/\"},\"sameAs\":[\"https:\\\/\\\/www.facebook.com\\\/groups\\\/2997085857140235\"]}]}<\/script>\r\n<!-- \/ Yoast SEO plugin. -->","yoast_head_json":{"title":"Temporallappen - vitalibera.org","description":"Der Temporallappen (Schl\u00e4fenlappen) ist ein\u00a0zentraler Bereich des Gro\u00dfhirns, gelegen seitlich unterhalb des Frontal- und Parietallappens. Er ist essenziell f\u00fcr die auditive Wahrnehmung (H\u00f6ren), das Sprachverst\u00e4ndnis (Wernicke-Zentrum), das Langzeitged\u00e4chtnis sowie die emotionale Verarbeitung und das Erkennen von Gesichtern oder Objekten.","robots":{"index":"index","follow":"follow","max-snippet":"max-snippet:-1","max-image-preview":"max-image-preview:large","max-video-preview":"max-video-preview:-1"},"canonical":"https:\/\/www.vitalibera.org\/community\/enzyklopaedie\/temporallappen\/","og_locale":"de_DE","og_type":"article","og_title":"Temporallappen - vitalibera.org","og_description":"Der Temporallappen (Schl\u00e4fenlappen) ist ein\u00a0zentraler Bereich des Gro\u00dfhirns, gelegen seitlich unterhalb des Frontal- und Parietallappens. Er ist essenziell f\u00fcr die auditive Wahrnehmung (H\u00f6ren), das Sprachverst\u00e4ndnis (Wernicke-Zentrum), das Langzeitged\u00e4chtnis sowie die emotionale Verarbeitung und das Erkennen von Gesichtern oder Objekten.","og_url":"https:\/\/www.vitalibera.org\/community\/enzyklopaedie\/temporallappen\/","og_site_name":"vitalibera.org","article_publisher":"https:\/\/www.facebook.com\/groups\/2997085857140235","twitter_card":"summary_large_image","twitter_misc":{"Gesch\u00e4tzte Lesezeit":"1\u00a0Minute"},"schema":{"@context":"https:\/\/schema.org","@graph":[{"@type":"WebPage","@id":"https:\/\/www.vitalibera.org\/community\/enzyklopaedie\/temporallappen\/","url":"https:\/\/www.vitalibera.org\/community\/enzyklopaedie\/temporallappen\/","name":"Temporallappen - vitalibera.org","isPartOf":{"@id":"https:\/\/www.vitalibera.org\/community\/#website"},"datePublished":"2026-02-24T00:37:33+00:00","description":"Der Temporallappen (Schl\u00e4fenlappen) ist ein\u00a0zentraler Bereich des Gro\u00dfhirns, gelegen seitlich unterhalb des Frontal- und Parietallappens. Er ist essenziell f\u00fcr die auditive Wahrnehmung (H\u00f6ren), das Sprachverst\u00e4ndnis (Wernicke-Zentrum), das Langzeitged\u00e4chtnis sowie die emotionale Verarbeitung und das Erkennen von Gesichtern oder Objekten.","breadcrumb":{"@id":"https:\/\/www.vitalibera.org\/community\/enzyklopaedie\/temporallappen\/#breadcrumb"},"inLanguage":"de","potentialAction":[{"@type":"ReadAction","target":["https:\/\/www.vitalibera.org\/community\/enzyklopaedie\/temporallappen\/"]}]},{"@type":"BreadcrumbList","@id":"https:\/\/www.vitalibera.org\/community\/enzyklopaedie\/temporallappen\/#breadcrumb","itemListElement":[{"@type":"ListItem","position":1,"name":"Startseite","item":"https:\/\/www.vitalibera.org\/community\/"},{"@type":"ListItem","position":2,"name":"Glossar","item":"https:\/\/www.vitalibera.org\/community\/enzyklopaedie\/"},{"@type":"ListItem","position":3,"name":"Temporallappen"}]},{"@type":"WebSite","@id":"https:\/\/www.vitalibera.org\/community\/#website","url":"https:\/\/www.vitalibera.org\/community\/","name":"vitalibera.org","description":"Mit einer Einschr&auml;nkung gestaltet sich das Leben im Alltag oft schwieriger - hier berichten wir &uuml;ber unsere Erfahrungen und Hilfsmittel um den Alltag so unbeschwert und unkompliziert wie nur m&ouml;glich geniessen zu k&ouml;nnen. Dabei richten wir unseren Fokus gezielt auf Selbst&auml;ndigkeit, Eigenst&auml;ndigkeit und Selbstbestimmung.","publisher":{"@id":"https:\/\/www.vitalibera.org\/community\/#organization"},"potentialAction":[{"@type":"SearchAction","target":{"@type":"EntryPoint","urlTemplate":"https:\/\/www.vitalibera.org\/community\/?s={search_term_string}"},"query-input":{"@type":"PropertyValueSpecification","valueRequired":true,"valueName":"search_term_string"}}],"inLanguage":"de"},{"@type":"Organization","@id":"https:\/\/www.vitalibera.org\/community\/#organization","name":"vitalibera.org","url":"https:\/\/www.vitalibera.org\/community\/","logo":{"@type":"ImageObject","inLanguage":"de","@id":"https:\/\/www.vitalibera.org\/community\/#\/schema\/logo\/image\/","url":"https:\/\/www.vitalibera.org\/community\/wp-content\/uploads\/2025\/09\/cropped-banner.png","contentUrl":"https:\/\/www.vitalibera.org\/community\/wp-content\/uploads\/2025\/09\/cropped-banner.png","width":991,"height":150,"caption":"vitalibera.org"},"image":{"@id":"https:\/\/www.vitalibera.org\/community\/#\/schema\/logo\/image\/"},"sameAs":["https:\/\/www.facebook.com\/groups\/2997085857140235"]}]}},"jetpack_sharing_enabled":true,"_links":{"self":[{"href":"https:\/\/www.vitalibera.org\/community\/wp-json\/wp\/v2\/encyclopedia\/5697","targetHints":{"allow":["GET"]}}],"collection":[{"href":"https:\/\/www.vitalibera.org\/community\/wp-json\/wp\/v2\/encyclopedia"}],"about":[{"href":"https:\/\/www.vitalibera.org\/community\/wp-json\/wp\/v2\/types\/encyclopedia"}],"author":[{"embeddable":true,"href":"https:\/\/www.vitalibera.org\/community\/wp-json\/wp\/v2\/users\/1"}],"wp:attachment":[{"href":"https:\/\/www.vitalibera.org\/community\/wp-json\/wp\/v2\/media?parent=5697"}],"wp:term":[{"taxonomy":"encyclopedia-tag","embeddable":true,"href":"https:\/\/www.vitalibera.org\/community\/wp-json\/wp\/v2\/encyclopedia-tag?post=5697"}],"curies":[{"name":"wp","href":"https:\/\/api.w.org\/{rel}","templated":true}]}}