{"id":6176,"date":"2026-03-17T10:10:24","date_gmt":"2026-03-17T09:10:24","guid":{"rendered":"https:\/\/www.vitalibera.org\/community\/?post_type=encyclopedia&#038;p=6176"},"modified":"2026-03-17T10:10:24","modified_gmt":"2026-03-17T09:10:24","slug":"covid","status":"publish","type":"encyclopedia","link":"https:\/\/www.vitalibera.org\/community\/enzyklopaedie\/covid\/","title":{"rendered":"Covid"},"content":{"rendered":"<div class=\"Y3BBE\" data-sfc-cp=\"\" data-sfc-cb=\"\" data-hveid=\"CAEQAA\" data-processed=\"true\">COVID-19 (Coronavirus Disease 2019) ist eine&nbsp;<mark class=\"HxTRcb\" data-sfc-cb=\"\" data-processed=\"true\">infekti&ouml;se Atemwegserkrankung, die durch das Virus SARS-CoV-2 verursacht wird<\/mark>. Sie trat erstmals Ende 2019 auf und zeichnet sich durch ein breites Spektrum an Symptomen aus, das von symptomlosen Verl&auml;ufen bis hin zu schweren Lungenentz&uuml;ndungen mit t&ouml;dlichem Ausgang reicht.<span class=\"uJ19be notranslate\" data-wiz-uids=\"V95wU_c,V95wU_d\" data-sfc-cb=\"\" data-processed=\"true\"><span class=\"vKEkVd\" data-animation-atomic=\"\" data-wiz-attrbind=\"class=V95wU_b\/TKHnVd\" data-processed=\"true\"><span aria-hidden=\"true\" data-processed=\"true\">&nbsp;<\/span><\/span><\/span><\/div>\n<div data-sfc-cp=\"\" data-sfc-cb=\"\" data-hveid=\"CAEQAA\" data-processed=\"true\"><\/div>\n<div class=\"Y3BBE\" data-sfc-cp=\"\" data-sfc-cb=\"\" data-hveid=\"CAIQAA\" data-processed=\"true\"><strong class=\"Yjhzub\" data-sfc-cb=\"\" data-processed=\"true\">Wichtige Fakten zur Definition:<\/strong><\/div>\n<ul class=\"KsbFXc U6u95\" data-sfc-cb=\"\" data-processed=\"true\">\n<li class=\"dF3vjf\" data-sfc-cb=\"\" data-hveid=\"CAMQAA\" data-processed=\"true\"><span class=\"T286Pc\" data-sfc-cp=\"\" data-sfc-cb=\"\" data-processed=\"true\"><strong class=\"Yjhzub\" data-sfc-cb=\"\" data-processed=\"true\">Erreger:<\/strong>&nbsp;Das Virus&nbsp;<span data-wiz-uids=\"V95wU_q\" data-sfc-cb=\"\" data-processed=\"true\">SARS-CoV-2<\/span>&nbsp;(Severe Acute Respiratory Syndrome Coronavirus 2).<\/span><\/li>\n<li class=\"dF3vjf\" data-sfc-cb=\"\" data-hveid=\"CAMQAg\" data-processed=\"true\"><span class=\"T286Pc\" data-sfc-cp=\"\" data-sfc-cb=\"\" data-processed=\"true\"><strong class=\"Yjhzub\" data-sfc-cb=\"\" data-processed=\"true\">&Uuml;bertragung:<\/strong>&nbsp;Haupts&auml;chlich durch Tr&ouml;pfcheninfektion (Aerosole) beim Atmen, Sprechen, Husten oder Niesen.<\/span><\/li>\n<li class=\"dF3vjf\" data-sfc-cb=\"\" data-hveid=\"CAMQAw\" data-processed=\"true\"><span class=\"T286Pc\" data-sfc-cp=\"\" data-sfc-cb=\"\" data-processed=\"true\"><strong class=\"Yjhzub\" data-sfc-cb=\"\" data-processed=\"true\">Symptome:<\/strong> H&auml;ufig Fieber, trockener Husten, M&uuml;digkeit und Verlust des Geschmacks-\/Geruchssinns. Schwere F&auml;lle k&ouml;nnen zu Atemnot und Lungenversagen f&uuml;hren.<\/span><\/li>\n<li class=\"dF3vjf\" data-sfc-cb=\"\" data-hveid=\"CAMQAw\" data-processed=\"true\"><strong class=\"Yjhzub\" style=\"font-size: inherit;\" data-sfc-cb=\"\" data-processed=\"true\">Meldepflicht:<\/strong><span style=\"font-size: inherit;\"> COVID-19 ist eine meldepflichtige Krankheit.<\/span><\/li>\n<\/ul>\n<p>Die Krankheit kann den gesamten K&ouml;rper betreffen, wobei die Atemwege das prim&auml;re Zielorgan darstellen.<\/p>\n","protected":false},"excerpt":{"rendered":"<p>COVID-19 (Coronavirus Disease 2019) ist eine\u00a0infekti\u00f6se Atemwegserkrankung, die durch das Virus SARS-CoV-2 verursacht wird. Sie trat erstmals Ende 2019 auf und zeichnet sich durch ein breites Spektrum an Symptomen aus, das von symptomlosen Verl\u00e4ufen bis hin zu schweren Lungenentz\u00fcndungen mit t\u00f6dlichem Ausgang reicht.\u00a0 Wichtige Fakten zur Definition: Erreger:\u00a0Das Virus\u00a0SARS-CoV-2\u00a0(Severe Acute Respiratory Syndrome Coronavirus 2). \u00dcbertragung:\u00a0Haupts\u00e4chlich &#8230; <a title=\"Covid\" class=\"read-more\" href=\"https:\/\/www.vitalibera.org\/community\/enzyklopaedie\/covid\/\" aria-label=\"Mehr Informationen \u00fcber Covid\">Weiterlesen<\/a><\/p>\n","protected":false},"author":1,"template":"","encyclopedia-tag":[],"class_list":["post-6176","encyclopedia","type-encyclopedia","status-publish","hentry"],"yoast_head":"<!-- This site is optimized with the Yoast SEO plugin v27.4 - https:\/\/yoast.com\/product\/yoast-seo-wordpress\/ -->\r\n<title>Covid - vitalibera.org<\/title>\r\n<meta name=\"description\" content=\"COVID-19 (Coronavirus Disease 2019) ist eine\u00a0infekti\u00f6se Atemwegserkrankung, die durch das Virus SARS-CoV-2 verursacht wird. Sie trat erstmals Ende 2019 auf und zeichnet sich durch ein breites Spektrum an Symptomen aus, das von symptomlosen Verl\u00e4ufen bis hin zu schweren Lungenentz\u00fcndungen mit t\u00f6dlichem Ausgang reicht.\u00a0\" \/>\r\n<meta name=\"robots\" content=\"index, follow, max-snippet:-1, max-image-preview:large, max-video-preview:-1\" \/>\r\n<link rel=\"canonical\" href=\"http:\/\/www.vitalibera.org\/community\/enzyklopaedie\/covid\/\" \/>\r\n<meta property=\"og:locale\" content=\"de_DE\" \/>\r\n<meta property=\"og:type\" content=\"article\" \/>\r\n<meta property=\"og:title\" content=\"Covid - vitalibera.org\" \/>\r\n<meta property=\"og:description\" content=\"COVID-19 (Coronavirus Disease 2019) ist eine\u00a0infekti\u00f6se Atemwegserkrankung, die durch das Virus SARS-CoV-2 verursacht wird. Sie trat erstmals Ende 2019 auf und zeichnet sich durch ein breites Spektrum an Symptomen aus, das von symptomlosen Verl\u00e4ufen bis hin zu schweren Lungenentz\u00fcndungen mit t\u00f6dlichem Ausgang reicht.\u00a0\" \/>\r\n<meta property=\"og:url\" content=\"http:\/\/www.vitalibera.org\/community\/enzyklopaedie\/covid\/\" \/>\r\n<meta property=\"og:site_name\" content=\"vitalibera.org\" \/>\r\n<meta property=\"article:publisher\" content=\"https:\/\/www.facebook.com\/groups\/2997085857140235\" \/>\r\n<meta name=\"twitter:card\" content=\"summary_large_image\" \/>\r\n<meta name=\"twitter:label1\" content=\"Gesch\u00e4tzte Lesezeit\" \/>\n\t<meta name=\"twitter:data1\" content=\"1\u00a0Minute\" \/>\r\n<script type=\"application\/ld+json\" class=\"yoast-schema-graph\">{\"@context\":\"https:\\\/\\\/schema.org\",\"@graph\":[{\"@type\":\"WebPage\",\"@id\":\"http:\\\/\\\/www.vitalibera.org\\\/community\\\/enzyklopaedie\\\/covid\\\/\",\"url\":\"http:\\\/\\\/www.vitalibera.org\\\/community\\\/enzyklopaedie\\\/covid\\\/\",\"name\":\"Covid - vitalibera.org\",\"isPartOf\":{\"@id\":\"https:\\\/\\\/www.vitalibera.org\\\/community\\\/#website\"},\"datePublished\":\"2026-03-17T09:10:24+00:00\",\"description\":\"COVID-19 (Coronavirus Disease 2019) ist eine\u00a0infekti\u00f6se Atemwegserkrankung, die durch das Virus SARS-CoV-2 verursacht wird. Sie trat erstmals Ende 2019 auf und zeichnet sich durch ein breites Spektrum an Symptomen aus, das von symptomlosen Verl\u00e4ufen bis hin zu schweren Lungenentz\u00fcndungen mit t\u00f6dlichem Ausgang reicht.\u00a0\",\"breadcrumb\":{\"@id\":\"http:\\\/\\\/www.vitalibera.org\\\/community\\\/enzyklopaedie\\\/covid\\\/#breadcrumb\"},\"inLanguage\":\"de\",\"potentialAction\":[{\"@type\":\"ReadAction\",\"target\":[\"http:\\\/\\\/www.vitalibera.org\\\/community\\\/enzyklopaedie\\\/covid\\\/\"]}]},{\"@type\":\"BreadcrumbList\",\"@id\":\"http:\\\/\\\/www.vitalibera.org\\\/community\\\/enzyklopaedie\\\/covid\\\/#breadcrumb\",\"itemListElement\":[{\"@type\":\"ListItem\",\"position\":1,\"name\":\"Startseite\",\"item\":\"https:\\\/\\\/www.vitalibera.org\\\/community\\\/\"},{\"@type\":\"ListItem\",\"position\":2,\"name\":\"Glossar\",\"item\":\"https:\\\/\\\/www.vitalibera.org\\\/community\\\/enzyklopaedie\\\/\"},{\"@type\":\"ListItem\",\"position\":3,\"name\":\"Covid\"}]},{\"@type\":\"WebSite\",\"@id\":\"https:\\\/\\\/www.vitalibera.org\\\/community\\\/#website\",\"url\":\"https:\\\/\\\/www.vitalibera.org\\\/community\\\/\",\"name\":\"vitalibera.org\",\"description\":\"Mit einer Einschr&auml;nkung gestaltet sich das Leben im Alltag oft schwieriger - hier berichten wir &uuml;ber unsere Erfahrungen und Hilfsmittel um den Alltag so unbeschwert und unkompliziert wie nur m&ouml;glich geniessen zu k&ouml;nnen. Dabei richten wir unseren Fokus gezielt auf Selbst&auml;ndigkeit, Eigenst&auml;ndigkeit und Selbstbestimmung.\",\"publisher\":{\"@id\":\"https:\\\/\\\/www.vitalibera.org\\\/community\\\/#organization\"},\"potentialAction\":[{\"@type\":\"SearchAction\",\"target\":{\"@type\":\"EntryPoint\",\"urlTemplate\":\"https:\\\/\\\/www.vitalibera.org\\\/community\\\/?s={search_term_string}\"},\"query-input\":{\"@type\":\"PropertyValueSpecification\",\"valueRequired\":true,\"valueName\":\"search_term_string\"}}],\"inLanguage\":\"de\"},{\"@type\":\"Organization\",\"@id\":\"https:\\\/\\\/www.vitalibera.org\\\/community\\\/#organization\",\"name\":\"vitalibera.org\",\"url\":\"https:\\\/\\\/www.vitalibera.org\\\/community\\\/\",\"logo\":{\"@type\":\"ImageObject\",\"inLanguage\":\"de\",\"@id\":\"https:\\\/\\\/www.vitalibera.org\\\/community\\\/#\\\/schema\\\/logo\\\/image\\\/\",\"url\":\"https:\\\/\\\/www.vitalibera.org\\\/community\\\/wp-content\\\/uploads\\\/2025\\\/09\\\/cropped-banner.png\",\"contentUrl\":\"https:\\\/\\\/www.vitalibera.org\\\/community\\\/wp-content\\\/uploads\\\/2025\\\/09\\\/cropped-banner.png\",\"width\":991,\"height\":150,\"caption\":\"vitalibera.org\"},\"image\":{\"@id\":\"https:\\\/\\\/www.vitalibera.org\\\/community\\\/#\\\/schema\\\/logo\\\/image\\\/\"},\"sameAs\":[\"https:\\\/\\\/www.facebook.com\\\/groups\\\/2997085857140235\"]}]}<\/script>\r\n<!-- \/ Yoast SEO plugin. -->","yoast_head_json":{"title":"Covid - vitalibera.org","description":"COVID-19 (Coronavirus Disease 2019) ist eine\u00a0infekti\u00f6se Atemwegserkrankung, die durch das Virus SARS-CoV-2 verursacht wird. Sie trat erstmals Ende 2019 auf und zeichnet sich durch ein breites Spektrum an Symptomen aus, das von symptomlosen Verl\u00e4ufen bis hin zu schweren Lungenentz\u00fcndungen mit t\u00f6dlichem Ausgang reicht.\u00a0","robots":{"index":"index","follow":"follow","max-snippet":"max-snippet:-1","max-image-preview":"max-image-preview:large","max-video-preview":"max-video-preview:-1"},"canonical":"http:\/\/www.vitalibera.org\/community\/enzyklopaedie\/covid\/","og_locale":"de_DE","og_type":"article","og_title":"Covid - vitalibera.org","og_description":"COVID-19 (Coronavirus Disease 2019) ist eine\u00a0infekti\u00f6se Atemwegserkrankung, die durch das Virus SARS-CoV-2 verursacht wird. Sie trat erstmals Ende 2019 auf und zeichnet sich durch ein breites Spektrum an Symptomen aus, das von symptomlosen Verl\u00e4ufen bis hin zu schweren Lungenentz\u00fcndungen mit t\u00f6dlichem Ausgang reicht.\u00a0","og_url":"http:\/\/www.vitalibera.org\/community\/enzyklopaedie\/covid\/","og_site_name":"vitalibera.org","article_publisher":"https:\/\/www.facebook.com\/groups\/2997085857140235","twitter_card":"summary_large_image","twitter_misc":{"Gesch\u00e4tzte Lesezeit":"1\u00a0Minute"},"schema":{"@context":"https:\/\/schema.org","@graph":[{"@type":"WebPage","@id":"http:\/\/www.vitalibera.org\/community\/enzyklopaedie\/covid\/","url":"http:\/\/www.vitalibera.org\/community\/enzyklopaedie\/covid\/","name":"Covid - vitalibera.org","isPartOf":{"@id":"https:\/\/www.vitalibera.org\/community\/#website"},"datePublished":"2026-03-17T09:10:24+00:00","description":"COVID-19 (Coronavirus Disease 2019) ist eine\u00a0infekti\u00f6se Atemwegserkrankung, die durch das Virus SARS-CoV-2 verursacht wird. Sie trat erstmals Ende 2019 auf und zeichnet sich durch ein breites Spektrum an Symptomen aus, das von symptomlosen Verl\u00e4ufen bis hin zu schweren Lungenentz\u00fcndungen mit t\u00f6dlichem Ausgang reicht.\u00a0","breadcrumb":{"@id":"http:\/\/www.vitalibera.org\/community\/enzyklopaedie\/covid\/#breadcrumb"},"inLanguage":"de","potentialAction":[{"@type":"ReadAction","target":["http:\/\/www.vitalibera.org\/community\/enzyklopaedie\/covid\/"]}]},{"@type":"BreadcrumbList","@id":"http:\/\/www.vitalibera.org\/community\/enzyklopaedie\/covid\/#breadcrumb","itemListElement":[{"@type":"ListItem","position":1,"name":"Startseite","item":"https:\/\/www.vitalibera.org\/community\/"},{"@type":"ListItem","position":2,"name":"Glossar","item":"https:\/\/www.vitalibera.org\/community\/enzyklopaedie\/"},{"@type":"ListItem","position":3,"name":"Covid"}]},{"@type":"WebSite","@id":"https:\/\/www.vitalibera.org\/community\/#website","url":"https:\/\/www.vitalibera.org\/community\/","name":"vitalibera.org","description":"Mit einer Einschr&auml;nkung gestaltet sich das Leben im Alltag oft schwieriger - hier berichten wir &uuml;ber unsere Erfahrungen und Hilfsmittel um den Alltag so unbeschwert und unkompliziert wie nur m&ouml;glich geniessen zu k&ouml;nnen. Dabei richten wir unseren Fokus gezielt auf Selbst&auml;ndigkeit, Eigenst&auml;ndigkeit und Selbstbestimmung.","publisher":{"@id":"https:\/\/www.vitalibera.org\/community\/#organization"},"potentialAction":[{"@type":"SearchAction","target":{"@type":"EntryPoint","urlTemplate":"https:\/\/www.vitalibera.org\/community\/?s={search_term_string}"},"query-input":{"@type":"PropertyValueSpecification","valueRequired":true,"valueName":"search_term_string"}}],"inLanguage":"de"},{"@type":"Organization","@id":"https:\/\/www.vitalibera.org\/community\/#organization","name":"vitalibera.org","url":"https:\/\/www.vitalibera.org\/community\/","logo":{"@type":"ImageObject","inLanguage":"de","@id":"https:\/\/www.vitalibera.org\/community\/#\/schema\/logo\/image\/","url":"https:\/\/www.vitalibera.org\/community\/wp-content\/uploads\/2025\/09\/cropped-banner.png","contentUrl":"https:\/\/www.vitalibera.org\/community\/wp-content\/uploads\/2025\/09\/cropped-banner.png","width":991,"height":150,"caption":"vitalibera.org"},"image":{"@id":"https:\/\/www.vitalibera.org\/community\/#\/schema\/logo\/image\/"},"sameAs":["https:\/\/www.facebook.com\/groups\/2997085857140235"]}]}},"jetpack_sharing_enabled":true,"_links":{"self":[{"href":"https:\/\/www.vitalibera.org\/community\/wp-json\/wp\/v2\/encyclopedia\/6176","targetHints":{"allow":["GET"]}}],"collection":[{"href":"https:\/\/www.vitalibera.org\/community\/wp-json\/wp\/v2\/encyclopedia"}],"about":[{"href":"https:\/\/www.vitalibera.org\/community\/wp-json\/wp\/v2\/types\/encyclopedia"}],"author":[{"embeddable":true,"href":"https:\/\/www.vitalibera.org\/community\/wp-json\/wp\/v2\/users\/1"}],"wp:attachment":[{"href":"https:\/\/www.vitalibera.org\/community\/wp-json\/wp\/v2\/media?parent=6176"}],"wp:term":[{"taxonomy":"encyclopedia-tag","embeddable":true,"href":"https:\/\/www.vitalibera.org\/community\/wp-json\/wp\/v2\/encyclopedia-tag?post=6176"}],"curies":[{"name":"wp","href":"https:\/\/api.w.org\/{rel}","templated":true}]}}