{"id":6188,"date":"2026-03-17T14:58:39","date_gmt":"2026-03-17T13:58:39","guid":{"rendered":"https:\/\/www.vitalibera.org\/community\/?post_type=encyclopedia&#038;p=6188"},"modified":"2026-03-17T14:58:39","modified_gmt":"2026-03-17T13:58:39","slug":"rem-schlaf","status":"publish","type":"encyclopedia","link":"https:\/\/www.vitalibera.org\/community\/enzyklopaedie\/rem-schlaf\/","title":{"rendered":"REM-Schlaf"},"content":{"rendered":"<p>Der REM-Schlaf (Rapid Eye Movement) ist die&nbsp;<mark class=\"HxTRcb\" data-sfc-cb=\"\">traumintensive Phase des Schlafzyklus, gekennzeichnet durch schnelle Augenbewegungen, hohe Gehirnaktivit&auml;t, gesteigerten Puls und eine fast vollst&auml;ndige Entspannung der Muskeln<\/mark>&nbsp;(Atonie). Er tritt meist im letzten Drittel der Nacht auf, dauert etwa 90-120 Minuten und ist essenziell f&uuml;r die emotionale Verarbeitung, Ged&auml;chtnisbildung und Kreativit&auml;t<\/p>\n<div class=\"Y3BBE\" data-sfc-cp=\"\" data-sfc-cb=\"\" data-hveid=\"CAEIABAG\"><strong class=\"Yjhzub\" data-sfc-cb=\"\">Wichtige Fakten zum REM-Schlaf:<\/strong><\/div>\n<ul>\n<li><span class=\"T286Pc\" data-sfc-cp=\"\" data-sfc-cb=\"\"><strong class=\"Yjhzub\" data-sfc-cb=\"\"><span data-wiz-uids=\"FVsqhe_n\" data-sfc-cb=\"\">Traumschlaf<\/span>:<\/strong>&nbsp;In dieser Phase entstehen die lebhaftesten Tr&auml;ume.<\/span><\/li>\n<li><span class=\"T286Pc\" data-sfc-cp=\"\" data-sfc-cb=\"\"><strong class=\"Yjhzub\" data-sfc-cb=\"\"><span data-wiz-uids=\"FVsqhe_s\" data-sfc-cb=\"\">Paradoxer Schlaf<\/span>:<\/strong>&nbsp;Das Gehirn arbeitet &auml;hnlich aktiv wie im Wachzustand, w&auml;hrend der K&ouml;rper entspannt ist (verhindert das Ausagieren von Tr&auml;umen).<\/span><\/li>\n<li><span class=\"T286Pc\" data-sfc-cp=\"\" data-sfc-cb=\"\"><strong class=\"Yjhzub\" data-sfc-cb=\"\"><span data-wiz-uids=\"FVsqhe_x\" data-sfc-cb=\"\">Physische Anzeichen<\/span><\/strong><\/span>&nbsp;Schnelle Augenbewegungen unter geschlossenen Lidern, erh&ouml;hter <a href=\"https:\/\/www.vitalibera.org\/community\/enzyklopaedie\/blutdruck\/\" target=\"_self\" title=\"Der Blutdruck ist der Druck des Blutes auf die Arterienw&auml;nde, gemessen in Millimeter Quecksilbers&auml;ule (mmHg).&nbsp;Ein optimaler Wert f&uuml;r Erwachsene ist unter 120\/80 mmHg, wobei Werte bis 130\/85 mmHg als normal gelten.&nbsp;Bluthochdruck (Hypertonie) liegt vor, wenn die Werte dauerhaft erh&ouml;ht sind und kann durch Lebensstilfaktoren wie Stress, ungesunde Ern&auml;hrung oder Bewegungsmangel entstehen.&nbsp;Bei Verdacht auf erh&ouml;hte Werte&hellip;\" class=\"encyclopedia\">Blutdruck<\/a>, unregelm&auml;&szlig;ige Atmung.<\/li>\n<li><span class=\"T286Pc\" data-sfc-cp=\"\" data-sfc-cb=\"\"><strong class=\"Yjhzub\" data-sfc-cb=\"\"><span data-wiz-uids=\"FVsqhe_4f\" data-sfc-cb=\"\">Dauer<\/span>:<\/strong>&nbsp;Nimmt etwa 20-25% des Gesamtschlafs bei Erwachsenen ein, wobei die Phasen in der zweiten Nachth&auml;lfte l&auml;nger werden.<\/span><\/li>\n<li><span class=\"T286Pc\" data-sfc-cp=\"\" data-sfc-cb=\"\"><strong class=\"Yjhzub\" data-sfc-cb=\"\"><span data-wiz-uids=\"FVsqhe_4k\" data-sfc-cb=\"\">Funktion<\/span>:<\/strong> Verarbeitung von Emotionen, Ged&auml;chtniskonsolidierung (Festigung des Gelernten) und Regeneration des Gehirns.<\/span><\/li>\n<\/ul>\n<div id=\"sdh_HV25afTcLIGM9u8P6veA-QQ_3\"><\/div>\n<div id=\"sdh_HV25afTcLIGM9u8P6veA-QQ_4\">\n<div class=\"Y3BBE\" data-sfc-cp=\"\" data-sfc-cb=\"\" data-hveid=\"CAEIAhAA\">Die REM-Schlafphase folgt typischerweise auf die <a href=\"https:\/\/www.vitalibera.org\/community\/enzyklopaedie\/tiefschlaf\/\" target=\"_self\" title=\"Tiefschlaf ist die&nbsp;erholsamste Phase des Schlafzyklus (NREM-Schlafstadium N3), in der sich K&ouml;rper und Gehirn regenerieren, Zellen erneuern und das Immunsystem gest&auml;rkt wird. In dieser Zeit sind Puls, Atmung und Gehirnaktivit&auml;t stark verlangsamt, w&auml;hrend der K&ouml;rper meist regungslos ist. Tiefschlaf ist essenziell f&uuml;r die Verarbeitung von Informationen, Ged&auml;chtnisbildung und k&ouml;rperliche Reparaturprozesse. Wichtige Fakten zum Tiefschlaf: Zeitpunkt&hellip;\" class=\"encyclopedia\">Tiefschlaf<\/a>phase und wird oft als &ldquo;paradoxer Schlaf&rdquo; bezeichnet, da sich die hohe Gehirnaktivit&auml;t nicht im Bewegungsverhalten widerspiegelt. Ein Mangel an REM-Schlaf kann sich auf das Ged&auml;chtnis und die psychische Ausgeglichenheit auswirken.<span class=\"uJ19be notranslate\" data-wiz-uids=\"FVsqhe_4s,FVsqhe_4t\" data-sfc-cb=\"\"><span class=\"vKEkVd\" data-animation-atomic=\"\" data-wiz-attrbind=\"class=FVsqhe_4r\/TKHnVd\"><span aria-hidden=\"true\">&nbsp;<\/span><\/span><\/span><\/div>\n<\/div>\n","protected":false},"excerpt":{"rendered":"<p>Der REM-Schlaf (Rapid Eye Movement) ist die\u00a0traumintensive Phase des Schlafzyklus, gekennzeichnet durch schnelle Augenbewegungen, hohe Gehirnaktivit\u00e4t, gesteigerten Puls und eine fast vollst\u00e4ndige Entspannung der Muskeln\u00a0(Atonie). Er tritt meist im letzten Drittel der Nacht auf, dauert etwa 90-120 Minuten und ist essenziell f\u00fcr die emotionale Verarbeitung, Ged\u00e4chtnisbildung und Kreativit\u00e4t Wichtige Fakten zum REM-Schlaf: Traumschlaf:\u00a0In dieser Phase &#8230; <a title=\"REM-Schlaf\" class=\"read-more\" href=\"https:\/\/www.vitalibera.org\/community\/enzyklopaedie\/rem-schlaf\/\" aria-label=\"Mehr Informationen \u00fcber REM-Schlaf\">Weiterlesen<\/a><\/p>\n","protected":false},"author":1,"template":"","encyclopedia-tag":[],"class_list":["post-6188","encyclopedia","type-encyclopedia","status-publish","hentry"],"yoast_head":"<!-- This site is optimized with the Yoast SEO plugin v27.4 - https:\/\/yoast.com\/product\/yoast-seo-wordpress\/ -->\r\n<title>REM-Schlaf - vitalibera.org<\/title>\r\n<meta name=\"description\" content=\"Der REM-Schlaf (Rapid Eye Movement) ist die\u00a0traumintensive Phase des Schlafzyklus, gekennzeichnet durch schnelle Augenbewegungen, hohe Gehirnaktivit\u00e4t, gesteigerten Puls und eine fast vollst\u00e4ndige Entspannung der Muskeln\u00a0(Atonie). Er tritt meist im letzten Drittel der Nacht auf, dauert etwa 90-120 Minuten und ist essenziell f\u00fcr die emotionale Verarbeitung, Ged\u00e4chtnisbildung und Kreativit\u00e4t\" \/>\r\n<meta name=\"robots\" content=\"index, follow, max-snippet:-1, max-image-preview:large, max-video-preview:-1\" \/>\r\n<link rel=\"canonical\" href=\"http:\/\/www.vitalibera.org\/community\/enzyklopaedie\/rem-schlaf\/\" \/>\r\n<meta property=\"og:locale\" content=\"de_DE\" \/>\r\n<meta property=\"og:type\" content=\"article\" \/>\r\n<meta property=\"og:title\" content=\"REM-Schlaf - vitalibera.org\" \/>\r\n<meta property=\"og:description\" content=\"Der REM-Schlaf (Rapid Eye Movement) ist die\u00a0traumintensive Phase des Schlafzyklus, gekennzeichnet durch schnelle Augenbewegungen, hohe Gehirnaktivit\u00e4t, gesteigerten Puls und eine fast vollst\u00e4ndige Entspannung der Muskeln\u00a0(Atonie). Er tritt meist im letzten Drittel der Nacht auf, dauert etwa 90-120 Minuten und ist essenziell f\u00fcr die emotionale Verarbeitung, Ged\u00e4chtnisbildung und Kreativit\u00e4t\" \/>\r\n<meta property=\"og:url\" content=\"http:\/\/www.vitalibera.org\/community\/enzyklopaedie\/rem-schlaf\/\" \/>\r\n<meta property=\"og:site_name\" content=\"vitalibera.org\" \/>\r\n<meta property=\"article:publisher\" content=\"https:\/\/www.facebook.com\/groups\/2997085857140235\" \/>\r\n<meta name=\"twitter:card\" content=\"summary_large_image\" \/>\r\n<meta name=\"twitter:label1\" content=\"Gesch\u00e4tzte Lesezeit\" \/>\n\t<meta name=\"twitter:data1\" content=\"1\u00a0Minute\" \/>\r\n<script type=\"application\/ld+json\" class=\"yoast-schema-graph\">{\"@context\":\"https:\\\/\\\/schema.org\",\"@graph\":[{\"@type\":\"WebPage\",\"@id\":\"http:\\\/\\\/www.vitalibera.org\\\/community\\\/enzyklopaedie\\\/rem-schlaf\\\/\",\"url\":\"http:\\\/\\\/www.vitalibera.org\\\/community\\\/enzyklopaedie\\\/rem-schlaf\\\/\",\"name\":\"REM-Schlaf - vitalibera.org\",\"isPartOf\":{\"@id\":\"https:\\\/\\\/www.vitalibera.org\\\/community\\\/#website\"},\"datePublished\":\"2026-03-17T13:58:39+00:00\",\"description\":\"Der REM-Schlaf (Rapid Eye Movement) ist die\u00a0traumintensive Phase des Schlafzyklus, gekennzeichnet durch schnelle Augenbewegungen, hohe Gehirnaktivit\u00e4t, gesteigerten Puls und eine fast vollst\u00e4ndige Entspannung der Muskeln\u00a0(Atonie). Er tritt meist im letzten Drittel der Nacht auf, dauert etwa 90-120 Minuten und ist essenziell f\u00fcr die emotionale Verarbeitung, Ged\u00e4chtnisbildung und Kreativit\u00e4t\",\"breadcrumb\":{\"@id\":\"http:\\\/\\\/www.vitalibera.org\\\/community\\\/enzyklopaedie\\\/rem-schlaf\\\/#breadcrumb\"},\"inLanguage\":\"de\",\"potentialAction\":[{\"@type\":\"ReadAction\",\"target\":[\"http:\\\/\\\/www.vitalibera.org\\\/community\\\/enzyklopaedie\\\/rem-schlaf\\\/\"]}]},{\"@type\":\"BreadcrumbList\",\"@id\":\"http:\\\/\\\/www.vitalibera.org\\\/community\\\/enzyklopaedie\\\/rem-schlaf\\\/#breadcrumb\",\"itemListElement\":[{\"@type\":\"ListItem\",\"position\":1,\"name\":\"Startseite\",\"item\":\"https:\\\/\\\/www.vitalibera.org\\\/community\\\/\"},{\"@type\":\"ListItem\",\"position\":2,\"name\":\"Glossar\",\"item\":\"https:\\\/\\\/www.vitalibera.org\\\/community\\\/enzyklopaedie\\\/\"},{\"@type\":\"ListItem\",\"position\":3,\"name\":\"REM-Schlaf\"}]},{\"@type\":\"WebSite\",\"@id\":\"https:\\\/\\\/www.vitalibera.org\\\/community\\\/#website\",\"url\":\"https:\\\/\\\/www.vitalibera.org\\\/community\\\/\",\"name\":\"vitalibera.org\",\"description\":\"Mit einer Einschr&auml;nkung gestaltet sich das Leben im Alltag oft schwieriger - hier berichten wir &uuml;ber unsere Erfahrungen und Hilfsmittel um den Alltag so unbeschwert und unkompliziert wie nur m&ouml;glich geniessen zu k&ouml;nnen. Dabei richten wir unseren Fokus gezielt auf Selbst&auml;ndigkeit, Eigenst&auml;ndigkeit und Selbstbestimmung.\",\"publisher\":{\"@id\":\"https:\\\/\\\/www.vitalibera.org\\\/community\\\/#organization\"},\"potentialAction\":[{\"@type\":\"SearchAction\",\"target\":{\"@type\":\"EntryPoint\",\"urlTemplate\":\"https:\\\/\\\/www.vitalibera.org\\\/community\\\/?s={search_term_string}\"},\"query-input\":{\"@type\":\"PropertyValueSpecification\",\"valueRequired\":true,\"valueName\":\"search_term_string\"}}],\"inLanguage\":\"de\"},{\"@type\":\"Organization\",\"@id\":\"https:\\\/\\\/www.vitalibera.org\\\/community\\\/#organization\",\"name\":\"vitalibera.org\",\"url\":\"https:\\\/\\\/www.vitalibera.org\\\/community\\\/\",\"logo\":{\"@type\":\"ImageObject\",\"inLanguage\":\"de\",\"@id\":\"https:\\\/\\\/www.vitalibera.org\\\/community\\\/#\\\/schema\\\/logo\\\/image\\\/\",\"url\":\"https:\\\/\\\/www.vitalibera.org\\\/community\\\/wp-content\\\/uploads\\\/2025\\\/09\\\/cropped-banner.png\",\"contentUrl\":\"https:\\\/\\\/www.vitalibera.org\\\/community\\\/wp-content\\\/uploads\\\/2025\\\/09\\\/cropped-banner.png\",\"width\":991,\"height\":150,\"caption\":\"vitalibera.org\"},\"image\":{\"@id\":\"https:\\\/\\\/www.vitalibera.org\\\/community\\\/#\\\/schema\\\/logo\\\/image\\\/\"},\"sameAs\":[\"https:\\\/\\\/www.facebook.com\\\/groups\\\/2997085857140235\"]}]}<\/script>\r\n<!-- \/ Yoast SEO plugin. -->","yoast_head_json":{"title":"REM-Schlaf - vitalibera.org","description":"Der REM-Schlaf (Rapid Eye Movement) ist die\u00a0traumintensive Phase des Schlafzyklus, gekennzeichnet durch schnelle Augenbewegungen, hohe Gehirnaktivit\u00e4t, gesteigerten Puls und eine fast vollst\u00e4ndige Entspannung der Muskeln\u00a0(Atonie). Er tritt meist im letzten Drittel der Nacht auf, dauert etwa 90-120 Minuten und ist essenziell f\u00fcr die emotionale Verarbeitung, Ged\u00e4chtnisbildung und Kreativit\u00e4t","robots":{"index":"index","follow":"follow","max-snippet":"max-snippet:-1","max-image-preview":"max-image-preview:large","max-video-preview":"max-video-preview:-1"},"canonical":"http:\/\/www.vitalibera.org\/community\/enzyklopaedie\/rem-schlaf\/","og_locale":"de_DE","og_type":"article","og_title":"REM-Schlaf - vitalibera.org","og_description":"Der REM-Schlaf (Rapid Eye Movement) ist die\u00a0traumintensive Phase des Schlafzyklus, gekennzeichnet durch schnelle Augenbewegungen, hohe Gehirnaktivit\u00e4t, gesteigerten Puls und eine fast vollst\u00e4ndige Entspannung der Muskeln\u00a0(Atonie). Er tritt meist im letzten Drittel der Nacht auf, dauert etwa 90-120 Minuten und ist essenziell f\u00fcr die emotionale Verarbeitung, Ged\u00e4chtnisbildung und Kreativit\u00e4t","og_url":"http:\/\/www.vitalibera.org\/community\/enzyklopaedie\/rem-schlaf\/","og_site_name":"vitalibera.org","article_publisher":"https:\/\/www.facebook.com\/groups\/2997085857140235","twitter_card":"summary_large_image","twitter_misc":{"Gesch\u00e4tzte Lesezeit":"1\u00a0Minute"},"schema":{"@context":"https:\/\/schema.org","@graph":[{"@type":"WebPage","@id":"http:\/\/www.vitalibera.org\/community\/enzyklopaedie\/rem-schlaf\/","url":"http:\/\/www.vitalibera.org\/community\/enzyklopaedie\/rem-schlaf\/","name":"REM-Schlaf - vitalibera.org","isPartOf":{"@id":"https:\/\/www.vitalibera.org\/community\/#website"},"datePublished":"2026-03-17T13:58:39+00:00","description":"Der REM-Schlaf (Rapid Eye Movement) ist die\u00a0traumintensive Phase des Schlafzyklus, gekennzeichnet durch schnelle Augenbewegungen, hohe Gehirnaktivit\u00e4t, gesteigerten Puls und eine fast vollst\u00e4ndige Entspannung der Muskeln\u00a0(Atonie). Er tritt meist im letzten Drittel der Nacht auf, dauert etwa 90-120 Minuten und ist essenziell f\u00fcr die emotionale Verarbeitung, Ged\u00e4chtnisbildung und Kreativit\u00e4t","breadcrumb":{"@id":"http:\/\/www.vitalibera.org\/community\/enzyklopaedie\/rem-schlaf\/#breadcrumb"},"inLanguage":"de","potentialAction":[{"@type":"ReadAction","target":["http:\/\/www.vitalibera.org\/community\/enzyklopaedie\/rem-schlaf\/"]}]},{"@type":"BreadcrumbList","@id":"http:\/\/www.vitalibera.org\/community\/enzyklopaedie\/rem-schlaf\/#breadcrumb","itemListElement":[{"@type":"ListItem","position":1,"name":"Startseite","item":"https:\/\/www.vitalibera.org\/community\/"},{"@type":"ListItem","position":2,"name":"Glossar","item":"https:\/\/www.vitalibera.org\/community\/enzyklopaedie\/"},{"@type":"ListItem","position":3,"name":"REM-Schlaf"}]},{"@type":"WebSite","@id":"https:\/\/www.vitalibera.org\/community\/#website","url":"https:\/\/www.vitalibera.org\/community\/","name":"vitalibera.org","description":"Mit einer Einschr&auml;nkung gestaltet sich das Leben im Alltag oft schwieriger - hier berichten wir &uuml;ber unsere Erfahrungen und Hilfsmittel um den Alltag so unbeschwert und unkompliziert wie nur m&ouml;glich geniessen zu k&ouml;nnen. Dabei richten wir unseren Fokus gezielt auf Selbst&auml;ndigkeit, Eigenst&auml;ndigkeit und Selbstbestimmung.","publisher":{"@id":"https:\/\/www.vitalibera.org\/community\/#organization"},"potentialAction":[{"@type":"SearchAction","target":{"@type":"EntryPoint","urlTemplate":"https:\/\/www.vitalibera.org\/community\/?s={search_term_string}"},"query-input":{"@type":"PropertyValueSpecification","valueRequired":true,"valueName":"search_term_string"}}],"inLanguage":"de"},{"@type":"Organization","@id":"https:\/\/www.vitalibera.org\/community\/#organization","name":"vitalibera.org","url":"https:\/\/www.vitalibera.org\/community\/","logo":{"@type":"ImageObject","inLanguage":"de","@id":"https:\/\/www.vitalibera.org\/community\/#\/schema\/logo\/image\/","url":"https:\/\/www.vitalibera.org\/community\/wp-content\/uploads\/2025\/09\/cropped-banner.png","contentUrl":"https:\/\/www.vitalibera.org\/community\/wp-content\/uploads\/2025\/09\/cropped-banner.png","width":991,"height":150,"caption":"vitalibera.org"},"image":{"@id":"https:\/\/www.vitalibera.org\/community\/#\/schema\/logo\/image\/"},"sameAs":["https:\/\/www.facebook.com\/groups\/2997085857140235"]}]}},"jetpack_sharing_enabled":true,"_links":{"self":[{"href":"https:\/\/www.vitalibera.org\/community\/wp-json\/wp\/v2\/encyclopedia\/6188","targetHints":{"allow":["GET"]}}],"collection":[{"href":"https:\/\/www.vitalibera.org\/community\/wp-json\/wp\/v2\/encyclopedia"}],"about":[{"href":"https:\/\/www.vitalibera.org\/community\/wp-json\/wp\/v2\/types\/encyclopedia"}],"author":[{"embeddable":true,"href":"https:\/\/www.vitalibera.org\/community\/wp-json\/wp\/v2\/users\/1"}],"wp:attachment":[{"href":"https:\/\/www.vitalibera.org\/community\/wp-json\/wp\/v2\/media?parent=6188"}],"wp:term":[{"taxonomy":"encyclopedia-tag","embeddable":true,"href":"https:\/\/www.vitalibera.org\/community\/wp-json\/wp\/v2\/encyclopedia-tag?post=6188"}],"curies":[{"name":"wp","href":"https:\/\/api.w.org\/{rel}","templated":true}]}}