{"id":6189,"date":"2026-03-17T15:01:27","date_gmt":"2026-03-17T14:01:27","guid":{"rendered":"https:\/\/www.vitalibera.org\/community\/?post_type=encyclopedia&#038;p=6189"},"modified":"2026-03-17T15:01:27","modified_gmt":"2026-03-17T14:01:27","slug":"tiefschlaf","status":"publish","type":"encyclopedia","link":"https:\/\/www.vitalibera.org\/community\/enzyklopaedie\/tiefschlaf\/","title":{"rendered":"Tiefschlaf"},"content":{"rendered":"<div class=\"Y3BBE\" data-sfc-cp=\"\" data-sfc-cb=\"\" data-hveid=\"CAEIABAC\">Tiefschlaf ist die&nbsp;<mark class=\"HxTRcb\" data-sfc-cb=\"\">erholsamste Phase des Schlafzyklus (N<a href=\"https:\/\/www.vitalibera.org\/community\/enzyklopaedie\/rem-schlaf\/\" target=\"_self\" title=\"Der REM-Schlaf (Rapid Eye Movement) ist die&nbsp;traumintensive Phase des Schlafzyklus, gekennzeichnet durch schnelle Augenbewegungen, hohe Gehirnaktivit&auml;t, gesteigerten Puls und eine fast vollst&auml;ndige Entspannung der Muskeln&nbsp;(Atonie). Er tritt meist im letzten Drittel der Nacht auf, dauert etwa 90-120 Minuten und ist essenziell f&uuml;r die emotionale Verarbeitung, Ged&auml;chtnisbildung und Kreativit&auml;t Wichtige Fakten zum REM-Schlaf: Traumschlaf:&nbsp;In dieser Phase&hellip;\" class=\"encyclopedia\">REM-Schlaf<\/a>stadium N3), in der sich K&ouml;rper und Gehirn regenerieren, Zellen erneuern und das Immunsystem gest&auml;rkt wird<\/mark>. In dieser Zeit sind Puls, Atmung und Gehirnaktivit&auml;t stark verlangsamt, w&auml;hrend der K&ouml;rper meist regungslos ist. Tiefschlaf ist essenziell f&uuml;r die Verarbeitung von Informationen, Ged&auml;chtnisbildung und k&ouml;rperliche Reparaturprozesse.<\/div>\n<div data-sfc-cp=\"\" data-sfc-cb=\"\" data-hveid=\"CAEIABAC\"><\/div>\n<div class=\"Y3BBE\" data-sfc-cp=\"\" data-sfc-cb=\"\" data-hveid=\"CAEIABAC\"><strong class=\"Yjhzub\" data-sfc-cb=\"\">Wichtige Fakten zum Tiefschlaf:<\/strong><\/div>\n<div class=\"Y3BBE\" data-sfc-cp=\"\" data-sfc-cb=\"\" data-hveid=\"CAEIABAG\"><\/div>\n<ul>\n<li><span class=\"T286Pc\" data-sfc-cp=\"\" data-sfc-cb=\"\"><strong class=\"Yjhzub\" data-sfc-cb=\"\">Zeitpunkt &amp; Dauer:<\/strong>&nbsp;Die ersten Tiefschlafphasen treten meist in der ersten Nachth&auml;lfte auf und dauern im Schnitt 30 Minuten, wobei sie im Laufe der Nacht k&uuml;rzer werden.<\/span><\/li>\n<li><span class=\"T286Pc\" data-sfc-cp=\"\" data-sfc-cb=\"\"><strong class=\"Yjhzub\" data-sfc-cb=\"\">Anteil:<\/strong> Etwa 15&ndash;20 % der gesamten Schlafzeit bei Erwachsenen sollte auf den Tiefschlaf entfallen<\/span><\/li>\n<li><span class=\"T286Pc\" data-sfc-cp=\"\" data-sfc-cb=\"\"><strong class=\"Yjhzub\" data-sfc-cb=\"\">K&ouml;rperliche Merkmale:<\/strong>&nbsp;Maximale Entspannung der Muskeln, geringste Hirnstromfrequenz, sinkende K&ouml;rpertemperatur.<\/span><\/li>\n<li><span class=\"T286Pc\" data-sfc-cp=\"\" data-sfc-cb=\"\"><strong class=\"Yjhzub\" data-sfc-cb=\"\">Funktion:<\/strong> Wachstums<a href=\"https:\/\/www.vitalibera.org\/community\/enzyklopaedie\/hormon\/\" target=\"_self\" title=\"Hormone sind k&ouml;rpereigene chemische Botenstoffe, die von verschiedenen Dr&uuml;sen und Zellen produziert und &uuml;ber das Blut im K&ouml;rper verteilt werden, um Signale zwischen Zellen zu &uuml;bertragen.&nbsp;Sie sind f&uuml;r viele lebenswichtige Prozesse wie Wachstum, Stoffwechsel, Fortpflanzung, Blutdruck und Stimmung verantwortlich und wirken auf spezifische Zielzellen, indem sie deren Funktionen beeinflussen.&nbsp;Beispiele sind Insulin zur Blutzuckerregulation oder Adrenalin&hellip;\" class=\"encyclopedia\">hormon<\/a>e werden ausgesch&uuml;ttet, das Gehirn reinigt sich von Stoffwechselprodukten.<\/span><\/li>\n<\/ul>\n<div id=\"sdh_Il65acfIH8Hq7_UP1OusqAM_2\"><\/div>\n<div id=\"sdh_Il65acfIH8Hq7_UP1OusqAM_3\">\n<div class=\"Y3BBE\" data-sfc-cp=\"\" data-sfc-cb=\"\" data-hveid=\"CAEIARAA\"><strong class=\"Yjhzub\" data-sfc-cb=\"\"><span data-wiz-uids=\"skTQcf_3o\" data-sfc-cb=\"\">Tiefschlaf verbessern<\/span>:<\/strong><\/div>\n<ul class=\"KsbFXc U6u95\" data-sfc-cb=\"\">\n<li class=\"dF3vjf\" data-sfc-cb=\"\" data-hveid=\"CAEIARAD\"><span class=\"T286Pc\" data-sfc-cp=\"\" data-sfc-cb=\"\"><strong class=\"Yjhzub\" data-sfc-cb=\"\">Regelm&auml;&szlig;igkeit:<\/strong>&nbsp;Zu &auml;hnlichen Zeiten ins Bett gehen und aufstehen.<\/span><\/li>\n<li class=\"dF3vjf\" data-sfc-cb=\"\" data-hveid=\"CAEIARAE\"><span class=\"T286Pc\" data-sfc-cp=\"\" data-sfc-cb=\"\"><strong class=\"Yjhzub\" data-sfc-cb=\"\">Abendroutine:<\/strong>&nbsp;Stress und grelles Licht (Bildschirme) mindestens eine Stunde vor dem Schlafen vermeiden.<\/span><\/li>\n<li class=\"dF3vjf\" data-sfc-cb=\"\" data-hveid=\"CAEIARAF\"><span class=\"T286Pc\" data-sfc-cp=\"\" data-sfc-cb=\"\"><strong class=\"Yjhzub\" data-sfc-cb=\"\">Schlafumgebung:<\/strong>&nbsp;Ein dunkles, ruhiges und k&uuml;hles Schlafzimmer (ca. 16&ndash;18 &deg;C) f&ouml;rdert die Regeneration.<\/span><\/li>\n<li class=\"dF3vjf\" data-sfc-cb=\"\" data-hveid=\"CAEIARAG\"><span class=\"T286Pc\" data-sfc-cp=\"\" data-sfc-cb=\"\"><strong class=\"Yjhzub\" data-sfc-cb=\"\">Ern&auml;hrung\/Sport:<\/strong>&nbsp;Nicht zu sp&auml;t schwer essen, Koffein am Nachmittag meiden und tags&uuml;ber k&ouml;rperlich aktiv sein.<\/span><span class=\"uJ19be notranslate\" data-wiz-uids=\"skTQcf_46,skTQcf_47\" data-sfc-cb=\"\"><span class=\"vKEkVd\" data-animation-atomic=\"\" data-wiz-attrbind=\"class=skTQcf_45\/TKHnVd\"><span aria-hidden=\"true\">&nbsp;<\/span><\/span><\/span><\/li>\n<\/ul>\n<div class=\"Y3BBE\" data-sfc-cp=\"\" data-sfc-cb=\"\" data-hveid=\"CAEIARAJ\">Ein Mangel an Tiefschlaf kann sich durch Tagesm&uuml;digkeit, Konzentrationsschw&auml;che, geschw&auml;chtes Immunsystem und Stimmungsschwankungen <a href=\"https:\/\/www.vitalibera.org\/community\/enzyklopaedie\/bem\/\" target=\"_self\" title=\"Das&nbsp;Betriebliche Eingliederungsmanagement&nbsp;(BEM) ist ein gesetzlich vorgeschriebenes Verfahren (&sect; 167 Abs. 2 SGB IX) in Deutschland. Es verpflichtet Arbeitgeber, Besch&auml;ftigten, die innerhalb eines Jahres l&auml;nger als sechs Wochen ununterbrochen oder wiederholt arbeitsunf&auml;hig sind, Ma&szlig;nahmen anzubieten, um Arbeitsunf&auml;higkeit zu &uuml;berwinden, erneuter vorzubeugen und den Arbeitsplatz zu erhalten.\" class=\"encyclopedia\">bem<\/a>erkbar machen.<span class=\"uJ19be notranslate\" data-wiz-uids=\"skTQcf_4c,skTQcf_4d\" data-sfc-cb=\"\"><span class=\"vKEkVd\" data-animation-atomic=\"\" data-wiz-attrbind=\"class=skTQcf_4b\/TKHnVd\"><span aria-hidden=\"true\">&nbsp;<\/span><\/span><\/span><\/div>\n<\/div>\n","protected":false},"excerpt":{"rendered":"<p>Tiefschlaf ist die\u00a0erholsamste Phase des Schlafzyklus (NREM-Schlafstadium N3), in der sich K\u00f6rper und Gehirn regenerieren, Zellen erneuern und das Immunsystem gest\u00e4rkt wird. In dieser Zeit sind Puls, Atmung und Gehirnaktivit\u00e4t stark verlangsamt, w\u00e4hrend der K\u00f6rper meist regungslos ist. Tiefschlaf ist essenziell f\u00fcr die Verarbeitung von Informationen, Ged\u00e4chtnisbildung und k\u00f6rperliche Reparaturprozesse. Wichtige Fakten zum Tiefschlaf: Zeitpunkt &#8230; <a title=\"Tiefschlaf\" class=\"read-more\" href=\"https:\/\/www.vitalibera.org\/community\/enzyklopaedie\/tiefschlaf\/\" aria-label=\"Mehr Informationen \u00fcber Tiefschlaf\">Weiterlesen<\/a><\/p>\n","protected":false},"author":1,"template":"","encyclopedia-tag":[],"class_list":["post-6189","encyclopedia","type-encyclopedia","status-publish","hentry"],"yoast_head":"<!-- This site is optimized with the Yoast SEO plugin v27.4 - https:\/\/yoast.com\/product\/yoast-seo-wordpress\/ -->\r\n<title>Tiefschlaf - vitalibera.org<\/title>\r\n<meta name=\"description\" content=\"Tiefschlaf ist die\u00a0erholsamste Phase des Schlafzyklus (NREM-Schlafstadium N3), in der sich K\u00f6rper und Gehirn regenerieren, Zellen erneuern und das Immunsystem gest\u00e4rkt wird. In dieser Zeit sind Puls, Atmung und Gehirnaktivit\u00e4t stark verlangsamt, w\u00e4hrend der K\u00f6rper meist regungslos ist. Tiefschlaf ist essenziell f\u00fcr die Verarbeitung von Informationen, Ged\u00e4chtnisbildung und k\u00f6rperliche Reparaturprozesse.\" \/>\r\n<meta name=\"robots\" content=\"index, follow, max-snippet:-1, max-image-preview:large, max-video-preview:-1\" \/>\r\n<link rel=\"canonical\" href=\"http:\/\/www.vitalibera.org\/community\/enzyklopaedie\/tiefschlaf\/\" \/>\r\n<meta property=\"og:locale\" content=\"de_DE\" \/>\r\n<meta property=\"og:type\" content=\"article\" \/>\r\n<meta property=\"og:title\" content=\"Tiefschlaf - vitalibera.org\" \/>\r\n<meta property=\"og:description\" content=\"Tiefschlaf ist die\u00a0erholsamste Phase des Schlafzyklus (NREM-Schlafstadium N3), in der sich K\u00f6rper und Gehirn regenerieren, Zellen erneuern und das Immunsystem gest\u00e4rkt wird. In dieser Zeit sind Puls, Atmung und Gehirnaktivit\u00e4t stark verlangsamt, w\u00e4hrend der K\u00f6rper meist regungslos ist. Tiefschlaf ist essenziell f\u00fcr die Verarbeitung von Informationen, Ged\u00e4chtnisbildung und k\u00f6rperliche Reparaturprozesse.\" \/>\r\n<meta property=\"og:url\" content=\"http:\/\/www.vitalibera.org\/community\/enzyklopaedie\/tiefschlaf\/\" \/>\r\n<meta property=\"og:site_name\" content=\"vitalibera.org\" \/>\r\n<meta property=\"article:publisher\" content=\"https:\/\/www.facebook.com\/groups\/2997085857140235\" \/>\r\n<meta name=\"twitter:card\" content=\"summary_large_image\" \/>\r\n<meta name=\"twitter:label1\" content=\"Gesch\u00e4tzte Lesezeit\" \/>\n\t<meta name=\"twitter:data1\" content=\"2\u00a0Minuten\" \/>\r\n<script type=\"application\/ld+json\" class=\"yoast-schema-graph\">{\"@context\":\"https:\\\/\\\/schema.org\",\"@graph\":[{\"@type\":\"WebPage\",\"@id\":\"http:\\\/\\\/www.vitalibera.org\\\/community\\\/enzyklopaedie\\\/tiefschlaf\\\/\",\"url\":\"http:\\\/\\\/www.vitalibera.org\\\/community\\\/enzyklopaedie\\\/tiefschlaf\\\/\",\"name\":\"Tiefschlaf - vitalibera.org\",\"isPartOf\":{\"@id\":\"https:\\\/\\\/www.vitalibera.org\\\/community\\\/#website\"},\"datePublished\":\"2026-03-17T14:01:27+00:00\",\"description\":\"Tiefschlaf ist die\u00a0erholsamste Phase des Schlafzyklus (NREM-Schlafstadium N3), in der sich K\u00f6rper und Gehirn regenerieren, Zellen erneuern und das Immunsystem gest\u00e4rkt wird. In dieser Zeit sind Puls, Atmung und Gehirnaktivit\u00e4t stark verlangsamt, w\u00e4hrend der K\u00f6rper meist regungslos ist. Tiefschlaf ist essenziell f\u00fcr die Verarbeitung von Informationen, Ged\u00e4chtnisbildung und k\u00f6rperliche Reparaturprozesse.\",\"breadcrumb\":{\"@id\":\"http:\\\/\\\/www.vitalibera.org\\\/community\\\/enzyklopaedie\\\/tiefschlaf\\\/#breadcrumb\"},\"inLanguage\":\"de\",\"potentialAction\":[{\"@type\":\"ReadAction\",\"target\":[\"http:\\\/\\\/www.vitalibera.org\\\/community\\\/enzyklopaedie\\\/tiefschlaf\\\/\"]}]},{\"@type\":\"BreadcrumbList\",\"@id\":\"http:\\\/\\\/www.vitalibera.org\\\/community\\\/enzyklopaedie\\\/tiefschlaf\\\/#breadcrumb\",\"itemListElement\":[{\"@type\":\"ListItem\",\"position\":1,\"name\":\"Startseite\",\"item\":\"https:\\\/\\\/www.vitalibera.org\\\/community\\\/\"},{\"@type\":\"ListItem\",\"position\":2,\"name\":\"Glossar\",\"item\":\"https:\\\/\\\/www.vitalibera.org\\\/community\\\/enzyklopaedie\\\/\"},{\"@type\":\"ListItem\",\"position\":3,\"name\":\"Tiefschlaf\"}]},{\"@type\":\"WebSite\",\"@id\":\"https:\\\/\\\/www.vitalibera.org\\\/community\\\/#website\",\"url\":\"https:\\\/\\\/www.vitalibera.org\\\/community\\\/\",\"name\":\"vitalibera.org\",\"description\":\"Mit einer Einschr&auml;nkung gestaltet sich das Leben im Alltag oft schwieriger - hier berichten wir &uuml;ber unsere Erfahrungen und Hilfsmittel um den Alltag so unbeschwert und unkompliziert wie nur m&ouml;glich geniessen zu k&ouml;nnen. Dabei richten wir unseren Fokus gezielt auf Selbst&auml;ndigkeit, Eigenst&auml;ndigkeit und Selbstbestimmung.\",\"publisher\":{\"@id\":\"https:\\\/\\\/www.vitalibera.org\\\/community\\\/#organization\"},\"potentialAction\":[{\"@type\":\"SearchAction\",\"target\":{\"@type\":\"EntryPoint\",\"urlTemplate\":\"https:\\\/\\\/www.vitalibera.org\\\/community\\\/?s={search_term_string}\"},\"query-input\":{\"@type\":\"PropertyValueSpecification\",\"valueRequired\":true,\"valueName\":\"search_term_string\"}}],\"inLanguage\":\"de\"},{\"@type\":\"Organization\",\"@id\":\"https:\\\/\\\/www.vitalibera.org\\\/community\\\/#organization\",\"name\":\"vitalibera.org\",\"url\":\"https:\\\/\\\/www.vitalibera.org\\\/community\\\/\",\"logo\":{\"@type\":\"ImageObject\",\"inLanguage\":\"de\",\"@id\":\"https:\\\/\\\/www.vitalibera.org\\\/community\\\/#\\\/schema\\\/logo\\\/image\\\/\",\"url\":\"https:\\\/\\\/www.vitalibera.org\\\/community\\\/wp-content\\\/uploads\\\/2025\\\/09\\\/cropped-banner.png\",\"contentUrl\":\"https:\\\/\\\/www.vitalibera.org\\\/community\\\/wp-content\\\/uploads\\\/2025\\\/09\\\/cropped-banner.png\",\"width\":991,\"height\":150,\"caption\":\"vitalibera.org\"},\"image\":{\"@id\":\"https:\\\/\\\/www.vitalibera.org\\\/community\\\/#\\\/schema\\\/logo\\\/image\\\/\"},\"sameAs\":[\"https:\\\/\\\/www.facebook.com\\\/groups\\\/2997085857140235\"]}]}<\/script>\r\n<!-- \/ Yoast SEO plugin. -->","yoast_head_json":{"title":"Tiefschlaf - vitalibera.org","description":"Tiefschlaf ist die\u00a0erholsamste Phase des Schlafzyklus (NREM-Schlafstadium N3), in der sich K\u00f6rper und Gehirn regenerieren, Zellen erneuern und das Immunsystem gest\u00e4rkt wird. In dieser Zeit sind Puls, Atmung und Gehirnaktivit\u00e4t stark verlangsamt, w\u00e4hrend der K\u00f6rper meist regungslos ist. Tiefschlaf ist essenziell f\u00fcr die Verarbeitung von Informationen, Ged\u00e4chtnisbildung und k\u00f6rperliche Reparaturprozesse.","robots":{"index":"index","follow":"follow","max-snippet":"max-snippet:-1","max-image-preview":"max-image-preview:large","max-video-preview":"max-video-preview:-1"},"canonical":"http:\/\/www.vitalibera.org\/community\/enzyklopaedie\/tiefschlaf\/","og_locale":"de_DE","og_type":"article","og_title":"Tiefschlaf - vitalibera.org","og_description":"Tiefschlaf ist die\u00a0erholsamste Phase des Schlafzyklus (NREM-Schlafstadium N3), in der sich K\u00f6rper und Gehirn regenerieren, Zellen erneuern und das Immunsystem gest\u00e4rkt wird. In dieser Zeit sind Puls, Atmung und Gehirnaktivit\u00e4t stark verlangsamt, w\u00e4hrend der K\u00f6rper meist regungslos ist. Tiefschlaf ist essenziell f\u00fcr die Verarbeitung von Informationen, Ged\u00e4chtnisbildung und k\u00f6rperliche Reparaturprozesse.","og_url":"http:\/\/www.vitalibera.org\/community\/enzyklopaedie\/tiefschlaf\/","og_site_name":"vitalibera.org","article_publisher":"https:\/\/www.facebook.com\/groups\/2997085857140235","twitter_card":"summary_large_image","twitter_misc":{"Gesch\u00e4tzte Lesezeit":"2\u00a0Minuten"},"schema":{"@context":"https:\/\/schema.org","@graph":[{"@type":"WebPage","@id":"http:\/\/www.vitalibera.org\/community\/enzyklopaedie\/tiefschlaf\/","url":"http:\/\/www.vitalibera.org\/community\/enzyklopaedie\/tiefschlaf\/","name":"Tiefschlaf - vitalibera.org","isPartOf":{"@id":"https:\/\/www.vitalibera.org\/community\/#website"},"datePublished":"2026-03-17T14:01:27+00:00","description":"Tiefschlaf ist die\u00a0erholsamste Phase des Schlafzyklus (NREM-Schlafstadium N3), in der sich K\u00f6rper und Gehirn regenerieren, Zellen erneuern und das Immunsystem gest\u00e4rkt wird. In dieser Zeit sind Puls, Atmung und Gehirnaktivit\u00e4t stark verlangsamt, w\u00e4hrend der K\u00f6rper meist regungslos ist. Tiefschlaf ist essenziell f\u00fcr die Verarbeitung von Informationen, Ged\u00e4chtnisbildung und k\u00f6rperliche Reparaturprozesse.","breadcrumb":{"@id":"http:\/\/www.vitalibera.org\/community\/enzyklopaedie\/tiefschlaf\/#breadcrumb"},"inLanguage":"de","potentialAction":[{"@type":"ReadAction","target":["http:\/\/www.vitalibera.org\/community\/enzyklopaedie\/tiefschlaf\/"]}]},{"@type":"BreadcrumbList","@id":"http:\/\/www.vitalibera.org\/community\/enzyklopaedie\/tiefschlaf\/#breadcrumb","itemListElement":[{"@type":"ListItem","position":1,"name":"Startseite","item":"https:\/\/www.vitalibera.org\/community\/"},{"@type":"ListItem","position":2,"name":"Glossar","item":"https:\/\/www.vitalibera.org\/community\/enzyklopaedie\/"},{"@type":"ListItem","position":3,"name":"Tiefschlaf"}]},{"@type":"WebSite","@id":"https:\/\/www.vitalibera.org\/community\/#website","url":"https:\/\/www.vitalibera.org\/community\/","name":"vitalibera.org","description":"Mit einer Einschr&auml;nkung gestaltet sich das Leben im Alltag oft schwieriger - hier berichten wir &uuml;ber unsere Erfahrungen und Hilfsmittel um den Alltag so unbeschwert und unkompliziert wie nur m&ouml;glich geniessen zu k&ouml;nnen. Dabei richten wir unseren Fokus gezielt auf Selbst&auml;ndigkeit, Eigenst&auml;ndigkeit und Selbstbestimmung.","publisher":{"@id":"https:\/\/www.vitalibera.org\/community\/#organization"},"potentialAction":[{"@type":"SearchAction","target":{"@type":"EntryPoint","urlTemplate":"https:\/\/www.vitalibera.org\/community\/?s={search_term_string}"},"query-input":{"@type":"PropertyValueSpecification","valueRequired":true,"valueName":"search_term_string"}}],"inLanguage":"de"},{"@type":"Organization","@id":"https:\/\/www.vitalibera.org\/community\/#organization","name":"vitalibera.org","url":"https:\/\/www.vitalibera.org\/community\/","logo":{"@type":"ImageObject","inLanguage":"de","@id":"https:\/\/www.vitalibera.org\/community\/#\/schema\/logo\/image\/","url":"https:\/\/www.vitalibera.org\/community\/wp-content\/uploads\/2025\/09\/cropped-banner.png","contentUrl":"https:\/\/www.vitalibera.org\/community\/wp-content\/uploads\/2025\/09\/cropped-banner.png","width":991,"height":150,"caption":"vitalibera.org"},"image":{"@id":"https:\/\/www.vitalibera.org\/community\/#\/schema\/logo\/image\/"},"sameAs":["https:\/\/www.facebook.com\/groups\/2997085857140235"]}]}},"jetpack_sharing_enabled":true,"_links":{"self":[{"href":"https:\/\/www.vitalibera.org\/community\/wp-json\/wp\/v2\/encyclopedia\/6189","targetHints":{"allow":["GET"]}}],"collection":[{"href":"https:\/\/www.vitalibera.org\/community\/wp-json\/wp\/v2\/encyclopedia"}],"about":[{"href":"https:\/\/www.vitalibera.org\/community\/wp-json\/wp\/v2\/types\/encyclopedia"}],"author":[{"embeddable":true,"href":"https:\/\/www.vitalibera.org\/community\/wp-json\/wp\/v2\/users\/1"}],"wp:attachment":[{"href":"https:\/\/www.vitalibera.org\/community\/wp-json\/wp\/v2\/media?parent=6189"}],"wp:term":[{"taxonomy":"encyclopedia-tag","embeddable":true,"href":"https:\/\/www.vitalibera.org\/community\/wp-json\/wp\/v2\/encyclopedia-tag?post=6189"}],"curies":[{"name":"wp","href":"https:\/\/api.w.org\/{rel}","templated":true}]}}